{"id":4471,"date":"2025-09-17T12:06:25","date_gmt":"2025-09-17T11:06:25","guid":{"rendered":"https:\/\/medicaltravel.ch\/hasta-raporlari\/erfahrungsberichte-behandlungen-tuerkei\/"},"modified":"2026-01-06T13:30:07","modified_gmt":"2026-01-06T12:30:07","slug":"turkiye-de-tedavi-deneyimleri","status":"publish","type":"page","link":"https:\/\/medicaltravel.ch\/tr\/hasta-raporlari\/turkiye-de-tedavi-deneyimleri\/","title":{"rendered":"T\u00fcrkiye\u2019de Tedavi Deneyimleri"},"content":{"rendered":"\t\t<div data-elementor-type=\"wp-page\" data-elementor-id=\"4471\" class=\"elementor elementor-4471 elementor-213\" data-elementor-post-type=\"page\">\n\t\t\t\t<div class=\"elementor-element elementor-element-4e85d156 e-flex e-con-boxed wpr-particle-no wpr-jarallax-no wpr-parallax-no wpr-sticky-section-no wpr-equal-height-no e-con e-parent\" data-id=\"4e85d156\" data-element_type=\"container\" data-e-type=\"container\">\n\t\t\t\t\t<div class=\"e-con-inner\">\n\t\t<div class=\"elementor-element elementor-element-7b83c3f e-con-full e-flex wpr-particle-no wpr-jarallax-no wpr-parallax-no wpr-sticky-section-no wpr-equal-height-no e-con e-child\" data-id=\"7b83c3f\" data-element_type=\"container\" data-e-type=\"container\">\n\t\t\t\t<div class=\"elementor-element elementor-element-600911a elementor-widget elementor-widget-button\" data-id=\"600911a\" data-element_type=\"widget\" data-e-type=\"widget\" data-widget_type=\"button.default\">\n\t\t\t\t\t\t\t\t\t\t<a class=\"elementor-button elementor-button-link elementor-size-sm\" href=\"https:\/\/medicaltravel.ch\/tr\/hasta-raporlari\/video-erfahrungsberichte-patienten-beurteilung-tuerkei-istanbul\/\">\n\t\t\t\t\t\t<span class=\"elementor-button-content-wrapper\">\n\t\t\t\t\t\t\t\t\t<span class=\"elementor-button-text\">videolar<\/span>\n\t\t\t\t\t<\/span>\n\t\t\t\t\t<\/a>\n\t\t\t\t\t\t\t\t<\/div>\n\t\t\t\t<div class=\"elementor-element elementor-element-a725117 elementor-widget elementor-widget-button\" data-id=\"a725117\" data-element_type=\"widget\" data-e-type=\"widget\" data-widget_type=\"button.default\">\n\t\t\t\t\t\t\t\t\t\t<a class=\"elementor-button elementor-button-link elementor-size-sm\" href=\"https:\/\/medicaltravel.ch\/tr\/hasta-raporlari\/erfahrungsberichte-empfehlungen-behandlungen-beurteilung-tuerkei-istanbul\/\">\n\t\t\t\t\t\t<span class=\"elementor-button-content-wrapper\">\n\t\t\t\t\t\t\t\t\t<span class=\"elementor-button-text\">En yeni<\/span>\n\t\t\t\t\t<\/span>\n\t\t\t\t\t<\/a>\n\t\t\t\t\t\t\t\t<\/div>\n\t\t\t\t<div class=\"elementor-element elementor-element-49e9a31 elementor-widget elementor-widget-button\" data-id=\"49e9a31\" data-element_type=\"widget\" data-e-type=\"widget\" data-widget_type=\"button.default\">\n\t\t\t\t\t\t\t\t\t\t<a class=\"elementor-button elementor-button-link elementor-size-sm\" href=\"https:\/\/medicaltravel.ch\/tr\/hasta-raporlari\/erfahrungsberichte-behandlungen-tuerkei\/\">\n\t\t\t\t\t\t<span class=\"elementor-button-content-wrapper\">\n\t\t\t\t\t\t\t\t\t<span class=\"elementor-button-text\">Deneyim raporlar\u0131<\/span>\n\t\t\t\t\t<\/span>\n\t\t\t\t\t<\/a>\n\t\t\t\t\t\t\t\t<\/div>\n\t\t\t\t<div class=\"elementor-element elementor-element-0bb17bc elementor-widget elementor-widget-button\" data-id=\"0bb17bc\" data-element_type=\"widget\" data-e-type=\"widget\" data-widget_type=\"button.default\">\n\t\t\t\t\t\t\t\t\t\t<a class=\"elementor-button elementor-button-link elementor-size-sm\" href=\"https:\/\/medicaltravel.ch\/tr\/hasta-raporlari\/patientenberichte-haartransplantation-tuerkei\/\">\n\t\t\t\t\t\t<span class=\"elementor-button-content-wrapper\">\n\t\t\t\t\t\t\t\t\t<span class=\"elementor-button-text\">Hasta raporlar\u0131<\/span>\n\t\t\t\t\t<\/span>\n\t\t\t\t\t<\/a>\n\t\t\t\t\t\t\t\t<\/div>\n\t\t\t\t<div class=\"elementor-element elementor-element-6d26165 elementor-widget elementor-widget-button\" data-id=\"6d26165\" data-element_type=\"widget\" data-e-type=\"widget\" data-widget_type=\"button.default\">\n\t\t\t\t\t\t\t\t\t\t<a class=\"elementor-button elementor-button-link elementor-size-sm\" href=\"https:\/\/medicaltravel.ch\/tr\/hasta-raporlari\/erfahrungsberichte-schoenheits-op-istanbul\/\">\n\t\t\t\t\t\t<span class=\"elementor-button-content-wrapper\">\n\t\t\t\t\t\t\t\t\t<span class=\"elementor-button-text\">Hasta de\u011ferlendirmeleri<\/span>\n\t\t\t\t\t<\/span>\n\t\t\t\t\t<\/a>\n\t\t\t\t\t\t\t\t<\/div>\n\t\t\t\t<div class=\"elementor-element elementor-element-43953c4 elementor-widget elementor-widget-button\" data-id=\"43953c4\" data-element_type=\"widget\" data-e-type=\"widget\" data-widget_type=\"button.default\">\n\t\t\t\t\t\t\t\t\t\t<a class=\"elementor-button elementor-button-link elementor-size-sm\" href=\"https:\/\/medicaltravel.ch\/tr\/hasta-raporlari\/reviews-augenbehandlungen\/\">\n\t\t\t\t\t\t<span class=\"elementor-button-content-wrapper\">\n\t\t\t\t\t\t\t\t\t<span class=\"elementor-button-text\">Yorumlar<\/span>\n\t\t\t\t\t<\/span>\n\t\t\t\t\t<\/a>\n\t\t\t\t\t\t\t\t<\/div>\n\t\t\t\t<div class=\"elementor-element elementor-element-6071c09 elementor-widget elementor-widget-button\" data-id=\"6071c09\" data-element_type=\"widget\" data-e-type=\"widget\" data-widget_type=\"button.default\">\n\t\t\t\t\t\t\t\t\t\t<a class=\"elementor-button elementor-button-link elementor-size-sm\" href=\"https:\/\/medicaltravel.ch\/tr\/hasta-raporlari\/yasli-hastalarin-raporlari\/\">\n\t\t\t\t\t\t<span class=\"elementor-button-content-wrapper\">\n\t\t\t\t\t\t\t\t\t<span class=\"elementor-button-text\">Ya\u015fl\u0131 hastalar\u0131n raporlar\u0131<\/span>\n\t\t\t\t\t<\/span>\n\t\t\t\t\t<\/a>\n\t\t\t\t\t\t\t\t<\/div>\n\t\t\t\t<\/div>\n\t\t\t\t<div class=\"elementor-element elementor-element-17c80c56 elementor-widget elementor-widget-text-editor\" data-id=\"17c80c56\" data-element_type=\"widget\" data-e-type=\"widget\" data-widget_type=\"text-editor.default\">\n\t\t\t\t\t\t\t\t\t<h2 class=\"wp-block-heading\">PATIENTENBERICHTE 2012<\/h2>\n<ul class=\"wp-block-list\">\n    <li><a href=\"https:\/\/medicaltravel.ch\/tr\/hasta-raporlari\/turkiye-de-tedavi-deneyimleri\/cift-lazer-ameliyati-17-eyluel-2013-sali-tarihli-rapor\/\" data-type=\"page\" data-id=\"822\">\u00c7ift lazer ameliyat\u0131 \u2013 17 Eyl\u00fcl 2013 Sal\u0131 tarihli rapor<\/a><\/li>\n    <li><a href=\"https:\/\/medicaltravel.ch\/tr\/hasta-raporlari\/turkiye-de-tedavi-deneyimleri\/tuerkiyede-lazer-goez-ameliyati-hakkinda-hasta-raporu-25-temmuz-2013-persembe-tarihli-rapor\/\" data-type=\"page\" data-id=\"824\">T\u00fcrkiye&#8217;de lazer g\u00f6z ameliyat\u0131 hakk\u0131nda hasta raporu \u2013 25 Temmuz 2013 Per\u015fembe tarihli rapor<\/a><\/li>\n    <li><a href=\"https:\/\/medicaltravel.ch\/tr\/hasta-raporlari\/turkiye-de-tedavi-deneyimleri\/samuel-muellerin-lazer-goez-ameliyati-icin-istanbul-acibadem-maslak-klinigine-yaptigi-seyahat-raporu-18-temmuz-2013-persembe-tarihli-rapor\/\" data-type=\"page\" data-id=\"826\">Samuel M\u00fcller&#8217;in lazer g\u00f6z ameliyat\u0131 i\u00e7in \u0130stanbul Ac\u0131badem Maslak Klini\u011fi&#8217;ne yapt\u0131\u011f\u0131 seyahat raporu. \u2013 18 Temmuz 2013 Per\u015fembe tarihli rapor. <\/a><\/li>\n    <li><a href=\"https:\/\/medicaltravel.ch\/tr\/hasta-raporlari\/turkiye-de-tedavi-deneyimleri\/silvana-romanonun-istanbulda-lazer-goez-ameliyati-hakkindaki-hasta-raporu-17-temmuz-2013-carsamba-tarihli-rapor\/\" data-type=\"page\" data-id=\"829\">Silvana Romano&#8217;nun \u0130stanbul&#8217;da lazer g\u00f6z ameliyat\u0131 hakk\u0131ndaki hasta raporu \u2013 17 Temmuz 2013 \u00c7ar\u015famba tarihli rapor.<\/a><\/li>\n    <li><a href=\"https:\/\/medicaltravel.ch\/tr\/hasta-raporlari\/turkiye-de-tedavi-deneyimleri\/hasta-raporu-istanbulda-goez-ameliyati-8-temmuz-2013-pazartesi-tarihli-rapor\/\" data-type=\"page\" data-id=\"831\">Hasta raporu: \u0130stanbul&#8217;da g\u00f6z ameliyat\u0131 \u2013 8 Temmuz 2013 Pazartesi tarihli rapor<\/a><\/li>\n    <li><a href=\"https:\/\/medicaltravel.ch\/tr\/hasta-raporlari\/turkiye-de-tedavi-deneyimleri\/istanbulda-meme-kuecueltme-ve-liposuction-ameliyatim-8-temmuz-2013-pazartesi-tarihli-rapor\/\" data-type=\"page\" data-id=\"833\">\u0130stanbul&#8217;da meme k\u00fc\u00e7\u00fcltme ve liposuction ameliyat\u0131m &#8211; 8 Temmuz 2013 Pazartesi tarihli rapor<\/a><\/li>\n    <li><a href=\"https:\/\/medicaltravel.ch\/tr\/hasta-raporlari\/turkiye-de-tedavi-deneyimleri\/swisslasik-araciligiyla-istanbulda-yapilan-goez-ameliyatina-iliskin-deneyim-raporu-18-haziran-2013-sali-tarihli-rapor\/\" data-type=\"page\" data-id=\"835\">Swisslasik arac\u0131l\u0131\u011f\u0131yla \u0130stanbul&#8217;da yap\u0131lan g\u00f6z ameliyat\u0131na ili\u015fkin deneyim raporu \u2013 18 Haziran 2013 Sal\u0131 tarihli rapor<\/a><\/li>\n    <li><a href=\"https:\/\/medicaltravel.ch\/tr\/hasta-raporlari\/turkiye-de-tedavi-deneyimleri\/femto-lasik-deneyimimi-istanbul-tuerkiyede-yasadim-27-mayis-2013-pazartesi-guenue-yazdigim-rapor\/\" data-type=\"page\" data-id=\"837\">Femto LASIK deneyimimi \u0130stanbul, T\u00fcrkiye&#8217;de ya\u015fad\u0131m \u2013 27 May\u0131s 2013 Pazartesi g\u00fcn\u00fc yazd\u0131\u011f\u0131m rapor:<\/a><\/li>\n    <li><a href=\"https:\/\/medicaltravel.ch\/tr\/hasta-raporlari\/turkiye-de-tedavi-deneyimleri\/swisslasik-olmasaydi-bes-kat-daha-fazla-bile-oederdim-12-mart-2013-sali-tarihli-rapor\/\" data-type=\"page\" data-id=\"839\">Swisslasik olmasayd\u0131, be\u015f kat daha fazla bile \u00f6derdim! \u2013 12 Mart 2013 Sal\u0131 tarihli rapor <\/a><\/li>\n    <li><a href=\"https:\/\/medicaltravel.ch\/tr\/hasta-raporlari\/turkiye-de-tedavi-deneyimleri\/istanbulda-gecirdigim-macerali-lazer-goez-ameliyatim-6-mart-2013-carsamba-tarihli-raporum\/\" data-type=\"page\" data-id=\"841\">\u0130stanbul&#8217;da ge\u00e7irdi\u011fim maceral\u0131 lazer g\u00f6z ameliyat\u0131m \u2013 6 Mart 2013 \u00c7ar\u015famba tarihli raporum.<\/a><\/li>\n    <li><a href=\"https:\/\/medicaltravel.ch\/tr\/hasta-raporlari\/turkiye-de-tedavi-deneyimleri\/swisslasik-deneyim-raporu-5-subat-2013-sali-tarihli-rapor\/\" data-type=\"page\" data-id=\"843\">Swisslasik deneyim raporu \u2013 5 \u015eubat 2013 Sal\u0131 tarihli rapor<\/a><\/li>\n    <li><a href=\"https:\/\/medicaltravel.ch\/tr\/hasta-raporlari\/turkiye-de-tedavi-deneyimleri\/farkli-bir-noel-21-ocak-2013-pazartesi-tarihli-rapor\/\" data-type=\"page\" data-id=\"845\">Farkl\u0131 bir Noel \u2013 21 Ocak 2013 Pazartesi tarihli rapor<\/a><\/li>\n    <li><a href=\"https:\/\/medicaltravel.ch\/tr\/hasta-raporlari\/turkiye-de-tedavi-deneyimleri\/en-yueksek-kalite-ve-hizmet-standartlari-15-ocak-2013-sali-tarihli-rapor\/\" data-type=\"page\" data-id=\"847\">En y\u00fcksek kalite ve hizmet standartlar\u0131 \u2013 15 Ocak 2013 Sal\u0131 tarihli rapor<\/a><\/li>\n    <li><a href=\"https:\/\/medicaltravel.ch\/tr\/hasta-raporlari\/turkiye-de-tedavi-deneyimleri\/istanbulda-supracor-ile-yaptirdigim-lazer-tedavisine-dair-deneyim-raporum-19-aralik-2012-carsamba-tarihli-rapor\/\" data-type=\"page\" data-id=\"849\">\u0130stanbul&#8217;da Supracor ile yapt\u0131rd\u0131\u011f\u0131m lazer tedavisine dair deneyim raporum \u2013 19 Aral\u0131k 2012 \u00c7ar\u015famba tarihli rapor.<\/a><\/li>\n    <li><a href=\"https:\/\/medicaltravel.ch\/tr\/hasta-raporlari\/turkiye-de-tedavi-deneyimleri\/istanbulda-femto-lasik-tedavisi-deneyimim-14-kasim-2012-carsamba-tarihli-rapor\/\" data-type=\"page\" data-id=\"851\">\u0130stanbul&#8217;da Femto LASIK tedavisi \u2013 Deneyimim \u2013 14 Kas\u0131m 2012 \u00c7ar\u015famba tarihli rapor<\/a><\/li>\n    <li><a href=\"https:\/\/medicaltravel.ch\/tr\/hasta-raporlari\/turkiye-de-tedavi-deneyimleri\/muekemmel-bakim-organizasyon-harika-bir-hastane-ve-tabii-ki-fiyati-6-kasim-2012-sali-tarihli-rapor\/\" data-type=\"page\" data-id=\"853\">M\u00fckemmel bak\u0131m, organizasyon, harika bir hastane ve tabii ki fiyat\u0131!!! \u2013 6 Kas\u0131m 2012 Sal\u0131 tarihli rapor<\/a><\/li>\n    <li><a href=\"https:\/\/medicaltravel.ch\/tr\/hasta-raporlari\/turkiye-de-tedavi-deneyimleri\/dita-cecchinin-11-eyluel-2012de-istanbulda-goez-ameliyati-geciren-goeruesue-26-ekim-2012-cuma-tarihli-rapor\/\" data-type=\"page\" data-id=\"855\">Dita Cecchin&#8217;in (11 Eyl\u00fcl 2012&#8217;de \u0130stanbul&#8217;da g\u00f6z ameliyat\u0131 ge\u00e7iren) g\u00f6r\u00fc\u015f\u00fc \u2013 26 Ekim 2012 Cuma tarihli rapor<\/a><\/li>\n    <li><a href=\"https:\/\/medicaltravel.ch\/tr\/hasta-raporlari\/turkiye-de-tedavi-deneyimleri\/istanbul-tatili-ve-250-ml-silikon-implantlarla-meme-bueyuetme-ameliyati-15-ekim-2012-pazartesi-tarihli-haber\/\" data-type=\"page\" data-id=\"857\">\u0130stanbul tatili ve 250 ml silikon implantlarla meme b\u00fcy\u00fctme ameliyat\u0131 \u2013 15 Ekim 2012 Pazartesi tarihli haber.<\/a><\/li>\n    <li><a href=\"https:\/\/medicaltravel.ch\/tr\/hasta-raporlari\/turkiye-de-tedavi-deneyimleri\/acibadem-hastanesi-istanbulda-gecirdigim-lazer-goez-ameliyatina-dair-deneyim-raporu-corinne-stoll-tarafindan-14-eyluel-2012-tarihinde-yazilmistir-rapor-10-ekim-2012-carsamba-tarihlidir\/\" data-type=\"page\" data-id=\"859\">Ac\u0131badem Hastanesi, \u0130stanbul&#8217;da ge\u00e7irdi\u011fim lazer g\u00f6z ameliyat\u0131na dair deneyim raporu, Corinne Stoll taraf\u0131ndan 14 Eyl\u00fcl 2012 tarihinde yaz\u0131lm\u0131\u015ft\u0131r: \u2013 Rapor, 10 Ekim 2012 \u00c7ar\u015famba tarihlidir.<\/a><\/li>\n    <li><a href=\"https:\/\/medicaltravel.ch\/tr\/hasta-raporlari\/turkiye-de-tedavi-deneyimleri\/agustos-2012de-istanbulda-goezlerime-lazer-tedavisi-yaptirdigimda-harika-bir-deneyim-yasadim-1-ekim-2012-pazartesi-tarihli-rapor\/\" data-type=\"page\" data-id=\"861\">A\u011fustos 2012&#8217;de \u0130stanbul&#8217;da g\u00f6zlerime lazer tedavisi yapt\u0131rd\u0131\u011f\u0131mda harika bir deneyim ya\u015fad\u0131m \u2013 1 Ekim 2012 Pazartesi tarihli rapor.<\/a><\/li>\n    <li><a href=\"https:\/\/medicaltravel.ch\/tr\/hasta-raporlari\/turkiye-de-tedavi-deneyimleri\/istanbul-acibadem-kliniginde-gecirdigim-ameliyat-26-eyluel-2012-carsamba-tarihli-rapor\/\" data-type=\"page\" data-id=\"863\">\u0130stanbul Ac\u0131badem Klini\u011fi&#8217;nde ge\u00e7irdi\u011fim ameliyat \u2013 26 Eyl\u00fcl 2012 \u00c7ar\u015famba tarihli rapor<\/a><\/li>\n    <li><a href=\"https:\/\/medicaltravel.ch\/tr\/hasta-raporlari\/turkiye-de-tedavi-deneyimleri\/yurtdisinda-lazer-goez-ameliyati-istanbul-26-eyluel-2012-carsamba-tarihli-rapor\/\" data-type=\"page\" data-id=\"869\">Yurtd\u0131\u015f\u0131nda Lazer G\u00f6z Ameliyat\u0131 \u2013 \u0130stanbul \u2013 26 Eyl\u00fcl 2012 \u00c7ar\u015famba tarihli rapor<\/a><\/li>\n    <li><a href=\"https:\/\/medicaltravel.ch\/tr\/hasta-raporlari\/turkiye-de-tedavi-deneyimleri\/deneyim-raporu-yurtdisinda-lasik-tuerkiye-21-eyluel-2012-cuma-tarihli-rapor\/\" data-type=\"page\" data-id=\"871\">Deneyim raporu: Yurtd\u0131\u015f\u0131nda LASIK &#8211; T\u00fcrkiye \u2013 21 Eyl\u00fcl 2012 Cuma tarihli rapor<\/a><\/li>\n    <li><a href=\"https:\/\/medicaltravel.ch\/tr\/hasta-raporlari\/turkiye-de-tedavi-deneyimleri\/istanbulda-21-temmuz-2012-tarihinde-gerceklestirilen-lasik-goez-ameliyatina-iliskin-deneyim-raporu-7-eyluel-2012-cuma-tarihli-rapor\/\" data-type=\"page\" data-id=\"873\">\u0130stanbul&#8217;da 21 Temmuz 2012 tarihinde ger\u00e7ekle\u015ftirilen LASIK g\u00f6z ameliyat\u0131na ili\u015fkin deneyim raporu \u2013 7 Eyl\u00fcl 2012 Cuma tarihli rapor.<\/a><\/li>\n    <li><a href=\"https:\/\/medicaltravel.ch\/tr\/hasta-raporlari\/turkiye-de-tedavi-deneyimleri\/yurtdisinda-lazer-goez-ameliyati-istanbul-9-12-agustos-2012-9-agustos-2012-persembe-tarihli-rapor\/\" data-type=\"page\" data-id=\"889\">Yurtd\u0131\u015f\u0131nda Lazer G\u00f6z Ameliyat\u0131 &#8211; \u0130stanbul \/ 9-12 A\u011fustos 2012 \u2013 9 A\u011fustos 2012 Per\u015fembe tarihli rapor<\/a><\/li>\n    <li><a href=\"https:\/\/medicaltravel.ch\/tr\/hasta-raporlari\/turkiye-de-tedavi-deneyimleri\/antalya-tuerkiyede-medicaltravel-araciligiyla-yaptirdigim-lasik-ameliyatim-2-agustos-2012-persembe-tarihli-rapor\/\" data-type=\"page\" data-id=\"891\">Antalya, T\u00fcrkiye&#8217;de MedicalTravel arac\u0131l\u0131\u011f\u0131yla yapt\u0131rd\u0131\u011f\u0131m LASIK ameliyat\u0131m \u2013 2 A\u011fustos 2012 Per\u015fembe tarihli rapor<\/a><\/li>\n    <li><a href=\"https:\/\/medicaltravel.ch\/tr\/hasta-raporlari\/turkiye-de-tedavi-deneyimleri\/istanbulda-lazer-goez-ameliyati-deneyimim-29-temmuz-2012-pazar-tarihli-rapor\/\" data-type=\"page\" data-id=\"893\">\u0130stanbul&#8217;da lazer g\u00f6z ameliyat\u0131 deneyimim \u2013 29 Temmuz 2012 Pazar tarihli rapor<\/a><\/li>\n    <li><a href=\"https:\/\/medicaltravel.ch\/tr\/hasta-raporlari\/turkiye-de-tedavi-deneyimleri\/antalya-tuerkiyede-gecirdigim-lazer-goez-ameliyati-hakkindaki-deneyim-raporum-13-temmuz-2012-cuma-tarihli-rapor\/\" data-type=\"page\" data-id=\"895\">Antalya, T\u00fcrkiye&#8217;de ge\u00e7irdi\u011fim lazer g\u00f6z ameliyat\u0131 hakk\u0131ndaki deneyim raporum \u2013 13 Temmuz 2012 Cuma tarihli rapor<\/a><\/li>\n    <li><a href=\"https:\/\/medicaltravel.ch\/tr\/hasta-raporlari\/turkiye-de-tedavi-deneyimleri\/sonunda-goezluek-yok-istanbulda-lazer-goez-ameliyati-hakkindaki-hasta-raporum-28-haziran-2012-persembe-tarihli-rapor\/\" data-type=\"page\" data-id=\"897\">Sonunda g\u00f6zl\u00fck yok! \u0130stanbul&#8217;da lazer g\u00f6z ameliyat\u0131 hakk\u0131ndaki hasta raporum \u2013 28 Haziran 2012 Per\u015fembe tarihli rapor. <\/a><\/li>\n    <li><a href=\"https:\/\/medicaltravel.ch\/tr\/hasta-raporlari\/turkiye-de-tedavi-deneyimleri\/sonunda-goezlueksuez-istanbul-acibademde-lazer-goez-ameliyati-26-30-nisan-2012-9-haziran-2012-cumartesi-tarihli-haber\/\" data-type=\"page\" data-id=\"899\">Sonunda g\u00f6zl\u00fcks\u00fcz \u2013 \u0130stanbul Ac\u0131badem&#8217;de lazer g\u00f6z ameliyat\u0131 (26-30 Nisan 2012) \u2013 9 Haziran 2012 Cumartesi tarihli haber<\/a><\/li>\n    <li><a href=\"https:\/\/medicaltravel.ch\/tr\/hasta-raporlari\/turkiye-de-tedavi-deneyimleri\/acibadem-istanbulda-lazer-goez-ameliyati-deneyimim-30-mayis-2012-carsamba-tarihli-rapor\/\" data-type=\"page\" data-id=\"901\">Ac\u0131badem \u0130stanbul&#8217;da lazer g\u00f6z ameliyat\u0131 deneyimim \u2013 30 May\u0131s 2012 \u00c7ar\u015famba tarihli rapor<\/a><\/li>\n    <li><a href=\"https:\/\/medicaltravel.ch\/tr\/hasta-raporlari\/turkiye-de-tedavi-deneyimleri\/goezlueksuez-goerme-hayali-istanbulda-gercek-oldu-18-mayis-2012-cuma-tarihli-haber\/\" data-type=\"page\" data-id=\"903\">G\u00f6zl\u00fcks\u00fcz g\u00f6rme hayali \u0130stanbul&#8217;da ger\u00e7ek oldu\u2026 \u2013 18 May\u0131s 2012 Cuma tarihli haber<\/a><\/li>\n    <li><a href=\"https:\/\/medicaltravel.ch\/tr\/hasta-raporlari\/turkiye-de-tedavi-deneyimleri\/28-31-mart-2012-tarihleri-arasinda-istanbula-seyahat-29-martta-ameliyat-16-mayis-2012-carsamba-tarihli-rapor\/\" data-type=\"page\" data-id=\"909\">28-31 Mart 2012 tarihleri \u200b\u200baras\u0131nda \u0130stanbul&#8217;a seyahat, 29 Mart&#8217;ta ameliyat \u2013 16 May\u0131s 2012 \u00c7ar\u015famba tarihli rapor<\/a><\/li>\n    <li><a href=\"https:\/\/medicaltravel.ch\/tr\/hasta-raporlari\/turkiye-de-tedavi-deneyimleri\/engelsiz-goezlerle-yasamanin-verdigi-yeni-his-paha-bicilmez-6-mayis-2012-pazar-tarihli-rapor\/\" data-type=\"page\" data-id=\"911\">&#8220;Engelsiz&#8221; g\u00f6zlerle ya\u015faman\u0131n verdi\u011fi yeni his paha bi\u00e7ilmez! \u2013 6 May\u0131s 2012 Pazar tarihli rapor <\/a><\/li>\n    <li><a href=\"https:\/\/medicaltravel.ch\/tr\/hasta-raporlari\/turkiye-de-tedavi-deneyimleri\/istanbulda-swisslasikte-yaptirdigim-dis-tedavisiyle-ilgili-rapor-3-mayis-2012-persembe\/\" data-type=\"page\" data-id=\"913\">\u0130stanbul&#8217;da Swisslasik&#8217;te yapt\u0131rd\u0131\u011f\u0131m di\u015f tedavisiyle ilgili rapor &#8211; 3 May\u0131s 2012 Per\u015fembe<\/a><\/li>\n    <li><a href=\"https:\/\/medicaltravel.ch\/tr\/hasta-raporlari\/turkiye-de-tedavi-deneyimleri\/10-sentlik-madeni-parayi-20-sentlik-madeni-paradan-ayirt-etme-25-nisan-2012-carsamba-tarihli-rapor\/\" data-type=\"page\" data-id=\"915\">10 sentlik madeni paray\u0131 20 sentlik madeni paradan ay\u0131rt etme \u2013 25 Nisan 2012 \u00c7ar\u015famba tarihli rapor<\/a><\/li>\n    <li><a href=\"https:\/\/medicaltravel.ch\/tr\/hasta-raporlari\/turkiye-de-tedavi-deneyimleri\/istanbulda-lazer-goez-ameliyati-icin-gecirdigim-suereye-dair-rapor-25-nisan-2012-carsamba\/\" data-type=\"page\" data-id=\"917\">\u0130stanbul&#8217;da lazer g\u00f6z ameliyat\u0131 i\u00e7in ge\u00e7irdi\u011fim s\u00fcreye dair rapor \u2013 25 Nisan 2012 \u00c7ar\u015famba<\/a><\/li>\n    <\/ul>\t\t\t\t\t\t\t\t<\/div>\n\t\t\t\t\t<\/div>\n\t\t\t\t<\/div>\n\t\t\t\t<\/div>\n\t\t","protected":false},"excerpt":{"rendered":"<p>videolar En yeni Deneyim raporlar\u0131 Hasta raporlar\u0131 Hasta de\u011ferlendirmeleri Yorumlar Ya\u015fl\u0131 hastalar\u0131n raporlar\u0131 PATIENTENBERICHTE 2012 \u00c7ift lazer ameliyat\u0131 \u2013 17 Eyl\u00fcl 2013 Sal\u0131 tarihli rapor T\u00fcrkiye&#8217;de lazer g\u00f6z ameliyat\u0131 hakk\u0131nda hasta raporu \u2013 25 Temmuz 2013 Per\u015fembe tarihli rapor Samuel M\u00fcller&#8217;in lazer g\u00f6z ameliyat\u0131 i\u00e7in \u0130stanbul Ac\u0131badem Maslak Klini\u011fi&#8217;ne yapt\u0131\u011f\u0131 seyahat raporu. \u2013 18 Temmuz 2013 Per\u015fembe tarihli rapor. Silvana Romano&#8217;nun \u0130stanbul&#8217;da lazer g\u00f6z ameliyat\u0131 hakk\u0131ndaki hasta raporu \u2013 17 Temmuz 2013 \u00c7ar\u015famba tarihli rapor. Hasta raporu: \u0130stanbul&#8217;da g\u00f6z ameliyat\u0131 \u2013 8 Temmuz 2013 Pazartesi tarihli rapor \u0130stanbul&#8217;da meme k\u00fc\u00e7\u00fcltme ve liposuction ameliyat\u0131m &#8211; 8 Temmuz 2013 Pazartesi tarihli rapor Swisslasik arac\u0131l\u0131\u011f\u0131yla \u0130stanbul&#8217;da yap\u0131lan g\u00f6z ameliyat\u0131na ili\u015fkin deneyim raporu \u2013 18 Haziran 2013 Sal\u0131 tarihli rapor Femto LASIK deneyimimi \u0130stanbul, T\u00fcrkiye&#8217;de ya\u015fad\u0131m \u2013 27 May\u0131s 2013 Pazartesi g\u00fcn\u00fc yazd\u0131\u011f\u0131m rapor: Swisslasik olmasayd\u0131, be\u015f kat daha fazla bile \u00f6derdim! \u2013 12 Mart 2013 Sal\u0131 tarihli rapor \u0130stanbul&#8217;da ge\u00e7irdi\u011fim maceral\u0131 lazer g\u00f6z ameliyat\u0131m \u2013 6 Mart 2013 \u00c7ar\u015famba tarihli raporum. Swisslasik deneyim raporu \u2013 5 \u015eubat 2013 Sal\u0131 tarihli rapor Farkl\u0131 bir Noel \u2013 21 Ocak 2013 Pazartesi tarihli rapor En y\u00fcksek kalite ve hizmet standartlar\u0131 \u2013 15 Ocak 2013 Sal\u0131 tarihli rapor \u0130stanbul&#8217;da Supracor ile yapt\u0131rd\u0131\u011f\u0131m lazer tedavisine dair deneyim raporum \u2013 19 Aral\u0131k 2012 \u00c7ar\u015famba tarihli rapor. \u0130stanbul&#8217;da Femto LASIK tedavisi \u2013 Deneyimim \u2013 14 Kas\u0131m 2012 \u00c7ar\u015famba tarihli rapor M\u00fckemmel bak\u0131m, organizasyon, harika bir hastane ve tabii ki fiyat\u0131!!! \u2013 6 Kas\u0131m 2012 Sal\u0131 tarihli rapor Dita Cecchin&#8217;in (11 Eyl\u00fcl 2012&#8217;de \u0130stanbul&#8217;da g\u00f6z ameliyat\u0131 ge\u00e7iren) g\u00f6r\u00fc\u015f\u00fc \u2013 26 Ekim 2012 Cuma tarihli rapor \u0130stanbul tatili ve 250 ml silikon implantlarla meme b\u00fcy\u00fctme ameliyat\u0131 \u2013 15 Ekim 2012 Pazartesi tarihli haber. Ac\u0131badem Hastanesi, \u0130stanbul&#8217;da ge\u00e7irdi\u011fim lazer g\u00f6z ameliyat\u0131na dair deneyim raporu, Corinne Stoll taraf\u0131ndan 14 Eyl\u00fcl 2012 tarihinde yaz\u0131lm\u0131\u015ft\u0131r: \u2013 Rapor, 10 Ekim 2012 \u00c7ar\u015famba tarihlidir. A\u011fustos 2012&#8217;de \u0130stanbul&#8217;da g\u00f6zlerime lazer tedavisi yapt\u0131rd\u0131\u011f\u0131mda harika bir deneyim ya\u015fad\u0131m \u2013 1 Ekim 2012 Pazartesi tarihli rapor. \u0130stanbul Ac\u0131badem Klini\u011fi&#8217;nde ge\u00e7irdi\u011fim ameliyat \u2013 26 Eyl\u00fcl 2012 \u00c7ar\u015famba tarihli rapor Yurtd\u0131\u015f\u0131nda Lazer G\u00f6z Ameliyat\u0131 \u2013 \u0130stanbul \u2013 26 Eyl\u00fcl 2012 \u00c7ar\u015famba tarihli rapor Deneyim raporu: Yurtd\u0131\u015f\u0131nda LASIK &#8211; T\u00fcrkiye \u2013 21 Eyl\u00fcl 2012 Cuma tarihli rapor \u0130stanbul&#8217;da 21 Temmuz 2012 tarihinde ger\u00e7ekle\u015ftirilen LASIK g\u00f6z ameliyat\u0131na ili\u015fkin deneyim raporu \u2013 7 Eyl\u00fcl 2012 Cuma tarihli rapor. Yurtd\u0131\u015f\u0131nda Lazer G\u00f6z Ameliyat\u0131 &#8211; \u0130stanbul \/ 9-12 A\u011fustos 2012 \u2013 9 A\u011fustos 2012 Per\u015fembe tarihli rapor Antalya, T\u00fcrkiye&#8217;de MedicalTravel arac\u0131l\u0131\u011f\u0131yla yapt\u0131rd\u0131\u011f\u0131m LASIK ameliyat\u0131m \u2013 2 A\u011fustos 2012 Per\u015fembe tarihli rapor \u0130stanbul&#8217;da lazer g\u00f6z ameliyat\u0131 deneyimim \u2013 29 Temmuz 2012 Pazar tarihli rapor Antalya, T\u00fcrkiye&#8217;de ge\u00e7irdi\u011fim lazer g\u00f6z ameliyat\u0131 hakk\u0131ndaki deneyim raporum \u2013 13 Temmuz 2012 Cuma tarihli rapor Sonunda g\u00f6zl\u00fck yok! \u0130stanbul&#8217;da lazer g\u00f6z ameliyat\u0131 hakk\u0131ndaki hasta raporum \u2013 28 Haziran 2012 Per\u015fembe tarihli rapor. Sonunda g\u00f6zl\u00fcks\u00fcz \u2013 \u0130stanbul Ac\u0131badem&#8217;de lazer g\u00f6z ameliyat\u0131 (26-30 Nisan 2012) \u2013 9 Haziran 2012 Cumartesi tarihli haber Ac\u0131badem \u0130stanbul&#8217;da lazer g\u00f6z ameliyat\u0131 deneyimim \u2013 30 May\u0131s 2012 \u00c7ar\u015famba tarihli rapor G\u00f6zl\u00fcks\u00fcz g\u00f6rme hayali \u0130stanbul&#8217;da ger\u00e7ek oldu\u2026 \u2013 18 May\u0131s 2012 Cuma tarihli haber 28-31 Mart 2012 tarihleri \u200b\u200baras\u0131nda \u0130stanbul&#8217;a seyahat, 29 Mart&#8217;ta ameliyat \u2013 16 May\u0131s 2012 \u00c7ar\u015famba tarihli rapor &#8220;Engelsiz&#8221; g\u00f6zlerle ya\u015faman\u0131n verdi\u011fi yeni his paha bi\u00e7ilmez! \u2013 6 May\u0131s 2012 Pazar tarihli rapor \u0130stanbul&#8217;da Swisslasik&#8217;te yapt\u0131rd\u0131\u011f\u0131m di\u015f tedavisiyle ilgili rapor &#8211; 3 May\u0131s 2012 Per\u015fembe 10 sentlik madeni paray\u0131 20 sentlik madeni paradan ay\u0131rt etme \u2013 25 Nisan 2012 \u00c7ar\u015famba tarihli rapor \u0130stanbul&#8217;da lazer g\u00f6z ameliyat\u0131 i\u00e7in ge\u00e7irdi\u011fim s\u00fcreye dair rapor \u2013 25 Nisan 2012 \u00c7ar\u015famba<\/p>\n","protected":false},"author":4,"featured_media":0,"parent":4419,"menu_order":0,"comment_status":"closed","ping_status":"closed","template":"","meta":{"_joinchat":[],"footnotes":""},"class_list":["post-4471","page","type-page","status-publish","hentry"],"acf":[],"_links":{"self":[{"href":"https:\/\/medicaltravel.ch\/tr\/wp-json\/wp\/v2\/pages\/4471","targetHints":{"allow":["GET"]}}],"collection":[{"href":"https:\/\/medicaltravel.ch\/tr\/wp-json\/wp\/v2\/pages"}],"about":[{"href":"https:\/\/medicaltravel.ch\/tr\/wp-json\/wp\/v2\/types\/page"}],"author":[{"embeddable":true,"href":"https:\/\/medicaltravel.ch\/tr\/wp-json\/wp\/v2\/users\/4"}],"replies":[{"embeddable":true,"href":"https:\/\/medicaltravel.ch\/tr\/wp-json\/wp\/v2\/comments?post=4471"}],"version-history":[{"count":0,"href":"https:\/\/medicaltravel.ch\/tr\/wp-json\/wp\/v2\/pages\/4471\/revisions"}],"up":[{"embeddable":true,"href":"https:\/\/medicaltravel.ch\/tr\/wp-json\/wp\/v2\/pages\/4419"}],"wp:attachment":[{"href":"https:\/\/medicaltravel.ch\/tr\/wp-json\/wp\/v2\/media?parent=4471"}],"curies":[{"name":"wp","href":"https:\/\/api.w.org\/{rel}","templated":true}]}}