{"id":4552,"date":"2025-09-24T06:15:39","date_gmt":"2025-09-24T05:15:39","guid":{"rendered":"https:\/\/medicaltravel.ch\/hasta-raporlari\/erfahrungsberichte-behandlungen-tuerkei\/istanbulda-meme-kuecueltme-ve-liposuction-ameliyatim-8-temmuz-2013-pazartesi-tarihli-rapor\/"},"modified":"2026-01-12T19:34:40","modified_gmt":"2026-01-12T18:34:40","slug":"istanbulda-meme-kuecueltme-ve-liposuction-ameliyatim-8-temmuz-2013-pazartesi-tarihli-rapor","status":"publish","type":"page","link":"https:\/\/medicaltravel.ch\/tr\/hasta-raporlari\/turkiye-de-tedavi-deneyimleri\/istanbulda-meme-kuecueltme-ve-liposuction-ameliyatim-8-temmuz-2013-pazartesi-tarihli-rapor\/","title":{"rendered":"\u0130stanbul&#8217;da meme k\u00fc\u00e7\u00fcltme ve liposuction ameliyat\u0131m &#8211; 8 Temmuz 2013 Pazartesi tarihli rapor"},"content":{"rendered":"\n<p>\u0130stanbul&#8217;da meme k\u00fc\u00e7\u00fcltme ve liposuction ameliyat\u0131m &#8211; 8 Temmuz 2013 Pazartesi tarihli rapor<\/p>\n\n\n\n<p>Bir s\u00fcredir g\u00f6\u011f\u00fcs k\u00fc\u00e7\u00fcltme ameliyat\u0131 yapt\u0131rmay\u0131 d\u00fc\u015f\u00fcn\u00fcyordum. Ancak sigorta bunu \u00f6demezdi, bu y\u00fczden param\u0131 biriktirene kadar beklemek zorunda kald\u0131m. SwissLasik&#8217;i bir i\u015f arkada\u015f\u0131m arac\u0131l\u0131\u011f\u0131yla duydum ve \u0130stanbul&#8217;daki estetik cerrahi se\u00e7enekleri hakk\u0131nda bilgi almaya ba\u015flad\u0131m. Beni \u00e7ok iyi bilgilendirdiler ve Z\u00fcrich&#8217;teki bilgi g\u00fcn\u00fcne de kat\u0131ld\u0131m. Ameliyat\u0131 \u0130stanbul\u2019da yapt\u0131rmaya karar vermemin tamamen finansal bir karar oldu\u011funu s\u00f6yleyebilirim. \u00d6nceden birka\u00e7 kez Bay Karaagacli ile ileti\u015fime ge\u00e7tim. Her zaman h\u0131zl\u0131 ve profesyonel cevaplar verdi. Ayr\u0131ca sorular\u0131m ya da taleplerim oldu\u011funda her zaman ilgilendi. Seyahatin t\u00fcm planlamas\u0131 onun \u00fczerinden yap\u0131ld\u0131 ve her \u015fey m\u00fckemmel bir \u015fekilde ger\u00e7ekle\u015fti. SwissLasik ge\u00e7i\u015fiyle kontrollerin saatlerinin yaz\u0131l\u0131 oldu\u011fu bir pas haz\u0131rlad\u0131k, bu \u00e7ok faydal\u0131 oldu. Ayr\u0131ca \u0130stanbul&#8217;da her zaman al\u0131nd\u0131k, bu da %100 do\u011fru bir \u015fekilde ger\u00e7ekle\u015fti. \u0130stanbul\u2019a vard\u0131\u011f\u0131m\u0131zda, Taksim Meydan\u0131&#8217;nda b\u00fcy\u00fck huzursuzluklar oldu\u011fu i\u00e7in otelimizi de\u011fi\u015ftirmemiz gerekti. Di\u011fer otel merkezde de\u011fildi ama yine de g\u00fczel bir konumdayd\u0131. Ancak benimle birlikte olan ki\u015fi birka\u00e7 g\u00fcn yaln\u0131z kalmak zorunda oldu\u011fu i\u00e7in, \u00e7\u00fcnk\u00fc ben ameliyat oldum, havuzlu bir otel istemi\u015ftik, bu da ayarlanabildi. Doktorla yap\u0131lan \u00f6n g\u00f6r\u00fc\u015fme \u0130ngilizce olarak yap\u0131ld\u0131. Ancak her zaman bir terc\u00fcman da sa\u011flanabilirdi. Hastanede birka\u00e7 ki\u015fi Almanca konu\u015fabiliyor. Doktor bana her \u015feyi detayl\u0131 bir \u015fekilde a\u00e7\u0131klad\u0131 ve anestezi doktoruyla da bir g\u00f6r\u00fc\u015fme yap\u0131ld\u0131. Ertesi g\u00fcn \u00f6\u011fle vakti operasyon ba\u015flad\u0131 ve 8 saat s\u00fcrd\u00fc. Ak\u015fam odaya g\u00f6t\u00fcr\u00fcld\u00fcm. Tek ki\u015filik odam vard\u0131. \u0130lk gece \u00e7ok fazla a\u011fr\u0131m vard\u0131 ama personel d\u00fczenli olarak ziyaret etti. Bazen kendimi anla\u015f\u0131lmam\u0131\u015f ve biraz yaln\u0131z hissettim. B\u00f6yle b\u00fcy\u00fck a\u011fr\u0131lar ya\u015farken yabanc\u0131 bir \u00fclkede olmak benim i\u00e7in kolay de\u011fildi ve bunu biraz hafife alm\u0131\u015f\u0131m. Bir gece daha kalmam gerekti. Ameliyat sonras\u0131 \u00e7ok k\u0131r\u0131lgan ve psikolojik olarak biraz zorlanm\u0131\u015f hissettim. B\u00f6yle uzun bir operasyona haz\u0131rl\u0131kl\u0131 de\u011fildim. \u00dc\u00e7\u00fcnc\u00fc g\u00fcn hastaneden \u00e7\u0131k\u0131p otele gittim, \u00e7\u00fcnk\u00fc doktoruma g\u00f6re orada yan\u0131mda birisi olacakt\u0131. Hastaneye iki kez daha kontrol i\u00e7in gitmem gerekti. Transferler her zaman d\u00fczg\u00fcn \u00e7al\u0131\u015ft\u0131. Bu t\u00fcr bir ameliyat\u0131n ard\u0131ndan otelde ge\u00e7irdi\u011fim zaman benim i\u00e7in kolay de\u011fildi. Bu kadar a\u011fr\u0131yla kendi \u00fclkemde olmay\u0131 tercih ederdim. Ama yine de m\u00fcmk\u00fcn oldu, \u00e7\u00fcnk\u00fc yan\u0131mda \u00e7ok iyi bak\u0131ld\u0131m. Bug\u00fcn sonuca \u00e7ok memnunum. Doktor ger\u00e7ekten \u00e7ok iyi bir i\u015f yapt\u0131. Bu t\u00fcr bir operasyonu kesinlikle tavsiye ederim. \u00d6nceden yap\u0131lan haz\u0131rl\u0131klar kesinlikle yap\u0131lmal\u0131. Sonu\u00e7ta bu bir ameliyat ve ne olaca\u011f\u0131n\u0131 tam olarak bilemezsiniz.                                     Doktorlar kesinlikle \u0130svi\u00e7re&#8217;dekilerle ayn\u0131 standartta. Clara B. <\/p>\n\n\n\n<div class=\"wp-block-group is-layout-grid wp-container-core-group-is-layout-baef362d wp-block-group-is-layout-grid\">\n<p><a href=\"https:\/\/medicaltravel.at\/home\/agb\/\" data-type=\"page\" data-id=\"2191\" rel=\"nofollow noopener\" target=\"_blank\"><\/a><a href=\"https:\/\/medicaltravel.ch\/tr\/hasta-raporlari\/turkiye-de-tedavi-deneyimleri\/hasta-raporu-istanbulda-goez-ameliyati-8-temmuz-2013-pazartesi-tarihli-rapor\/\" data-type=\"link\" data-id=\"https:\/\/medicaltravel.ch\/tr\/hasta-raporlari\/turkiye-de-tedavi-deneyimleri\/hasta-raporu-istanbulda-goez-ameliyati-8-temmuz-2013-pazartesi-tarihli-rapor\/\">\u00d6nceki rapor<\/a><\/p>\n\n\n\n<p class=\"has-text-align-right wp-container-content-5e2576f9\"><a href=\"https:\/\/medicaltravel.at\/home\/impressum\/\" data-type=\"page\" data-id=\"2193\" rel=\"nofollow noopener\" target=\"_blank\"><\/a><a href=\"https:\/\/medicaltravel.at\/home\/berichte-von-patienten\/erfahrungsberichte\/erfahrungsbericht-zahnbehandlung-in-istanbul\/\" data-type=\"page\" data-id=\"981\" rel=\"nofollow noopener\" target=\"_blank\"><\/a><a href=\"https:\/\/medicaltravel.ch\/tr\/hasta-raporlari\/turkiye-de-tedavi-deneyimleri\/swisslasik-araciligiyla-istanbulda-yapilan-goez-ameliyatina-iliskin-deneyim-raporu-18-haziran-2013-sali-tarihli-rapor\/\" data-type=\"link\" data-id=\"https:\/\/medicaltravel.ch\/tr\/hasta-raporlari\/turkiye-de-tedavi-deneyimleri\/swisslasik-araciligiyla-istanbulda-yapilan-goez-ameliyatina-iliskin-deneyim-raporu-18-haziran-2013-sali-tarihli-rapor\/\">Bir sonraki rapor<\/a><\/p>\n<\/div>\n","protected":false},"excerpt":{"rendered":"<p>\u0130stanbul&#8217;da meme k\u00fc\u00e7\u00fcltme ve liposuction ameliyat\u0131m &#8211; 8 Temmuz 2013 Pazartesi tarihli rapor Bir s\u00fcredir g\u00f6\u011f\u00fcs k\u00fc\u00e7\u00fcltme ameliyat\u0131 yapt\u0131rmay\u0131 d\u00fc\u015f\u00fcn\u00fcyordum. Ancak sigorta bunu \u00f6demezdi, bu y\u00fczden param\u0131 biriktirene kadar beklemek zorunda kald\u0131m. SwissLasik&#8217;i bir i\u015f arkada\u015f\u0131m arac\u0131l\u0131\u011f\u0131yla duydum ve \u0130stanbul&#8217;daki estetik cerrahi se\u00e7enekleri hakk\u0131nda bilgi almaya ba\u015flad\u0131m. Beni \u00e7ok iyi bilgilendirdiler ve Z\u00fcrich&#8217;teki bilgi g\u00fcn\u00fcne de kat\u0131ld\u0131m. Ameliyat\u0131 \u0130stanbul\u2019da yapt\u0131rmaya karar vermemin tamamen finansal bir karar oldu\u011funu s\u00f6yleyebilirim. \u00d6nceden birka\u00e7 kez Bay Karaagacli ile ileti\u015fime ge\u00e7tim. Her zaman h\u0131zl\u0131 ve profesyonel cevaplar verdi. Ayr\u0131ca sorular\u0131m ya da taleplerim oldu\u011funda her zaman ilgilendi. Seyahatin t\u00fcm planlamas\u0131 onun \u00fczerinden yap\u0131ld\u0131 ve her \u015fey m\u00fckemmel bir \u015fekilde ger\u00e7ekle\u015fti. SwissLasik ge\u00e7i\u015fiyle kontrollerin saatlerinin yaz\u0131l\u0131 oldu\u011fu bir pas haz\u0131rlad\u0131k, bu \u00e7ok faydal\u0131 oldu. Ayr\u0131ca \u0130stanbul&#8217;da her zaman al\u0131nd\u0131k, bu da %100 do\u011fru bir \u015fekilde ger\u00e7ekle\u015fti. \u0130stanbul\u2019a vard\u0131\u011f\u0131m\u0131zda, Taksim Meydan\u0131&#8217;nda b\u00fcy\u00fck huzursuzluklar oldu\u011fu i\u00e7in otelimizi de\u011fi\u015ftirmemiz gerekti. Di\u011fer otel merkezde de\u011fildi ama yine de g\u00fczel bir konumdayd\u0131. Ancak benimle birlikte olan ki\u015fi birka\u00e7 g\u00fcn yaln\u0131z kalmak zorunda oldu\u011fu i\u00e7in, \u00e7\u00fcnk\u00fc ben ameliyat oldum, havuzlu bir otel istemi\u015ftik, bu da ayarlanabildi. Doktorla yap\u0131lan \u00f6n g\u00f6r\u00fc\u015fme \u0130ngilizce olarak yap\u0131ld\u0131. Ancak her zaman bir terc\u00fcman da sa\u011flanabilirdi. Hastanede birka\u00e7 ki\u015fi Almanca konu\u015fabiliyor. Doktor bana her \u015feyi detayl\u0131 bir \u015fekilde a\u00e7\u0131klad\u0131 ve anestezi doktoruyla da bir g\u00f6r\u00fc\u015fme yap\u0131ld\u0131. Ertesi g\u00fcn \u00f6\u011fle vakti operasyon ba\u015flad\u0131 ve 8 saat s\u00fcrd\u00fc. Ak\u015fam odaya g\u00f6t\u00fcr\u00fcld\u00fcm. Tek ki\u015filik odam vard\u0131. \u0130lk gece \u00e7ok fazla a\u011fr\u0131m vard\u0131 ama personel d\u00fczenli olarak ziyaret etti. Bazen kendimi anla\u015f\u0131lmam\u0131\u015f ve biraz yaln\u0131z hissettim. B\u00f6yle b\u00fcy\u00fck a\u011fr\u0131lar ya\u015farken yabanc\u0131 bir \u00fclkede olmak benim i\u00e7in kolay de\u011fildi ve bunu biraz hafife alm\u0131\u015f\u0131m. Bir gece daha kalmam gerekti. Ameliyat sonras\u0131 \u00e7ok k\u0131r\u0131lgan ve psikolojik olarak biraz zorlanm\u0131\u015f hissettim. B\u00f6yle uzun bir operasyona haz\u0131rl\u0131kl\u0131 de\u011fildim. \u00dc\u00e7\u00fcnc\u00fc g\u00fcn hastaneden \u00e7\u0131k\u0131p otele gittim, \u00e7\u00fcnk\u00fc doktoruma g\u00f6re orada yan\u0131mda birisi olacakt\u0131. Hastaneye iki kez daha kontrol i\u00e7in gitmem gerekti. Transferler her zaman d\u00fczg\u00fcn \u00e7al\u0131\u015ft\u0131. Bu t\u00fcr bir ameliyat\u0131n ard\u0131ndan otelde ge\u00e7irdi\u011fim zaman benim i\u00e7in kolay de\u011fildi. Bu kadar a\u011fr\u0131yla kendi \u00fclkemde olmay\u0131 tercih ederdim. Ama yine de m\u00fcmk\u00fcn oldu, \u00e7\u00fcnk\u00fc yan\u0131mda \u00e7ok iyi bak\u0131ld\u0131m. Bug\u00fcn sonuca \u00e7ok memnunum. Doktor ger\u00e7ekten \u00e7ok iyi bir i\u015f yapt\u0131. Bu t\u00fcr bir operasyonu kesinlikle tavsiye ederim. \u00d6nceden yap\u0131lan haz\u0131rl\u0131klar kesinlikle yap\u0131lmal\u0131. Sonu\u00e7ta bu bir ameliyat ve ne olaca\u011f\u0131n\u0131 tam olarak bilemezsiniz. Doktorlar kesinlikle \u0130svi\u00e7re&#8217;dekilerle ayn\u0131 standartta. Clara B. \u00d6nceki rapor Bir sonraki rapor<\/p>\n","protected":false},"author":4,"featured_media":0,"parent":4471,"menu_order":0,"comment_status":"closed","ping_status":"closed","template":"","meta":{"_joinchat":[],"footnotes":""},"class_list":["post-4552","page","type-page","status-publish","hentry"],"acf":[],"_links":{"self":[{"href":"https:\/\/medicaltravel.ch\/tr\/wp-json\/wp\/v2\/pages\/4552","targetHints":{"allow":["GET"]}}],"collection":[{"href":"https:\/\/medicaltravel.ch\/tr\/wp-json\/wp\/v2\/pages"}],"about":[{"href":"https:\/\/medicaltravel.ch\/tr\/wp-json\/wp\/v2\/types\/page"}],"author":[{"embeddable":true,"href":"https:\/\/medicaltravel.ch\/tr\/wp-json\/wp\/v2\/users\/4"}],"replies":[{"embeddable":true,"href":"https:\/\/medicaltravel.ch\/tr\/wp-json\/wp\/v2\/comments?post=4552"}],"version-history":[{"count":0,"href":"https:\/\/medicaltravel.ch\/tr\/wp-json\/wp\/v2\/pages\/4552\/revisions"}],"up":[{"embeddable":true,"href":"https:\/\/medicaltravel.ch\/tr\/wp-json\/wp\/v2\/pages\/4471"}],"wp:attachment":[{"href":"https:\/\/medicaltravel.ch\/tr\/wp-json\/wp\/v2\/media?parent=4552"}],"curies":[{"name":"wp","href":"https:\/\/api.w.org\/{rel}","templated":true}]}}