{"id":4564,"date":"2025-09-24T06:42:21","date_gmt":"2025-09-24T05:42:21","guid":{"rendered":"https:\/\/medicaltravel.ch\/hasta-raporlari\/erfahrungsberichte-behandlungen-tuerkei\/istanbulda-swisslasikte-yaptirdigim-dis-tedavisiyle-ilgili-rapor-3-mayis-2012-persembe\/"},"modified":"2026-01-12T19:51:45","modified_gmt":"2026-01-12T18:51:45","slug":"istanbulda-swisslasikte-yaptirdigim-dis-tedavisiyle-ilgili-rapor-3-mayis-2012-persembe","status":"publish","type":"page","link":"https:\/\/medicaltravel.ch\/tr\/hasta-raporlari\/turkiye-de-tedavi-deneyimleri\/istanbulda-swisslasikte-yaptirdigim-dis-tedavisiyle-ilgili-rapor-3-mayis-2012-persembe\/","title":{"rendered":"\u0130stanbul&#8217;da Swisslasik&#8217;te yapt\u0131rd\u0131\u011f\u0131m di\u015f tedavisiyle ilgili rapor &#8211; 3 May\u0131s 2012 Per\u015fembe"},"content":{"rendered":"\n<p>\u0130stanbul&#8217;da Swisslasik&#8217;te yapt\u0131rd\u0131\u011f\u0131m di\u015f tedavisiyle ilgili rapor &#8211; 3 May\u0131s 2012 Per\u015fembe<\/p>\n\n\n\n<p>Yurt d\u0131\u015f\u0131nda di\u015f tedavisi aray\u0131\u015f\u0131ndayd\u0131m. \u00c7\u00fcnk\u00fc \u0130svi\u00e7re&#8217;de ger\u00e7ekten \u00e7ok pahal\u0131! Bu y\u00fczden d\u00fc\u015f\u00fcnd\u00fcm, 4-5 g\u00fcn yurt d\u0131\u015f\u0131nda olmak harika olurdu. S\u00fcrekli ba\u015fkalar\u0131ndan duyuyorum, her \u015feyin m\u00fckemmel \u015fekilde gitti\u011fini. \u0130\u015fte bu \u015fekilde Swisslasik&#8217;i buldum. \u00c7ok g\u00fczel bir web sitesi ve ard\u0131ndan Bay Karaagacli ile ileti\u015fime ge\u00e7tim, iyi bir teklif ald\u0131m! Her \u015fey m\u00fckemmel gitti, \u0130stanbul&#8217;a var\u0131r varmaz klinikten \u015fof\u00f6r beni arad\u0131, havaalan\u0131n\u0131n otopark\u0131nda oldu\u011funu s\u00f6yledi. Hemen klini\u011fe gittik ve ilk muayene yap\u0131ld\u0131. 4 dolgu yapt\u0131rmam gerekiyordu ve di\u015flerimi beyazlatmak istedim. P\u0131r\u0131l p\u0131r\u0131l beyaz di\u015fler i\u00e7in \ud83d\ude09 Yani beni bekliyorlard\u0131, hemen tedaviye ba\u015flad\u0131lar. Ard\u0131ndan \u015fof\u00f6r beni otele g\u00f6t\u00fcrd\u00fc. Ertesi g\u00fcn saat 11&#8217;de otelden tekrar al\u0131nd\u0131m. Di\u015f hekimiyle, her \u015feyi o g\u00fcn bitirelim diye anla\u015fm\u0131\u015ft\u0131k, b\u00f6ylece \u0130stanbul&#8217;da birka\u00e7 g\u00fcn daha keyfini \u00e7\u0131karabilecektim. \u00c7ok g\u00fcler y\u00fczl\u00fc personel, \u0130svi\u00e7re standartlar\u0131nda bir klinik! Bu deneyimimi, belki hen\u00fcz b\u00f6yle bir \u015fey yapmaya cesaret edemeyen herkesle payla\u015fmak istedim. Kesinlikle tavsiye ediyorum, \u00e7ok uygun fiyatl\u0131 ve kalite de harika. Nimet Erdemli                <\/p>\n\n\n\n<div class=\"wp-block-group is-layout-grid wp-container-core-group-is-layout-baef362d wp-block-group-is-layout-grid\">\n<p><a href=\"https:\/\/medicaltravel.at\/home\/agb\/\" data-type=\"page\" data-id=\"2191\" rel=\"nofollow noopener\" target=\"_blank\"><\/a><a href=\"https:\/\/medicaltravel.ch\/tr\/hasta-raporlari\/turkiye-de-tedavi-deneyimleri\/engelsiz-goezlerle-yasamanin-verdigi-yeni-his-paha-bicilmez-6-mayis-2012-pazar-tarihli-rapor\/\" data-type=\"link\" data-id=\"https:\/\/medicaltravel.ch\/tr\/hasta-raporlari\/turkiye-de-tedavi-deneyimleri\/engelsiz-goezlerle-yasamanin-verdigi-yeni-his-paha-bicilmez-6-mayis-2012-pazar-tarihli-rapor\/\">\u00d6nceki rapor<\/a><\/p>\n\n\n\n<p class=\"has-text-align-right wp-container-content-5e2576f9\"><a href=\"https:\/\/medicaltravel.at\/home\/impressum\/\" data-type=\"page\" data-id=\"2193\" rel=\"nofollow noopener\" target=\"_blank\"><\/a><a href=\"https:\/\/medicaltravel.at\/home\/berichte-von-patienten\/erfahrungsberichte\/erfahrungsbericht-zahnbehandlung-in-istanbul\/\" data-type=\"page\" data-id=\"981\" rel=\"nofollow noopener\" target=\"_blank\"><\/a><a href=\"https:\/\/medicaltravel.ch\/tr\/hasta-raporlari\/turkiye-de-tedavi-deneyimleri\/10-sentlik-madeni-parayi-20-sentlik-madeni-paradan-ayirt-etme-25-nisan-2012-carsamba-tarihli-rapor\/\" data-type=\"link\" data-id=\"https:\/\/medicaltravel.ch\/tr\/hasta-raporlari\/turkiye-de-tedavi-deneyimleri\/10-sentlik-madeni-parayi-20-sentlik-madeni-paradan-ayirt-etme-25-nisan-2012-carsamba-tarihli-rapor\/\">Bir sonraki rapor<\/a><\/p>\n<\/div>\n\n\n\n<p><\/p>\n","protected":false},"excerpt":{"rendered":"<p>\u0130stanbul&#8217;da Swisslasik&#8217;te yapt\u0131rd\u0131\u011f\u0131m di\u015f tedavisiyle ilgili rapor &#8211; 3 May\u0131s 2012 Per\u015fembe Yurt d\u0131\u015f\u0131nda di\u015f tedavisi aray\u0131\u015f\u0131ndayd\u0131m. \u00c7\u00fcnk\u00fc \u0130svi\u00e7re&#8217;de ger\u00e7ekten \u00e7ok pahal\u0131! Bu y\u00fczden d\u00fc\u015f\u00fcnd\u00fcm, 4-5 g\u00fcn yurt d\u0131\u015f\u0131nda olmak harika olurdu. S\u00fcrekli ba\u015fkalar\u0131ndan duyuyorum, her \u015feyin m\u00fckemmel \u015fekilde gitti\u011fini. \u0130\u015fte bu \u015fekilde Swisslasik&#8217;i buldum. \u00c7ok g\u00fczel bir web sitesi ve ard\u0131ndan Bay Karaagacli ile ileti\u015fime ge\u00e7tim, iyi bir teklif ald\u0131m! Her \u015fey m\u00fckemmel gitti, \u0130stanbul&#8217;a var\u0131r varmaz klinikten \u015fof\u00f6r beni arad\u0131, havaalan\u0131n\u0131n otopark\u0131nda oldu\u011funu s\u00f6yledi. Hemen klini\u011fe gittik ve ilk muayene yap\u0131ld\u0131. 4 dolgu yapt\u0131rmam gerekiyordu ve di\u015flerimi beyazlatmak istedim. P\u0131r\u0131l p\u0131r\u0131l beyaz di\u015fler i\u00e7in \ud83d\ude09 Yani beni bekliyorlard\u0131, hemen tedaviye ba\u015flad\u0131lar. Ard\u0131ndan \u015fof\u00f6r beni otele g\u00f6t\u00fcrd\u00fc. Ertesi g\u00fcn saat 11&#8217;de otelden tekrar al\u0131nd\u0131m. Di\u015f hekimiyle, her \u015feyi o g\u00fcn bitirelim diye anla\u015fm\u0131\u015ft\u0131k, b\u00f6ylece \u0130stanbul&#8217;da birka\u00e7 g\u00fcn daha keyfini \u00e7\u0131karabilecektim. \u00c7ok g\u00fcler y\u00fczl\u00fc personel, \u0130svi\u00e7re standartlar\u0131nda bir klinik! Bu deneyimimi, belki hen\u00fcz b\u00f6yle bir \u015fey yapmaya cesaret edemeyen herkesle payla\u015fmak istedim. Kesinlikle tavsiye ediyorum, \u00e7ok uygun fiyatl\u0131 ve kalite de harika. Nimet Erdemli \u00d6nceki rapor Bir sonraki rapor<\/p>\n","protected":false},"author":4,"featured_media":0,"parent":4471,"menu_order":0,"comment_status":"closed","ping_status":"closed","template":"","meta":{"_joinchat":[],"footnotes":""},"class_list":["post-4564","page","type-page","status-publish","hentry"],"acf":[],"_links":{"self":[{"href":"https:\/\/medicaltravel.ch\/tr\/wp-json\/wp\/v2\/pages\/4564","targetHints":{"allow":["GET"]}}],"collection":[{"href":"https:\/\/medicaltravel.ch\/tr\/wp-json\/wp\/v2\/pages"}],"about":[{"href":"https:\/\/medicaltravel.ch\/tr\/wp-json\/wp\/v2\/types\/page"}],"author":[{"embeddable":true,"href":"https:\/\/medicaltravel.ch\/tr\/wp-json\/wp\/v2\/users\/4"}],"replies":[{"embeddable":true,"href":"https:\/\/medicaltravel.ch\/tr\/wp-json\/wp\/v2\/comments?post=4564"}],"version-history":[{"count":0,"href":"https:\/\/medicaltravel.ch\/tr\/wp-json\/wp\/v2\/pages\/4564\/revisions"}],"up":[{"embeddable":true,"href":"https:\/\/medicaltravel.ch\/tr\/wp-json\/wp\/v2\/pages\/4471"}],"wp:attachment":[{"href":"https:\/\/medicaltravel.ch\/tr\/wp-json\/wp\/v2\/media?parent=4564"}],"curies":[{"name":"wp","href":"https:\/\/api.w.org\/{rel}","templated":true}]}}