{"id":4576,"date":"2025-09-24T06:41:04","date_gmt":"2025-09-24T05:41:04","guid":{"rendered":"https:\/\/medicaltravel.ch\/hasta-raporlari\/erfahrungsberichte-behandlungen-tuerkei\/28-31-mart-2012-tarihleri-arasinda-istanbula-seyahat-29-martta-ameliyat-16-mayis-2012-carsamba-tarihli-rapor\/"},"modified":"2026-01-12T19:50:27","modified_gmt":"2026-01-12T18:50:27","slug":"28-31-mart-2012-tarihleri-arasinda-istanbula-seyahat-29-martta-ameliyat-16-mayis-2012-carsamba-tarihli-rapor","status":"publish","type":"page","link":"https:\/\/medicaltravel.ch\/tr\/hasta-raporlari\/turkiye-de-tedavi-deneyimleri\/28-31-mart-2012-tarihleri-arasinda-istanbula-seyahat-29-martta-ameliyat-16-mayis-2012-carsamba-tarihli-rapor\/","title":{"rendered":"28-31 Mart 2012 tarihleri \u200b\u200baras\u0131nda \u0130stanbul&#8217;a seyahat, 29 Mart&#8217;ta ameliyat \u2013 16 May\u0131s 2012 \u00c7ar\u015famba tarihli rapor"},"content":{"rendered":"\n<p>28-31 Mart 2012 tarihleri \u200b\u200baras\u0131nda \u0130stanbul&#8217;a seyahat, 29 Mart&#8217;ta ameliyat \u2013 16 May\u0131s 2012 \u00c7ar\u015famba tarihli rapor<\/p>\n\n\n\n<p>D\u00f6rt\u00fcm\u00fcz lazer g\u00f6z ameliyat\u0131 olmak i\u00e7in \u0130stanbul&#8217;a gittik. Hepimiz uzun zamand\u0131r bunu istiyorduk ve ben Z\u00fcrih&#8217;te bir bilgilendirme toplant\u0131s\u0131na kat\u0131lm\u0131\u015ft\u0131m. \u00c7ok iyiydi, ama yine de ger\u00e7ekten bunun i\u00e7in T\u00fcrkiye&#8217;ye gitmek isteyip istemedi\u011fimden emin de\u011fildim. Sonra bir tan\u0131d\u0131\u011f\u0131m bana Almanya&#8217;daki bir klini\u011fin adresini verdi. D\u00f6rd\u00fcm\u00fcz de \u00f6n muayene i\u00e7in oraya gittik ve lazer g\u00f6z ameliyat\u0131 olabilece\u011fimiz konusunda onay ald\u0131k. Daha sonra randevu ald\u0131k ve posta yoluyla bir fiyat tahmini ald\u0131k. Fiyatlar 3.100 \u20ac&#8217;dan ba\u015fl\u0131yordu ve diyoptri g\u00fcc\u00fcne ba\u011fl\u0131 olarak daha da pahal\u0131yd\u0131. G\u00f6z ba\u015f\u0131na 790 \u20ac&#8217;dan reklam veriyorlard\u0131, bu da bizi biraz teredd\u00fcte d\u00fc\u015f\u00fcrd\u00fc. Birka\u00e7 telefon g\u00f6r\u00fc\u015fmesi ve y\u00fcksek fiyat hakk\u0131nda sorgulamadan sonra, Swisslasik&#8217;ten de bir fiyat teklifi ald\u0131k. Her \u015fey o kadar sorunsuz ve m\u00fckemmel gitti ki \u2013 6 Mart&#8217;ta fiyat teklifi, 28 Mart&#8217;ta u\u00e7u\u015f, 29 Mart&#8217;ta ameliyat \u2013 d\u00f6rd\u00fcm\u00fcz de Swisslasik&#8217;ten rezervasyon yapt\u0131rd\u0131k. Bir\u00e7ok arkada\u015f\u0131mdan gelen tepki hep ayn\u0131yd\u0131: &#8220;Cesursun, bunu T\u00fcrkiye&#8217;de nas\u0131l yapabilirsin?&#8221; vb. \u00d6nceden iyice ara\u015ft\u0131rm\u0131\u015ft\u0131m ve her zaman do\u011fru karar\u0131 verdi\u011fime ikna olmu\u015ftum. Ve ger\u00e7ekten de \u00f6yleydi: Havaalan\u0131ndan al\u0131nd\u0131k ve otele g\u00f6t\u00fcr\u00fcld\u00fck. Sonras\u0131nda \u00e7ar\u015f\u0131y\u0131 gezdik ve bir \u015feyler i\u00e7meye gittik. Ertesi g\u00fcn, otelden tam zaman\u0131nda al\u0131nd\u0131k ve ACIBADEM klini\u011fine g\u00f6t\u00fcr\u00fcld\u00fck. \u0130svi\u00e7re&#8217;den bir ki\u015fi daha bize kat\u0131ld\u0131; o da lazer g\u00f6z ameliyat\u0131 olacakt\u0131. Yani be\u015f ki\u015fiydik ve t\u00fcm muayenelerden tekrar ge\u00e7mek zorunda kald\u0131k. Doktorla yap\u0131lan g\u00f6r\u00fc\u015fmeler de dahil olmak \u00fczere her zaman bir terc\u00fcman mevcuttu. Her zaman iyi bak\u0131ld\u0131\u011f\u0131m\u0131 hissettim. Ameliyat\u0131n saat 14:00&#8217;te ba\u015flayaca\u011f\u0131 bize bildirildikten sonra kafeteryada \u00f6\u011fle yeme\u011fi yiyebildik. \u00c7ok gergindim. Ameliyat s\u0131ras\u0131nda da terc\u00fcman yine haz\u0131r bulundu ve her \u015feyi bana a\u00e7\u0131klad\u0131. Harikayd\u0131; hi\u00e7 yaln\u0131z hissetmedim ve bir \u015fey anla\u015f\u0131lmad\u0131\u011f\u0131nda soru sorabiliyordum. Ameliyat be\u015fimiz i\u00e7in de ba\u015far\u0131l\u0131 ge\u00e7ti ve muayeneden sonra g\u00f6z damlas\u0131 ve koruyucu g\u00f6zl\u00fcklerle otele geri g\u00f6t\u00fcr\u00fcld\u00fck. D\u00f6rt saat dinlendik \u2013 herkes uyudu \u2013 g\u00f6zlerimiz biraz ka\u015f\u0131n\u0131yordu \u2013 ama hi\u00e7birimiz ac\u0131 \u00e7ekmedik. Bu d\u00f6rt saatten sonra g\u00f6r\u00fc\u015f\u00fcm zaten olduk\u00e7a netti. Baz\u0131lar\u0131 ak\u015fam yeme\u011fine \u00e7\u0131kt\u0131, di\u011ferleri ise gece boyunca uyudu. Ertesi g\u00fcn, takip muayenesi i\u00e7in al\u0131nd\u0131k ve klini\u011fe geri g\u00f6t\u00fcr\u00fcld\u00fck. T\u00fcm muayeneler terc\u00fcman e\u015fli\u011finde yap\u0131ld\u0131 ve herkes olumlu sonu\u00e7lar ald\u0131. Ameliyat herkes i\u00e7in ba\u015far\u0131l\u0131yd\u0131. Z\u00fcrih&#8217;teki ilk muayeneden sonra bile, kesinlikle \u00e7ok heyecanl\u0131y\u0131m ve Swisslasik&#8217;i \u015fiddetle tavsiye edebilirim. Her \u015feyi \u00e7ok k\u0131sa s\u00fcrede rezerve ettik ve t\u00fcm hizmetler i\u00e7in \u00e7ok iyi bir fiyat ald\u0131k. Hizmet, bilgi, destek, ameliyat, otel \u2013 her \u015fey s\u00f6z verildi\u011fi gibi gitti. Swisslasik&#8217;i se\u00e7ti\u011fim i\u00e7in \u00e7ok mutluyum.<br>                                  D\u00f6rt\u00fcm\u00fcz de tekrar %100 g\u00f6rebiliyoruz ve \u00e7ok mutluyuz. \u0130stanbul&#8217;u \u00e7ok g\u00fczel ve ilgin\u00e7 bir \u015fehir olarak tan\u0131d\u0131m. T\u00fcrkler \u00e7ok arkada\u015f canl\u0131s\u0131 ve yard\u0131msever insanlar. Kesinlikle bir daha \u0130stanbul&#8217;a seyahat edip \u015fehri yeniden ziyaret edece\u011fim. T\u00fcm \u00e7abalar\u0131n\u0131z i\u00e7in \u00e7ok te\u015fekk\u00fcr ederim. Di\u011fer m\u00fc\u015fterilerden gelen sorular i\u00e7in memnuniyetle yard\u0131mc\u0131 olabilirim. Bea Kuster      <\/p>\n\n\n\n<div class=\"wp-block-group is-layout-grid wp-container-core-group-is-layout-baef362d wp-block-group-is-layout-grid\">\n<p><a href=\"https:\/\/medicaltravel.at\/home\/agb\/\" data-type=\"page\" data-id=\"2191\" rel=\"nofollow noopener\" target=\"_blank\"><\/a><a href=\"https:\/\/medicaltravel.ch\/tr\/hasta-raporlari\/turkiye-de-tedavi-deneyimleri\/goezlueksuez-goerme-hayali-istanbulda-gercek-oldu-18-mayis-2012-cuma-tarihli-haber\/\" data-type=\"link\" data-id=\"https:\/\/medicaltravel.ch\/tr\/hasta-raporlari\/turkiye-de-tedavi-deneyimleri\/goezlueksuez-goerme-hayali-istanbulda-gercek-oldu-18-mayis-2012-cuma-tarihli-haber\/\">\u00d6nceki rapor<\/a><\/p>\n\n\n\n<p class=\"has-text-align-right wp-container-content-5e2576f9\"><a href=\"https:\/\/medicaltravel.at\/home\/impressum\/\" data-type=\"page\" data-id=\"2193\" rel=\"nofollow noopener\" target=\"_blank\"><\/a><a href=\"https:\/\/medicaltravel.at\/home\/berichte-von-patienten\/erfahrungsberichte\/erfahrungsbericht-zahnbehandlung-in-istanbul\/\" data-type=\"page\" data-id=\"981\" rel=\"nofollow noopener\" target=\"_blank\"><\/a><a href=\"https:\/\/medicaltravel.ch\/tr\/hasta-raporlari\/turkiye-de-tedavi-deneyimleri\/engelsiz-goezlerle-yasamanin-verdigi-yeni-his-paha-bicilmez-6-mayis-2012-pazar-tarihli-rapor\/\" data-type=\"link\" data-id=\"https:\/\/medicaltravel.ch\/tr\/hasta-raporlari\/turkiye-de-tedavi-deneyimleri\/engelsiz-goezlerle-yasamanin-verdigi-yeni-his-paha-bicilmez-6-mayis-2012-pazar-tarihli-rapor\/\">Bir sonraki rapor<\/a><\/p>\n<\/div>\n","protected":false},"excerpt":{"rendered":"<p>28-31 Mart 2012 tarihleri \u200b\u200baras\u0131nda \u0130stanbul&#8217;a seyahat, 29 Mart&#8217;ta ameliyat \u2013 16 May\u0131s 2012 \u00c7ar\u015famba tarihli rapor D\u00f6rt\u00fcm\u00fcz lazer g\u00f6z ameliyat\u0131 olmak i\u00e7in \u0130stanbul&#8217;a gittik. Hepimiz uzun zamand\u0131r bunu istiyorduk ve ben Z\u00fcrih&#8217;te bir bilgilendirme toplant\u0131s\u0131na kat\u0131lm\u0131\u015ft\u0131m. \u00c7ok iyiydi, ama yine de ger\u00e7ekten bunun i\u00e7in T\u00fcrkiye&#8217;ye gitmek isteyip istemedi\u011fimden emin de\u011fildim. Sonra bir tan\u0131d\u0131\u011f\u0131m bana Almanya&#8217;daki bir klini\u011fin adresini verdi. D\u00f6rd\u00fcm\u00fcz de \u00f6n muayene i\u00e7in oraya gittik ve lazer g\u00f6z ameliyat\u0131 olabilece\u011fimiz konusunda onay ald\u0131k. Daha sonra randevu ald\u0131k ve posta yoluyla bir fiyat tahmini ald\u0131k. Fiyatlar 3.100 \u20ac&#8217;dan ba\u015fl\u0131yordu ve diyoptri g\u00fcc\u00fcne ba\u011fl\u0131 olarak daha da pahal\u0131yd\u0131. G\u00f6z ba\u015f\u0131na 790 \u20ac&#8217;dan reklam veriyorlard\u0131, bu da bizi biraz teredd\u00fcte d\u00fc\u015f\u00fcrd\u00fc. Birka\u00e7 telefon g\u00f6r\u00fc\u015fmesi ve y\u00fcksek fiyat hakk\u0131nda sorgulamadan sonra, Swisslasik&#8217;ten de bir fiyat teklifi ald\u0131k. Her \u015fey o kadar sorunsuz ve m\u00fckemmel gitti ki \u2013 6 Mart&#8217;ta fiyat teklifi, 28 Mart&#8217;ta u\u00e7u\u015f, 29 Mart&#8217;ta ameliyat \u2013 d\u00f6rd\u00fcm\u00fcz de Swisslasik&#8217;ten rezervasyon yapt\u0131rd\u0131k. Bir\u00e7ok arkada\u015f\u0131mdan gelen tepki hep ayn\u0131yd\u0131: &#8220;Cesursun, bunu T\u00fcrkiye&#8217;de nas\u0131l yapabilirsin?&#8221; vb. \u00d6nceden iyice ara\u015ft\u0131rm\u0131\u015ft\u0131m ve her zaman do\u011fru karar\u0131 verdi\u011fime ikna olmu\u015ftum. Ve ger\u00e7ekten de \u00f6yleydi: Havaalan\u0131ndan al\u0131nd\u0131k ve otele g\u00f6t\u00fcr\u00fcld\u00fck. Sonras\u0131nda \u00e7ar\u015f\u0131y\u0131 gezdik ve bir \u015feyler i\u00e7meye gittik. Ertesi g\u00fcn, otelden tam zaman\u0131nda al\u0131nd\u0131k ve ACIBADEM klini\u011fine g\u00f6t\u00fcr\u00fcld\u00fck. \u0130svi\u00e7re&#8217;den bir ki\u015fi daha bize kat\u0131ld\u0131; o da lazer g\u00f6z ameliyat\u0131 olacakt\u0131. Yani be\u015f ki\u015fiydik ve t\u00fcm muayenelerden tekrar ge\u00e7mek zorunda kald\u0131k. Doktorla yap\u0131lan g\u00f6r\u00fc\u015fmeler de dahil olmak \u00fczere her zaman bir terc\u00fcman mevcuttu. Her zaman iyi bak\u0131ld\u0131\u011f\u0131m\u0131 hissettim. Ameliyat\u0131n saat 14:00&#8217;te ba\u015flayaca\u011f\u0131 bize bildirildikten sonra kafeteryada \u00f6\u011fle yeme\u011fi yiyebildik. \u00c7ok gergindim. Ameliyat s\u0131ras\u0131nda da terc\u00fcman yine haz\u0131r bulundu ve her \u015feyi bana a\u00e7\u0131klad\u0131. Harikayd\u0131; hi\u00e7 yaln\u0131z hissetmedim ve bir \u015fey anla\u015f\u0131lmad\u0131\u011f\u0131nda soru sorabiliyordum. Ameliyat be\u015fimiz i\u00e7in de ba\u015far\u0131l\u0131 ge\u00e7ti ve muayeneden sonra g\u00f6z damlas\u0131 ve koruyucu g\u00f6zl\u00fcklerle otele geri g\u00f6t\u00fcr\u00fcld\u00fck. D\u00f6rt saat dinlendik \u2013 herkes uyudu \u2013 g\u00f6zlerimiz biraz ka\u015f\u0131n\u0131yordu \u2013 ama hi\u00e7birimiz ac\u0131 \u00e7ekmedik. Bu d\u00f6rt saatten sonra g\u00f6r\u00fc\u015f\u00fcm zaten olduk\u00e7a netti. Baz\u0131lar\u0131 ak\u015fam yeme\u011fine \u00e7\u0131kt\u0131, di\u011ferleri ise gece boyunca uyudu. Ertesi g\u00fcn, takip muayenesi i\u00e7in al\u0131nd\u0131k ve klini\u011fe geri g\u00f6t\u00fcr\u00fcld\u00fck. T\u00fcm muayeneler terc\u00fcman e\u015fli\u011finde yap\u0131ld\u0131 ve herkes olumlu sonu\u00e7lar ald\u0131. Ameliyat herkes i\u00e7in ba\u015far\u0131l\u0131yd\u0131. Z\u00fcrih&#8217;teki ilk muayeneden sonra bile, kesinlikle \u00e7ok heyecanl\u0131y\u0131m ve Swisslasik&#8217;i \u015fiddetle tavsiye edebilirim. Her \u015feyi \u00e7ok k\u0131sa s\u00fcrede rezerve ettik ve t\u00fcm hizmetler i\u00e7in \u00e7ok iyi bir fiyat ald\u0131k. Hizmet, bilgi, destek, ameliyat, otel \u2013 her \u015fey s\u00f6z verildi\u011fi gibi gitti. Swisslasik&#8217;i se\u00e7ti\u011fim i\u00e7in \u00e7ok mutluyum. D\u00f6rt\u00fcm\u00fcz de tekrar %100 g\u00f6rebiliyoruz ve \u00e7ok mutluyuz. \u0130stanbul&#8217;u \u00e7ok g\u00fczel ve ilgin\u00e7 bir \u015fehir olarak tan\u0131d\u0131m. T\u00fcrkler \u00e7ok arkada\u015f canl\u0131s\u0131 ve yard\u0131msever insanlar. Kesinlikle bir daha \u0130stanbul&#8217;a seyahat edip \u015fehri yeniden ziyaret edece\u011fim. T\u00fcm \u00e7abalar\u0131n\u0131z i\u00e7in \u00e7ok te\u015fekk\u00fcr ederim. Di\u011fer m\u00fc\u015fterilerden gelen sorular i\u00e7in memnuniyetle yard\u0131mc\u0131 olabilirim. Bea Kuster \u00d6nceki rapor Bir sonraki rapor<\/p>\n","protected":false},"author":4,"featured_media":0,"parent":4471,"menu_order":0,"comment_status":"closed","ping_status":"closed","template":"","meta":{"_joinchat":[],"footnotes":""},"class_list":["post-4576","page","type-page","status-publish","hentry"],"acf":[],"_links":{"self":[{"href":"https:\/\/medicaltravel.ch\/tr\/wp-json\/wp\/v2\/pages\/4576","targetHints":{"allow":["GET"]}}],"collection":[{"href":"https:\/\/medicaltravel.ch\/tr\/wp-json\/wp\/v2\/pages"}],"about":[{"href":"https:\/\/medicaltravel.ch\/tr\/wp-json\/wp\/v2\/types\/page"}],"author":[{"embeddable":true,"href":"https:\/\/medicaltravel.ch\/tr\/wp-json\/wp\/v2\/users\/4"}],"replies":[{"embeddable":true,"href":"https:\/\/medicaltravel.ch\/tr\/wp-json\/wp\/v2\/comments?post=4576"}],"version-history":[{"count":0,"href":"https:\/\/medicaltravel.ch\/tr\/wp-json\/wp\/v2\/pages\/4576\/revisions"}],"up":[{"embeddable":true,"href":"https:\/\/medicaltravel.ch\/tr\/wp-json\/wp\/v2\/pages\/4471"}],"wp:attachment":[{"href":"https:\/\/medicaltravel.ch\/tr\/wp-json\/wp\/v2\/media?parent=4576"}],"curies":[{"name":"wp","href":"https:\/\/api.w.org\/{rel}","templated":true}]}}