{"id":4702,"date":"2025-09-23T16:01:59","date_gmt":"2025-09-23T15:01:59","guid":{"rendered":"https:\/\/medicaltravel.ch\/hasta-raporlari\/erfahrungsberichte-empfehlungen-behandlungen-beurteilung-tuerkei-istanbul\/dhi-istanbulda-sac-ekimi-deneyimim-hakkinda-hasta-yorumu\/"},"modified":"2026-01-12T17:08:38","modified_gmt":"2026-01-12T16:08:38","slug":"dhi-istanbulda-sac-ekimi-deneyimim-hakkinda-hasta-yorumu","status":"publish","type":"page","link":"https:\/\/medicaltravel.ch\/tr\/hasta-raporlari\/referanslar-tavsiyeler-tedaviler-degerlendirmeler-turkiye-istanbul\/dhi-istanbulda-sac-ekimi-deneyimim-hakkinda-hasta-yorumu\/","title":{"rendered":"DHI \u0130stanbul&#8217;da sa\u00e7 ekimi deneyimim hakk\u0131nda hasta yorumu:"},"content":{"rendered":"\n<p>\u00c7ift Ba\u015far\u0131: MedicalTravel ile T\u00fcrkiye&#8217;deki Sa\u00e7 Ekimi Yeniden Deneyimim<br>MedicalTravel ile T\u00fcrkiye&#8217;deki ilk ba\u015far\u0131l\u0131 <a href=\"https:\/\/medicaltravel.ch\/tr\/sac-ekimi\/sac-ekimi\/\" data-type=\"page\" data-id=\"114\">sa\u00e7 ekimi<\/a> deneyimimden sonra, bir ba\u015fka m\u00fcdahale gerekirse yine bu organizasyonu tercih edece\u011fim kesinle\u015fmi\u015fti. Bug\u00fcn, tekrar bir dostane kar\u015f\u0131lama servisi, keyifli bir otel, profesyonel dan\u0131\u015fmanl\u0131k ve her zaman yan\u0131mda olan bir terc\u00fcmanla ge\u00e7en ikinci seyahatimi payla\u015fmak istiyorum. <\/p>\n\n\n\n<p>Havaalan\u0131na ad\u0131m att\u0131\u011f\u0131m anda, MedicalTravel&#8217;\u0131n dostane kar\u015f\u0131lama servisini tekrar hissettim. S\u0131cakkanl\u0131 kar\u015f\u0131lamalar ve verimli organizasyon, yine do\u011fru ellerde oldu\u011fumu bana bir kez daha hat\u0131rlatt\u0131. \u0130lk deneyimde beni etkileyen profesyonellik, bu sefer de kesinlikle teyit edilmi\u015f oldu.<br>MedicalTravel&#8217;\u0131n otel se\u00e7imi, ikinci ziyaretimde de m\u00fckemmel bir tercih olmu\u015ftu. Rahat ve konforlu bir otelde konaklamak, t\u0131bbi i\u015flem ve ard\u0131ndan gelen iyile\u015fme s\u00fcrecinin m\u00fcmk\u00fcn oldu\u011funca sorunsuz ge\u00e7mesine b\u00fcy\u00fck katk\u0131 sa\u011flad\u0131.   <\/p>\n\n\n\n<p>Operasyon \u00f6ncesi, s\u0131ras\u0131 ve sonras\u0131nda ald\u0131\u011f\u0131m profesyonel dan\u0131\u015fmanl\u0131k yine m\u00fckemmeldi. Yerel doktorlar, bireysel endi\u015felerimi dinlemek i\u00e7in zaman ay\u0131rd\u0131, tedavi s\u00fcrecini ayr\u0131nt\u0131l\u0131 bir \u015fekilde a\u00e7\u0131klad\u0131 ve ger\u00e7ek\u00e7i beklentiler olu\u015fturdu. Bu ki\u015fisel ilgi, t\u00fcm belirsizlikleri ortadan kald\u0131rmam\u0131 sa\u011flad\u0131 ve operasyon \u00f6ncesinde, s\u0131ras\u0131nda ve sonras\u0131nda kendimi ger\u00e7ekten g\u00fcvende hissetmeme b\u00fcy\u00fck katk\u0131 sa\u011flad\u0131.  <\/p>\n\n\n\n<p>\u00d6zellikle vurgulamak gerekirse, terc\u00fcman\u0131n rol\u00fc ger\u00e7ekten \u00e7ok \u00f6nemliydi. Dostane tavr\u0131 ve Almanca ile T\u00fcrk\u00e7eyi ak\u0131c\u0131 bir \u015fekilde bilmesi, t\u0131bbi ekip ile ileti\u015fimimi \u00e7ok daha kolayla\u015ft\u0131rd\u0131. Terc\u00fcman her zaman yan\u0131mdayd\u0131 ve olas\u0131 yanl\u0131\u015f anlamalar\u0131 \u00f6nlemeye yard\u0131mc\u0131 oldu, bu da benim konaklamam\u0131 daha da olumlu etkiledi.  <\/p>\n\n\n\n<p>Ger\u00e7ek operasyon bir kez daha sorunsuz ge\u00e7ti ve sonras\u0131ndaki bak\u0131m m\u00fckemmeldi. T\u0131bbi ekip, iyile\u015fme s\u00fcrecimi dikkatle izledi ve sonras\u0131 i\u00e7in net talimatlar vererek bana g\u00fcven duygusu sa\u011flad\u0131. <\/p>\n\n\n\n<p>\u015eu an sa\u00e7 ekimi sonucumu d\u00f6rt g\u00f6zle bekliyorum. Tam sonu\u00e7lar\u0131 g\u00f6rmek i\u00e7in hen\u00fcz erken olsa da, doktorlar\u0131n titiz \u00e7al\u0131\u015fmas\u0131 ve MedicalTravel&#8217;\u0131n destekleyici bak\u0131m\u0131 sayesinde bir kez daha olumlu bir sonu\u00e7 alaca\u011f\u0131mdan eminim. <\/p>\n\n\n\n<p>\u00d6zetle, ikinci kez <a href=\"https:\/\/medicaltravel.ch\/tr\/\" data-type=\"page\" data-id=\"6\">MedicalTravel<\/a> arac\u0131l\u0131\u011f\u0131yla <a href=\"https:\/\/medicaltravel.ch\/tr\/sac-ekimi\/sac-ekimi\/\" data-type=\"page\" data-id=\"114\">T\u00fcrkiye&#8217;de sa\u00e7 ekimi<\/a> yapt\u0131rma karar\u0131m\u0131n do\u011fru oldu\u011funu s\u00f6yleyebilirim. Dostane hizmet, konforlu otel, profesyonel dan\u0131\u015fmanl\u0131k ve s\u00fcrekli yan\u0131mda olan bir terc\u00fcman, deneyimimin yine son derece olumlu ve stressiz ge\u00e7mesine b\u00fcy\u00fck katk\u0131 sa\u011flad\u0131. <\/p>\n\n\n\n<p>MedicalTravel&#8217;\u0131 teredd\u00fcts\u00fcz tavsiye ediyorum ve \u00f6n\u00fcm\u00fczdeki aylarda sa\u00e7 ekimimin nas\u0131l geli\u015fece\u011fini g\u00f6rmek i\u00e7in sab\u0131rs\u0131zlan\u0131yorum.<br>En iyi dileklerimle,<br>Marco S.<\/p>\n\n\n\n<div class=\"wp-block-group is-layout-grid wp-container-core-group-is-layout-baef362d wp-block-group-is-layout-grid\">\n<p><a href=\"https:\/\/medicaltravel.at\/home\/agb\/\" data-type=\"page\" data-id=\"2191\" rel=\"nofollow noopener\" target=\"_blank\"><\/a><a href=\"https:\/\/medicaltravel.ch\/tr\/hasta-raporlari\/referanslar-tavsiyeler-tedaviler-degerlendirmeler-turkiye-istanbul\/deneyim-raporu-istanbulda-kadinlar-icin-sac-ekimi-hasta-yorumu\/\" data-type=\"link\" data-id=\"https:\/\/medicaltravel.ch\/tr\/hasta-raporlari\/referanslar-tavsiyeler-tedaviler-degerlendirmeler-turkiye-istanbul\/deneyim-raporu-istanbulda-kadinlar-icin-sac-ekimi-hasta-yorumu\/\">\u00d6nceki rapor<\/a><\/p>\n\n\n\n<p class=\"has-text-align-right wp-container-content-5e2576f9\"><a href=\"https:\/\/medicaltravel.at\/home\/impressum\/\" data-type=\"page\" data-id=\"2193\" rel=\"nofollow noopener\" target=\"_blank\"><\/a><a href=\"https:\/\/medicaltravel.at\/home\/berichte-von-patienten\/erfahrungsberichte\/erfahrungsbericht-zahnbehandlung-in-istanbul\/\" data-type=\"page\" data-id=\"981\" rel=\"nofollow noopener\" target=\"_blank\"><\/a><a href=\"https:\/\/medicaltravel.ch\/tr\/hasta-raporlari\/referanslar-tavsiyeler-tedaviler-degerlendirmeler-turkiye-istanbul\/istanbulda-yaptirdigim-meme-ameliyati-hakkindaki-degerlendirmem\/\" data-type=\"link\" data-id=\"https:\/\/medicaltravel.ch\/tr\/hasta-raporlari\/referanslar-tavsiyeler-tedaviler-degerlendirmeler-turkiye-istanbul\/istanbulda-yaptirdigim-meme-ameliyati-hakkindaki-degerlendirmem\/\">Bir sonraki rapor<\/a><\/p>\n<\/div>\n","protected":false},"excerpt":{"rendered":"<p>\u00c7ift Ba\u015far\u0131: MedicalTravel ile T\u00fcrkiye&#8217;deki Sa\u00e7 Ekimi Yeniden DeneyimimMedicalTravel ile T\u00fcrkiye&#8217;deki ilk ba\u015far\u0131l\u0131 sa\u00e7 ekimi deneyimimden sonra, bir ba\u015fka m\u00fcdahale gerekirse yine bu organizasyonu tercih edece\u011fim kesinle\u015fmi\u015fti. Bug\u00fcn, tekrar bir dostane kar\u015f\u0131lama servisi, keyifli bir otel, profesyonel dan\u0131\u015fmanl\u0131k ve her zaman yan\u0131mda olan bir terc\u00fcmanla ge\u00e7en ikinci seyahatimi payla\u015fmak istiyorum. Havaalan\u0131na ad\u0131m att\u0131\u011f\u0131m anda, MedicalTravel&#8217;\u0131n dostane kar\u015f\u0131lama servisini tekrar hissettim. S\u0131cakkanl\u0131 kar\u015f\u0131lamalar ve verimli organizasyon, yine do\u011fru ellerde oldu\u011fumu bana bir kez daha hat\u0131rlatt\u0131. \u0130lk deneyimde beni etkileyen profesyonellik, bu sefer de kesinlikle teyit edilmi\u015f oldu.MedicalTravel&#8217;\u0131n otel se\u00e7imi, ikinci ziyaretimde de m\u00fckemmel bir tercih olmu\u015ftu. Rahat ve konforlu bir otelde konaklamak, t\u0131bbi i\u015flem ve ard\u0131ndan gelen iyile\u015fme s\u00fcrecinin m\u00fcmk\u00fcn oldu\u011funca sorunsuz ge\u00e7mesine b\u00fcy\u00fck katk\u0131 sa\u011flad\u0131. Operasyon \u00f6ncesi, s\u0131ras\u0131 ve sonras\u0131nda ald\u0131\u011f\u0131m profesyonel dan\u0131\u015fmanl\u0131k yine m\u00fckemmeldi. Yerel doktorlar, bireysel endi\u015felerimi dinlemek i\u00e7in zaman ay\u0131rd\u0131, tedavi s\u00fcrecini ayr\u0131nt\u0131l\u0131 bir \u015fekilde a\u00e7\u0131klad\u0131 ve ger\u00e7ek\u00e7i beklentiler olu\u015fturdu. Bu ki\u015fisel ilgi, t\u00fcm belirsizlikleri ortadan kald\u0131rmam\u0131 sa\u011flad\u0131 ve operasyon \u00f6ncesinde, s\u0131ras\u0131nda ve sonras\u0131nda kendimi ger\u00e7ekten g\u00fcvende hissetmeme b\u00fcy\u00fck katk\u0131 sa\u011flad\u0131. \u00d6zellikle vurgulamak gerekirse, terc\u00fcman\u0131n rol\u00fc ger\u00e7ekten \u00e7ok \u00f6nemliydi. Dostane tavr\u0131 ve Almanca ile T\u00fcrk\u00e7eyi ak\u0131c\u0131 bir \u015fekilde bilmesi, t\u0131bbi ekip ile ileti\u015fimimi \u00e7ok daha kolayla\u015ft\u0131rd\u0131. Terc\u00fcman her zaman yan\u0131mdayd\u0131 ve olas\u0131 yanl\u0131\u015f anlamalar\u0131 \u00f6nlemeye yard\u0131mc\u0131 oldu, bu da benim konaklamam\u0131 daha da olumlu etkiledi. Ger\u00e7ek operasyon bir kez daha sorunsuz ge\u00e7ti ve sonras\u0131ndaki bak\u0131m m\u00fckemmeldi. T\u0131bbi ekip, iyile\u015fme s\u00fcrecimi dikkatle izledi ve sonras\u0131 i\u00e7in net talimatlar vererek bana g\u00fcven duygusu sa\u011flad\u0131. \u015eu an sa\u00e7 ekimi sonucumu d\u00f6rt g\u00f6zle bekliyorum. Tam sonu\u00e7lar\u0131 g\u00f6rmek i\u00e7in hen\u00fcz erken olsa da, doktorlar\u0131n titiz \u00e7al\u0131\u015fmas\u0131 ve MedicalTravel&#8217;\u0131n destekleyici bak\u0131m\u0131 sayesinde bir kez daha olumlu bir sonu\u00e7 alaca\u011f\u0131mdan eminim. \u00d6zetle, ikinci kez MedicalTravel arac\u0131l\u0131\u011f\u0131yla T\u00fcrkiye&#8217;de sa\u00e7 ekimi yapt\u0131rma karar\u0131m\u0131n do\u011fru oldu\u011funu s\u00f6yleyebilirim. Dostane hizmet, konforlu otel, profesyonel dan\u0131\u015fmanl\u0131k ve s\u00fcrekli yan\u0131mda olan bir terc\u00fcman, deneyimimin yine son derece olumlu ve stressiz ge\u00e7mesine b\u00fcy\u00fck katk\u0131 sa\u011flad\u0131. MedicalTravel&#8217;\u0131 teredd\u00fcts\u00fcz tavsiye ediyorum ve \u00f6n\u00fcm\u00fczdeki aylarda sa\u00e7 ekimimin nas\u0131l geli\u015fece\u011fini g\u00f6rmek i\u00e7in sab\u0131rs\u0131zlan\u0131yorum.En iyi dileklerimle,Marco S. \u00d6nceki rapor Bir sonraki rapor<\/p>\n","protected":false},"author":4,"featured_media":0,"parent":4587,"menu_order":0,"comment_status":"closed","ping_status":"closed","template":"","meta":{"_joinchat":[],"footnotes":""},"class_list":["post-4702","page","type-page","status-publish","hentry"],"acf":[],"_links":{"self":[{"href":"https:\/\/medicaltravel.ch\/tr\/wp-json\/wp\/v2\/pages\/4702","targetHints":{"allow":["GET"]}}],"collection":[{"href":"https:\/\/medicaltravel.ch\/tr\/wp-json\/wp\/v2\/pages"}],"about":[{"href":"https:\/\/medicaltravel.ch\/tr\/wp-json\/wp\/v2\/types\/page"}],"author":[{"embeddable":true,"href":"https:\/\/medicaltravel.ch\/tr\/wp-json\/wp\/v2\/users\/4"}],"replies":[{"embeddable":true,"href":"https:\/\/medicaltravel.ch\/tr\/wp-json\/wp\/v2\/comments?post=4702"}],"version-history":[{"count":0,"href":"https:\/\/medicaltravel.ch\/tr\/wp-json\/wp\/v2\/pages\/4702\/revisions"}],"up":[{"embeddable":true,"href":"https:\/\/medicaltravel.ch\/tr\/wp-json\/wp\/v2\/pages\/4587"}],"wp:attachment":[{"href":"https:\/\/medicaltravel.ch\/tr\/wp-json\/wp\/v2\/media?parent=4702"}],"curies":[{"name":"wp","href":"https:\/\/api.w.org\/{rel}","templated":true}]}}