{"id":4803,"date":"2025-09-23T15:34:58","date_gmt":"2025-09-23T14:34:58","guid":{"rendered":"https:\/\/medicaltravel.ch\/hasta-raporlari\/erfahrungsberichte-empfehlungen-behandlungen-beurteilung-tuerkei-istanbul\/hasta-yorumu-tuerkiye-hasta-raporu-yuez-ve-boyun-germe-istanbul\/"},"modified":"2026-01-12T16:57:34","modified_gmt":"2026-01-12T15:57:34","slug":"hasta-yorumu-tuerkiye-hasta-raporu-yuez-ve-boyun-germe-istanbul","status":"publish","type":"page","link":"https:\/\/medicaltravel.ch\/tr\/hasta-raporlari\/referanslar-tavsiyeler-tedaviler-degerlendirmeler-turkiye-istanbul\/hasta-yorumu-tuerkiye-hasta-raporu-yuez-ve-boyun-germe-istanbul\/","title":{"rendered":"Hasta yorumu T\u00fcrkiye Hasta raporu Y\u00fcz ve boyun germe \u0130stanbul"},"content":{"rendered":"<p>1.11.2024 tarihinde \u0130stanbul-T\u00fcrkiye\u2019de yap\u0131lan y\u00fcz-boyun germe ameliyat\u0131 deneyimim<br \/>Uzun s\u00fcredir y\u00fcz ve boyun germe konusu ile ilgileniyordum. \u0130svi\u00e7re ve Almanya\u2019da yapt\u0131\u011f\u0131m g\u00f6r\u00fc\u015fmelerden sonra, aile hekimim beni <a href=\"https:\/\/medicaltravel.ch\/tr\/tibbi-seyahat\/\" data-type=\"page\" data-id=\"10\">MedicalTravel <\/a>ile tan\u0131\u015ft\u0131rd\u0131. Bu \u015fekilde, \u00f6zel bir beklentim olmadan Langgasse\u2019deki ofise ba\u015fvurdum. Say\u0131n Kara benim i\u00e7in <a href=\"https:\/\/medicaltravel.ch\/tr\/yil-2020\/ay-nisan-2020\/tarih-23-nisan-2020\/23-nisan-2020-yorum-yok\/\" data-type=\"page\" data-id=\"247\">Zug\u2019da <\/a><a href=\"https:\/\/medicaltravel.ch\/wp-content\/uploads\/2025\/09\/Lebenslauf_Prof_Dr_Oguz-Kayiran.pdf\" data-type=\"link\" data-id=\"https:\/\/medicaltravel.ch\/wp-content\/uploads\/2025\/09\/Lebenslauf_Prof_Dr_Oguz-Kayiran.pdf\">Prof. Dr. Kayiran<\/a> (T\u00fcrkiye\u2019de resmi akademik unvana sahip) ile \u00fccretsiz ve ba\u011flay\u0131c\u0131 olmayan bir dan\u0131\u015fmanl\u0131k g\u00f6r\u00fc\u015fmesi ayarlad\u0131. Bu g\u00f6r\u00fc\u015fmede bana nelerin m\u00fcmk\u00fcn oldu\u011fu, ameliyat \u00f6ncesi ve ameliyat sonras\u0131 s\u00fcrecin benim i\u00e7in nas\u0131l ilerleyece\u011fi a\u00e7\u0131k bir \u015fekilde anlat\u0131ld\u0131.    <\/p>\n<p>Detayl\u0131 bir de\u011ferlendirme s\u00fcrecinden sonra ve doktora duydu\u011fum g\u00fcven sayesinde, bu operasyonu <a href=\"https:\/\/medicaltravel.ch\/tr\/neden-tuerkiye\/tuerkiyenin-sehirleri\/istanbul-bir-sehir-olarak\/\" data-type=\"page\" data-id=\"20\">\u0130stanbul\u2019da <\/a>yapt\u0131rmaya karar verdim.<br \/>T\u00fcm organizasyon Say\u0131n Kara ve ekibi taraf\u0131ndan yap\u0131ld\u0131. U\u00e7ak, <a href=\"https:\/\/medicaltravel.ch\/tr\/kozmetik-cerrahi\/istanbulda-estetik-cerrahi-teklifi\/\">otel<\/a>, <a href=\"https:\/\/medicaltravel.ch\/tr\/kozmetik-cerrahi\/tedavi-yelpazesi\/yuez-germe-facelift-tuerkiye-istanbul-antalya-izmir\/\" data-type=\"page\" data-id=\"100\">y\u00fcz-boyun<\/a> germe ameliyat\u0131, terc\u00fcman hizmeti ve havaalan\u0131\u2013otel\u2013hastane aras\u0131 transferleri kapsayan bir teklif ald\u0131m. <a href=\"https:\/\/medicaltravel.ch\/tr\/kozmetik-cerrahi\/tedavi-yelpazesi\/yuez-germe-facelift-tuerkiye-istanbul-antalya-izmir\/\" data-type=\"page\" data-id=\"100\">Toplam maliyet<\/a>, \u0130svi\u00e7re veya Almanya\u2019da \u00f6deyece\u011fim tutarlara k\u0131yasla \u00e7ok daha d\u00fc\u015f\u00fckt\u00fc. <\/p>\n<p>Hayat arkada\u015f\u0131m e\u015fli\u011finde \u0130stanbul\u2019a u\u00e7tuk. Havaliman\u0131nda bizi \u015fof\u00f6r kar\u015f\u0131lad\u0131 ve otele g\u00f6t\u00fcrd\u00fc. Kendisi t\u00fcm hafta boyunca bizimle ilgilendi. Yolculuk s\u0131ras\u0131nda, ertesi g\u00fcn beni <a href=\"https:\/\/medicaltravel.ch\/tr\/kozmetik-cerrahi\/hastaneler\/istanbuldaki-guezellik-klinigi\/\" data-type=\"page\" data-id=\"78\">hastaneye <\/a>g\u00f6t\u00fcrecek olan terc\u00fcman benimle ileti\u015fime ge\u00e7ti ve t\u00fcm idari i\u015flemleri benimle birlikte halletti. \u00d6n muayeneler s\u0131ras\u0131nda da hem bana hem de hastane personeline destek oldu.    <\/p>\n<p>Operasyon sorunsuz bir \u015fekilde tamamland\u0131ktan sonra d\u00fczenli olarak kontrol edildim, benimle yak\u0131ndan ilgilenildi ve ihtiya\u00e7 duydu\u011fum her \u015fey sa\u011fland\u0131. Hem\u015fireler \u00e7ok az \u0130ngilizce veya Almanca konu\u015fuyordu, bu noktada bir \u00e7eviri uygulamas\u0131 olduk\u00e7a i\u015fime yarad\u0131. Odam olduk\u00e7a geni\u015f, temiz ve ferah bir ortama sahipti. 6. kattan \u0130stanbul manzaras\u0131 ger\u00e7ekten \u00e7ok g\u00fczeldi. Hayat arkada\u015f\u0131m istedi\u011fi her an yan\u0131mda olabildi.    <\/p>\n<p>Ameliyattan sonraki g\u00fcn Dr. Kayiran bask\u0131 bandaj\u0131n\u0131 yeniledi ve mide bulant\u0131m oldu\u011fu i\u00e7in hastanede bir g\u00fcn daha kalmam konusunda anla\u015ft\u0131k. Ameliyattan sonraki ikinci g\u00fcn Dr. Kayiran tekrar kontrol etti ve bandaj\u0131 yeniden ayarlad\u0131. Gerekli ila\u00e7lar i\u00e7in re\u00e7ete verildi ve ard\u0131ndan otele d\u00f6nebildim.<br \/>Toplamda \u0130stanbul\u2019da dokuz g\u00fcn kald\u0131k. Doktor kontrolleri d\u00fczenli olarak planlanm\u0131\u015ft\u0131.   <strong>Son derece profesyonel ve ayn\u0131 zamanda anlay\u0131\u015fl\u0131 bir \u015fekilde benimle ilgilenildi.<\/strong> Gerekti\u011finde her zaman bir terc\u00fcman haz\u0131r bulunuyordu.<\/p>\n<p>\u0130svi\u00e7re\u2019ye d\u00f6n\u00fc\u015ften \u00f6nce, c\u0131rt c\u0131rtl\u0131, daha az dikkat \u00e7eken ve takmas\u0131 daha rahat olan bir bandaj verildi. \u00dc\u00e7\u00fcnc\u00fc g\u00fcnde kendimi o kadar iyi hissediyordum ki gezmeye \u00e7\u0131kmaya haz\u0131rd\u0131m. Livinton Otel, \u0130stanbul\u2019un Anadolu Yakas\u0131\u2019nda sakin bir semtte yer al\u0131yor. Y\u00fcr\u00fcme mesafesinde bir\u00e7ok restoran ve al\u0131\u015fveri\u015f merkezi bulunuyor. Ayr\u0131ca taksi ve vapurla s\u0131k s\u0131k \u015fehirde dola\u015f\u0131p \u0130stanbul\u2019un en g\u00fczel turistik yerlerini gezdik. Genel olarak her \u015fey kusursuz \u015fekilde organize edilmi\u015fti.    <\/p>\n<p>\u0130nsanlar \u00e7ok g\u00fcler y\u00fczl\u00fc ve yard\u0131mseverdi. \u0130stanbul\u2019daki tedavi s\u00fcrecim boyunca, tedavi \u00f6ncesinde, s\u0131ras\u0131nda ve sonras\u0131nda kendimi son derece profesyonel, anlay\u0131\u015fl\u0131 bir \u015fekilde kar\u015f\u0131lanm\u0131\u015f ve g\u00fcvende hissettim. \u0130yile\u015fme s\u00fcreci \u00e7ok iyi ilerliyor ve 4 hafta sonunda sonu\u00e7tan \u00e7ok memnunum. <\/p>\n<p><strong>Bu ad\u0131m\u0131 att\u0131\u011f\u0131ma \u00e7ok memnunum ve her zaman tekrar yapard\u0131m.<\/strong><\/p>\n<p>De\u011ferli MedicalTravel Ekibi, profesyonel deste\u011finiz i\u00e7in \u00e7ok te\u015fekk\u00fcr ederiz. <strong>Sizi her zaman tavsiye ederim.<\/strong><\/p>\n<p>Anne S.<\/p>\n\n\n<div class=\"wp-block-group is-layout-grid wp-container-core-group-is-layout-baef362d wp-block-group-is-layout-grid\">\n<p><a href=\"https:\/\/medicaltravel.at\/home\/agb\/\" data-type=\"page\" data-id=\"2191\" rel=\"nofollow noopener\" target=\"_blank\"><\/a><a href=\"https:\/\/medicaltravel.ch\/tr\/hasta-raporlari\/referanslar-tavsiyeler-tedaviler-degerlendirmeler-turkiye-istanbul\/istanbulda-meme-implantlari-hakkinda-hasta-yorumlari\/\" data-type=\"link\" data-id=\"https:\/\/medicaltravel.ch\/tr\/hasta-raporlari\/referanslar-tavsiyeler-tedaviler-degerlendirmeler-turkiye-istanbul\/istanbulda-meme-implantlari-hakkinda-hasta-yorumlari\/\">\u00d6nceki rapor<\/a><\/p>\n\n\n\n<p class=\"has-text-align-right wp-container-content-5e2576f9\"><a href=\"https:\/\/medicaltravel.at\/home\/impressum\/\" data-type=\"page\" data-id=\"2193\" rel=\"nofollow noopener\" target=\"_blank\"><\/a><a href=\"https:\/\/medicaltravel.at\/home\/berichte-von-patienten\/erfahrungsberichte\/erfahrungsbericht-zahnbehandlung-in-istanbul\/\" data-type=\"page\" data-id=\"981\" rel=\"nofollow noopener\" target=\"_blank\"><\/a><a href=\"https:\/\/medicaltravel.ch\/tr\/hasta-raporlari\/referanslar-tavsiyeler-tedaviler-degerlendirmeler-turkiye-istanbul\/hasta-incelemesi-tuerkiye-hasta-raporu-bodylift-istanbul\/\" data-type=\"link\" data-id=\"https:\/\/medicaltravel.ch\/tr\/hasta-raporlari\/referanslar-tavsiyeler-tedaviler-degerlendirmeler-turkiye-istanbul\/hasta-incelemesi-tuerkiye-hasta-raporu-bodylift-istanbul\/\">Sonraki rapor<\/a><\/p>\n<\/div>\n","protected":false},"excerpt":{"rendered":"<p>1.11.2024 tarihinde \u0130stanbul-T\u00fcrkiye\u2019de yap\u0131lan y\u00fcz-boyun germe ameliyat\u0131 deneyimimUzun s\u00fcredir y\u00fcz ve boyun germe konusu ile ilgileniyordum. \u0130svi\u00e7re ve Almanya\u2019da yapt\u0131\u011f\u0131m g\u00f6r\u00fc\u015fmelerden sonra, aile hekimim beni MedicalTravel ile tan\u0131\u015ft\u0131rd\u0131. Bu \u015fekilde, \u00f6zel bir beklentim olmadan Langgasse\u2019deki ofise ba\u015fvurdum. Say\u0131n Kara benim i\u00e7in Zug\u2019da Prof. Dr. Kayiran (T\u00fcrkiye\u2019de resmi akademik unvana sahip) ile \u00fccretsiz ve ba\u011flay\u0131c\u0131 olmayan bir dan\u0131\u015fmanl\u0131k g\u00f6r\u00fc\u015fmesi ayarlad\u0131. Bu g\u00f6r\u00fc\u015fmede bana nelerin m\u00fcmk\u00fcn oldu\u011fu, ameliyat \u00f6ncesi ve ameliyat sonras\u0131 s\u00fcrecin benim i\u00e7in nas\u0131l ilerleyece\u011fi a\u00e7\u0131k bir \u015fekilde anlat\u0131ld\u0131. Detayl\u0131 bir de\u011ferlendirme s\u00fcrecinden sonra ve doktora duydu\u011fum g\u00fcven sayesinde, bu operasyonu \u0130stanbul\u2019da yapt\u0131rmaya karar verdim.T\u00fcm organizasyon Say\u0131n Kara ve ekibi taraf\u0131ndan yap\u0131ld\u0131. U\u00e7ak, otel, y\u00fcz-boyun germe ameliyat\u0131, terc\u00fcman hizmeti ve havaalan\u0131\u2013otel\u2013hastane aras\u0131 transferleri kapsayan bir teklif ald\u0131m. Toplam maliyet, \u0130svi\u00e7re veya Almanya\u2019da \u00f6deyece\u011fim tutarlara k\u0131yasla \u00e7ok daha d\u00fc\u015f\u00fckt\u00fc. Hayat arkada\u015f\u0131m e\u015fli\u011finde \u0130stanbul\u2019a u\u00e7tuk. Havaliman\u0131nda bizi \u015fof\u00f6r kar\u015f\u0131lad\u0131 ve otele g\u00f6t\u00fcrd\u00fc. Kendisi t\u00fcm hafta boyunca bizimle ilgilendi. Yolculuk s\u0131ras\u0131nda, ertesi g\u00fcn beni hastaneye g\u00f6t\u00fcrecek olan terc\u00fcman benimle ileti\u015fime ge\u00e7ti ve t\u00fcm idari i\u015flemleri benimle birlikte halletti. \u00d6n muayeneler s\u0131ras\u0131nda da hem bana hem de hastane personeline destek oldu. Operasyon sorunsuz bir \u015fekilde tamamland\u0131ktan sonra d\u00fczenli olarak kontrol edildim, benimle yak\u0131ndan ilgilenildi ve ihtiya\u00e7 duydu\u011fum her \u015fey sa\u011fland\u0131. Hem\u015fireler \u00e7ok az \u0130ngilizce veya Almanca konu\u015fuyordu, bu noktada bir \u00e7eviri uygulamas\u0131 olduk\u00e7a i\u015fime yarad\u0131. Odam olduk\u00e7a geni\u015f, temiz ve ferah bir ortama sahipti. 6. kattan \u0130stanbul manzaras\u0131 ger\u00e7ekten \u00e7ok g\u00fczeldi. Hayat arkada\u015f\u0131m istedi\u011fi her an yan\u0131mda olabildi. Ameliyattan sonraki g\u00fcn Dr. Kayiran bask\u0131 bandaj\u0131n\u0131 yeniledi ve mide bulant\u0131m oldu\u011fu i\u00e7in hastanede bir g\u00fcn daha kalmam konusunda anla\u015ft\u0131k. Ameliyattan sonraki ikinci g\u00fcn Dr. Kayiran tekrar kontrol etti ve bandaj\u0131 yeniden ayarlad\u0131. Gerekli ila\u00e7lar i\u00e7in re\u00e7ete verildi ve ard\u0131ndan otele d\u00f6nebildim.Toplamda \u0130stanbul\u2019da dokuz g\u00fcn kald\u0131k. Doktor kontrolleri d\u00fczenli olarak planlanm\u0131\u015ft\u0131. Son derece profesyonel ve ayn\u0131 zamanda anlay\u0131\u015fl\u0131 bir \u015fekilde benimle ilgilenildi. Gerekti\u011finde her zaman bir terc\u00fcman haz\u0131r bulunuyordu. \u0130svi\u00e7re\u2019ye d\u00f6n\u00fc\u015ften \u00f6nce, c\u0131rt c\u0131rtl\u0131, daha az dikkat \u00e7eken ve takmas\u0131 daha rahat olan bir bandaj verildi. \u00dc\u00e7\u00fcnc\u00fc g\u00fcnde kendimi o kadar iyi hissediyordum ki gezmeye \u00e7\u0131kmaya haz\u0131rd\u0131m. Livinton Otel, \u0130stanbul\u2019un Anadolu Yakas\u0131\u2019nda sakin bir semtte yer al\u0131yor. Y\u00fcr\u00fcme mesafesinde bir\u00e7ok restoran ve al\u0131\u015fveri\u015f merkezi bulunuyor. Ayr\u0131ca taksi ve vapurla s\u0131k s\u0131k \u015fehirde dola\u015f\u0131p \u0130stanbul\u2019un en g\u00fczel turistik yerlerini gezdik. Genel olarak her \u015fey kusursuz \u015fekilde organize edilmi\u015fti. \u0130nsanlar \u00e7ok g\u00fcler y\u00fczl\u00fc ve yard\u0131mseverdi. \u0130stanbul\u2019daki tedavi s\u00fcrecim boyunca, tedavi \u00f6ncesinde, s\u0131ras\u0131nda ve sonras\u0131nda kendimi son derece profesyonel, anlay\u0131\u015fl\u0131 bir \u015fekilde kar\u015f\u0131lanm\u0131\u015f ve g\u00fcvende hissettim. \u0130yile\u015fme s\u00fcreci \u00e7ok iyi ilerliyor ve 4 hafta sonunda sonu\u00e7tan \u00e7ok memnunum. Bu ad\u0131m\u0131 att\u0131\u011f\u0131ma \u00e7ok memnunum ve her zaman tekrar yapard\u0131m. De\u011ferli MedicalTravel Ekibi, profesyonel deste\u011finiz i\u00e7in \u00e7ok te\u015fekk\u00fcr ederiz. Sizi her zaman tavsiye ederim. Anne S. \u00d6nceki rapor Sonraki rapor<\/p>\n","protected":false},"author":4,"featured_media":0,"parent":4587,"menu_order":0,"comment_status":"closed","ping_status":"closed","template":"","meta":{"_joinchat":[],"footnotes":""},"class_list":["post-4803","page","type-page","status-publish","hentry"],"acf":[],"_links":{"self":[{"href":"https:\/\/medicaltravel.ch\/tr\/wp-json\/wp\/v2\/pages\/4803","targetHints":{"allow":["GET"]}}],"collection":[{"href":"https:\/\/medicaltravel.ch\/tr\/wp-json\/wp\/v2\/pages"}],"about":[{"href":"https:\/\/medicaltravel.ch\/tr\/wp-json\/wp\/v2\/types\/page"}],"author":[{"embeddable":true,"href":"https:\/\/medicaltravel.ch\/tr\/wp-json\/wp\/v2\/users\/4"}],"replies":[{"embeddable":true,"href":"https:\/\/medicaltravel.ch\/tr\/wp-json\/wp\/v2\/comments?post=4803"}],"version-history":[{"count":0,"href":"https:\/\/medicaltravel.ch\/tr\/wp-json\/wp\/v2\/pages\/4803\/revisions"}],"up":[{"embeddable":true,"href":"https:\/\/medicaltravel.ch\/tr\/wp-json\/wp\/v2\/pages\/4587"}],"wp:attachment":[{"href":"https:\/\/medicaltravel.ch\/tr\/wp-json\/wp\/v2\/media?parent=4803"}],"curies":[{"name":"wp","href":"https:\/\/api.w.org\/{rel}","templated":true}]}}