{"id":4886,"date":"2025-09-17T12:07:47","date_gmt":"2025-09-17T11:07:47","guid":{"rendered":"https:\/\/medicaltravel.ch\/hasta-raporlari\/patientenberichte-haartransplantation-tuerkei\/"},"modified":"2026-01-10T02:53:37","modified_gmt":"2026-01-10T01:53:37","slug":"turkiyede-sac-ekimi-hastalarinin-yorumlari","status":"publish","type":"page","link":"https:\/\/medicaltravel.ch\/tr\/hasta-raporlari\/turkiyede-sac-ekimi-hastalarinin-yorumlari\/","title":{"rendered":"T\u00fcrkiye&#8217;de Sa\u00e7 Ekimi Hastalar\u0131n\u0131n Yorumlar\u0131"},"content":{"rendered":"\t\t<div data-elementor-type=\"wp-page\" data-elementor-id=\"4886\" class=\"elementor elementor-4886 elementor-215\" data-elementor-post-type=\"page\">\n\t\t\t\t<div class=\"elementor-element elementor-element-2460060e e-flex e-con-boxed wpr-particle-no wpr-jarallax-no wpr-parallax-no wpr-sticky-section-no wpr-equal-height-no e-con e-parent\" data-id=\"2460060e\" data-element_type=\"container\" data-e-type=\"container\">\n\t\t\t\t\t<div class=\"e-con-inner\">\n\t\t<div class=\"elementor-element elementor-element-69c3df6 e-con-full e-flex wpr-particle-no wpr-jarallax-no wpr-parallax-no wpr-sticky-section-no wpr-equal-height-no e-con e-child\" data-id=\"69c3df6\" data-element_type=\"container\" data-e-type=\"container\">\n\t\t\t\t<div class=\"elementor-element elementor-element-051a1c9 elementor-widget elementor-widget-button\" data-id=\"051a1c9\" data-element_type=\"widget\" data-e-type=\"widget\" data-widget_type=\"button.default\">\n\t\t\t\t\t\t\t\t\t\t<a class=\"elementor-button elementor-button-link elementor-size-sm\" href=\"https:\/\/medicaltravel.ch\/tr\/hasta-raporlari\/video-erfahrungsberichte-patienten-beurteilung-tuerkei-istanbul\/\">\n\t\t\t\t\t\t<span class=\"elementor-button-content-wrapper\">\n\t\t\t\t\t\t\t\t\t<span class=\"elementor-button-text\">videolar<\/span>\n\t\t\t\t\t<\/span>\n\t\t\t\t\t<\/a>\n\t\t\t\t\t\t\t\t<\/div>\n\t\t\t\t<div class=\"elementor-element elementor-element-72af0c3 elementor-widget elementor-widget-button\" data-id=\"72af0c3\" data-element_type=\"widget\" data-e-type=\"widget\" data-widget_type=\"button.default\">\n\t\t\t\t\t\t\t\t\t\t<a class=\"elementor-button elementor-button-link elementor-size-sm\" href=\"https:\/\/medicaltravel.ch\/tr\/hasta-raporlari\/erfahrungsberichte-empfehlungen-behandlungen-beurteilung-tuerkei-istanbul\/\">\n\t\t\t\t\t\t<span class=\"elementor-button-content-wrapper\">\n\t\t\t\t\t\t\t\t\t<span class=\"elementor-button-text\">En yeni<\/span>\n\t\t\t\t\t<\/span>\n\t\t\t\t\t<\/a>\n\t\t\t\t\t\t\t\t<\/div>\n\t\t\t\t<div class=\"elementor-element elementor-element-484e207 elementor-widget elementor-widget-button\" data-id=\"484e207\" data-element_type=\"widget\" data-e-type=\"widget\" data-widget_type=\"button.default\">\n\t\t\t\t\t\t\t\t\t\t<a class=\"elementor-button elementor-button-link elementor-size-sm\" href=\"https:\/\/medicaltravel.ch\/tr\/hasta-raporlari\/erfahrungsberichte-behandlungen-tuerkei\/\">\n\t\t\t\t\t\t<span class=\"elementor-button-content-wrapper\">\n\t\t\t\t\t\t\t\t\t<span class=\"elementor-button-text\">Deneyim raporlar\u0131<\/span>\n\t\t\t\t\t<\/span>\n\t\t\t\t\t<\/a>\n\t\t\t\t\t\t\t\t<\/div>\n\t\t\t\t<div class=\"elementor-element elementor-element-c3148ff elementor-widget elementor-widget-button\" data-id=\"c3148ff\" data-element_type=\"widget\" data-e-type=\"widget\" data-widget_type=\"button.default\">\n\t\t\t\t\t\t\t\t\t\t<a class=\"elementor-button elementor-button-link elementor-size-sm\" href=\"https:\/\/medicaltravel.ch\/tr\/hasta-raporlari\/patientenberichte-haartransplantation-tuerkei\/\">\n\t\t\t\t\t\t<span class=\"elementor-button-content-wrapper\">\n\t\t\t\t\t\t\t\t\t<span class=\"elementor-button-text\">Hasta raporlar\u0131<\/span>\n\t\t\t\t\t<\/span>\n\t\t\t\t\t<\/a>\n\t\t\t\t\t\t\t\t<\/div>\n\t\t\t\t<div class=\"elementor-element elementor-element-ad888a4 elementor-widget elementor-widget-button\" data-id=\"ad888a4\" data-element_type=\"widget\" data-e-type=\"widget\" data-widget_type=\"button.default\">\n\t\t\t\t\t\t\t\t\t\t<a class=\"elementor-button elementor-button-link elementor-size-sm\" href=\"https:\/\/medicaltravel.ch\/tr\/hasta-raporlari\/erfahrungsberichte-schoenheits-op-istanbul\/\">\n\t\t\t\t\t\t<span class=\"elementor-button-content-wrapper\">\n\t\t\t\t\t\t\t\t\t<span class=\"elementor-button-text\">Hasta de\u011ferlendirmeleri<\/span>\n\t\t\t\t\t<\/span>\n\t\t\t\t\t<\/a>\n\t\t\t\t\t\t\t\t<\/div>\n\t\t\t\t<div class=\"elementor-element elementor-element-867b4bd elementor-widget elementor-widget-button\" data-id=\"867b4bd\" data-element_type=\"widget\" data-e-type=\"widget\" data-widget_type=\"button.default\">\n\t\t\t\t\t\t\t\t\t\t<a class=\"elementor-button elementor-button-link elementor-size-sm\" href=\"https:\/\/medicaltravel.ch\/tr\/hasta-raporlari\/reviews-augenbehandlungen\/\">\n\t\t\t\t\t\t<span class=\"elementor-button-content-wrapper\">\n\t\t\t\t\t\t\t\t\t<span class=\"elementor-button-text\">Yorumlar<\/span>\n\t\t\t\t\t<\/span>\n\t\t\t\t\t<\/a>\n\t\t\t\t\t\t\t\t<\/div>\n\t\t\t\t<div class=\"elementor-element elementor-element-9c41f56 elementor-widget elementor-widget-button\" data-id=\"9c41f56\" data-element_type=\"widget\" data-e-type=\"widget\" data-widget_type=\"button.default\">\n\t\t\t\t\t\t\t\t\t\t<a class=\"elementor-button elementor-button-link elementor-size-sm\" href=\"https:\/\/medicaltravel.ch\/tr\/hasta-raporlari\/yasli-hastalarin-raporlari\/\">\n\t\t\t\t\t\t<span class=\"elementor-button-content-wrapper\">\n\t\t\t\t\t\t\t\t\t<span class=\"elementor-button-text\">Ya\u015fl\u0131 hastalar\u0131n raporlar\u0131<\/span>\n\t\t\t\t\t<\/span>\n\t\t\t\t\t<\/a>\n\t\t\t\t\t\t\t\t<\/div>\n\t\t\t\t<\/div>\n\t\t\t\t<div class=\"elementor-element elementor-element-564497b9 elementor-widget elementor-widget-text-editor\" data-id=\"564497b9\" data-element_type=\"widget\" data-e-type=\"widget\" data-widget_type=\"text-editor.default\">\n\t\t\t\t\t\t\t\t\t<ul class=\"wp-block-list\"><li><a href=\"https:\/\/medicaltravel.ch\/tr\/hasta-raporlari\/turkiyede-sac-ekimi-hastalarinin-yorumlari\/swisslasik-deneyim-raporu-1-ocak-2012-pazar-tarihli-rapor\/\" data-type=\"page\" data-id=\"922\">Swisslasik deneyim raporu \u2013 1 Ocak 2012 Pazar tarihli rapor<\/a><\/li>\n<li><a href=\"https:\/\/medicaltravel.ch\/tr\/hasta-raporlari\/turkiyede-sac-ekimi-hastalarinin-yorumlari\/istanbulda-lasik-goez-ameliyati-deneyim-raporu-2-aralik-2011-2-aralik-2011-cuma-tarihli-rapor\/\" data-type=\"page\" data-id=\"924\">\u0130stanbul&#8217;da LASIK g\u00f6z ameliyat\u0131 deneyim raporu, 2 Aral\u0131k 2011 \u2013 2 Aral\u0131k 2011 Cuma tarihli rapor<\/a><\/li>\n<li><a href=\"https:\/\/medicaltravel.ch\/tr\/hasta-raporlari\/turkiyede-sac-ekimi-hastalarinin-yorumlari\/istanbulda-lazer-goez-ameliyati-deneyim-raporu-30-kasim-2011-carsamba-tarihli-rapor\/\" data-type=\"page\" data-id=\"926\">\u0130stanbul&#8217;da Lazer G\u00f6z Ameliyat\u0131 Deneyim Raporu \u2013 30 Kas\u0131m 2011 \u00c7ar\u015famba Tarihli Rapor<\/a><\/li>\n<li><a href=\"https:\/\/medicaltravel.ch\/tr\/hasta-raporlari\/turkiyede-sac-ekimi-hastalarinin-yorumlari\/istanbulda-lazer-goez-ameliyati-hayatimin-en-iyi-kararlarindan-biriydi-30-kasim-2011-carsamba-tarihli-rapor\/\" data-type=\"page\" data-id=\"928\">\u0130stanbul&#8217;da lazer g\u00f6z ameliyat\u0131, hayat\u0131m\u0131n en iyi kararlar\u0131ndan biriydi \u2013 30 Kas\u0131m 2011 \u00c7ar\u015famba tarihli rapor<\/a><\/li>\n<li><a href=\"https:\/\/medicaltravel.ch\/tr\/hasta-raporlari\/turkiyede-sac-ekimi-hastalarinin-yorumlari\/istanbul-acibadem-hastanesinde-18-ekim-2011-tarihinde-gecirdigim-lazer-goez-ameliyatim-29-kasim-2011-sali-tarihli-rapor\/\" data-type=\"page\" data-id=\"930\">\u0130stanbul Ac\u0131badem Hastanesi&#8217;nde 18 Ekim 2011 tarihinde ge\u00e7irdi\u011fim lazer g\u00f6z ameliyat\u0131m \u2013 29 Kas\u0131m 2011 Sal\u0131 tarihli rapor.<\/a><\/li>\n<li><a href=\"https:\/\/medicaltravel.ch\/tr\/hasta-raporlari\/turkiyede-sac-ekimi-hastalarinin-yorumlari\/istanbuldaki-lasik-tedavim-17-agustos-2011-carsamba-tarihli-rapor\/\" data-type=\"page\" data-id=\"933\">\u0130stanbul&#8217;daki LASIK tedavim \u2013 17 A\u011fustos 2011 \u00c7ar\u015famba tarihli rapor<\/a><\/li>\n<li><a href=\"https:\/\/medicaltravel.ch\/tr\/hasta-raporlari\/turkiyede-sac-ekimi-hastalarinin-yorumlari\/acibadem-hastanesinde-istanbuldaki-kisirlik-tedavimiz-14-agustos-2011-pazar-tarihli-rapor\/\" data-type=\"page\" data-id=\"935\">Ac\u0131badem Hastanesi&#8217;nde \u0130stanbul&#8217;daki k\u0131s\u0131rl\u0131k tedavimiz &#8211; 14 A\u011fustos 2011 Pazar tarihli rapor<\/a><\/li>\n<li><a href=\"https:\/\/medicaltravel.ch\/tr\/hasta-raporlari\/turkiyede-sac-ekimi-hastalarinin-yorumlari\/istanbul-acibadem-hastanesinde-yaptirdigim-liposuction-islemine-dair-rapor-7-agustos-2011-pazar\/\" data-type=\"page\" data-id=\"937\">\u0130stanbul Ac\u0131badem Hastanesi&#8217;nde yapt\u0131rd\u0131\u011f\u0131m liposuction i\u015flemine dair rapor \u2013 7 A\u011fustos 2011, Pazar<\/a><\/li>\n<li><a href=\"https:\/\/medicaltravel.ch\/tr\/hasta-raporlari\/turkiyede-sac-ekimi-hastalarinin-yorumlari\/istanbuldaki-dis-tedavim-6-agustos-2011-cumartesi-tarihli-rapor\/\" data-type=\"page\" data-id=\"939\">\u0130stanbul&#8217;daki di\u015f tedavim \u2013 6 A\u011fustos 2011 Cumartesi tarihli rapor<\/a><\/li>\n<li><a href=\"https:\/\/medicaltravel.ch\/tr\/hasta-raporlari\/turkiyede-sac-ekimi-hastalarinin-yorumlari\/istanbulda-goez-ameliyatlari-yasam-kalitesinde-bueyuek-artis-3-agustos-2011-carsamba-tarihli-rapor\/\" data-type=\"page\" data-id=\"941\">\u0130stanbul&#8217;da g\u00f6z ameliyatlar\u0131 \u2013 ya\u015fam kalitesinde b\u00fcy\u00fck art\u0131\u015f \u2013 3 A\u011fustos 2011 \u00c7ar\u015famba tarihli rapor<\/a><\/li>\n<li><a href=\"https:\/\/medicaltravel.ch\/tr\/hasta-raporlari\/turkiyede-sac-ekimi-hastalarinin-yorumlari\/max-muellerin-22-martta-istanbulda-gerceklestirdigi-lasik-ameliyati-hakkindaki-deneyim-raporu-29-haziran-2011-carsamba-tarihli-rapor\/\" data-type=\"page\" data-id=\"943\">Max M\u00fcller&#8217;in 22 Mart&#8217;ta \u0130stanbul&#8217;da ger\u00e7ekle\u015ftirdi\u011fi LASIK ameliyat\u0131 hakk\u0131ndaki deneyim raporu \u2013 29 Haziran 2011 \u00c7ar\u015famba tarihli rapor.<\/a><\/li>\n<li><a href=\"https:\/\/medicaltravel.ch\/tr\/hasta-raporlari\/turkiyede-sac-ekimi-hastalarinin-yorumlari\/21-nisan-2011deki-goez-lazer-ameliyati-yolculugum-13-haziran-2011-pazartesi-tarihli-rapor\/\" data-type=\"page\" data-id=\"945\">21 Nisan 2011&#8217;deki g\u00f6z lazer ameliyat\u0131 yolculu\u011fum \u2013 13 Haziran 2011 Pazartesi tarihli rapor<\/a><\/li>\n<li><a href=\"https:\/\/medicaltravel.ch\/tr\/hasta-raporlari\/turkiyede-sac-ekimi-hastalarinin-yorumlari\/istanbuldaki-dis-tedavim-4-haziran-2011-cumartesi-tarihli-rapor\/\" data-type=\"page\" data-id=\"947\">\u0130stanbul&#8217;daki di\u015f tedavim \u2013 4 Haziran 2011 Cumartesi tarihli rapor<\/a><\/li>\n<li><a href=\"https:\/\/medicaltravel.ch\/tr\/hasta-raporlari\/turkiyede-sac-ekimi-hastalarinin-yorumlari\/2011-nisan-ayindaki-lazer-goez-ameliyatim-2-haziran-2011-persembe-tarihli-rapor\/\" data-type=\"page\" data-id=\"949\">2011 Nisan ay\u0131ndaki lazer g\u00f6z ameliyat\u0131m \u2013 2 Haziran 2011 Per\u015fembe tarihli rapor<\/a><\/li>\n<li><a href=\"https:\/\/medicaltravel.ch\/tr\/hasta-raporlari\/turkiyede-sac-ekimi-hastalarinin-yorumlari\/istanbuldaki-lasek-deneyimim-26-mayis-2011-persembe-tarihli-rapor\/\" data-type=\"page\" data-id=\"951\">\u0130stanbul&#8217;daki LASEK deneyimim \u2013 26 May\u0131s 2011 Per\u015fembe tarihli rapor<\/a><\/li>\n<li><a href=\"https:\/\/medicaltravel.ch\/tr\/hasta-raporlari\/turkiyede-sac-ekimi-hastalarinin-yorumlari\/yeni-kazanilan-yasam-kalitesi-21-mayis-2011-cumartesi-tarihli-rapor\/\" data-type=\"page\" data-id=\"953\">Yeni kazan\u0131lan ya\u015fam kalitesi \u2013 21 May\u0131s 2011 Cumartesi tarihli rapor<\/a><\/li>\n<li><a href=\"https:\/\/medicaltravel.ch\/tr\/hasta-raporlari\/turkiyede-sac-ekimi-hastalarinin-yorumlari\/7-nisan-2011-tarihli-lazer-goez-ameliyati-deneyim-raporu-29-nisan-2011-cuma-tarihli-rapor\/\" data-type=\"page\" data-id=\"959\">7 Nisan 2011 tarihli lazer g\u00f6z ameliyat\u0131 deneyim raporu \u2013 29 Nisan 2011 Cuma tarihli rapor<\/a><\/li>\n<li><a href=\"https:\/\/medicaltravel.ch\/tr\/hasta-raporlari\/turkiyede-sac-ekimi-hastalarinin-yorumlari\/deneyim-raporu-istanbulda-lasik-ameliyati-mart-2011-11-nisan-2011-pazartesi-tarihli-rapor-2\/\" data-type=\"page\" data-id=\"957\">Deneyim raporu: \u0130stanbul&#8217;da LASIK ameliyat\u0131, Mart 2011 \u2013 11 Nisan 2011 Pazartesi tarihli rapor<\/a><\/li>\n<li><a href=\"https:\/\/medicaltravel.ch\/tr\/hasta-raporlari\/turkiyede-sac-ekimi-hastalarinin-yorumlari\/24-subat-2011de-istanbulda-gecirdigim-lazer-goez-ameliyati-deneyimim-23-mart-2011-carsamba-tarihli-rapor\/\" data-type=\"page\" data-id=\"961\">24 \u015eubat 2011&#8217;de \u0130stanbul&#8217;da ge\u00e7irdi\u011fim lazer g\u00f6z ameliyat\u0131 deneyimim \u2013 23 Mart 2011 \u00c7ar\u015famba tarihli rapor <\/a><\/li>\n<li><a href=\"https:\/\/medicaltravel.ch\/tr\/hasta-raporlari\/turkiyede-sac-ekimi-hastalarinin-yorumlari\/marcel-kaufmann-tarafindan-14-ocak-2011-tarihinde-gerceklestirilen-lasik-goez-ameliyatina-iliskin-deneyim-raporu-16-subat-2011-carsamba-tarihli-rapor\/\" data-type=\"page\" data-id=\"963\">Marcel Kaufmann taraf\u0131ndan 14 Ocak 2011 tarihinde ger\u00e7ekle\u015ftirilen LASIK g\u00f6z ameliyat\u0131na ili\u015fkin deneyim raporu \u2013 16 \u015eubat 2011 \u00c7ar\u015famba tarihli rapor<\/a><\/li>\n<li><a href=\"https:\/\/medicaltravel.ch\/tr\/hasta-raporlari\/turkiyede-sac-ekimi-hastalarinin-yorumlari\/deneyim-raporu-istanbulda-lasik-ameliyati-28-ocak-2011-28-ocak-2011-cuma-tarihli-rapor\/\" data-type=\"page\" data-id=\"965\">Deneyim raporu: \u0130stanbul&#8217;da LASIK ameliyat\u0131 \u2013 28 Ocak 2011 \u2013 28 Ocak 2011 Cuma tarihli rapor<\/a><\/li>\n<\/ul>\t\t\t\t\t\t\t\t<\/div>\n\t\t\t\t\t<\/div>\n\t\t\t\t<\/div>\n\t\t\t\t<\/div>\n\t\t","protected":false},"excerpt":{"rendered":"<p>videolar En yeni Deneyim raporlar\u0131 Hasta raporlar\u0131 Hasta de\u011ferlendirmeleri Yorumlar Ya\u015fl\u0131 hastalar\u0131n raporlar\u0131 Swisslasik deneyim raporu \u2013 1 Ocak 2012 Pazar tarihli rapor \u0130stanbul&#8217;da LASIK g\u00f6z ameliyat\u0131 deneyim raporu, 2 Aral\u0131k 2011 \u2013 2 Aral\u0131k 2011 Cuma tarihli rapor \u0130stanbul&#8217;da Lazer G\u00f6z Ameliyat\u0131 Deneyim Raporu \u2013 30 Kas\u0131m 2011 \u00c7ar\u015famba Tarihli Rapor \u0130stanbul&#8217;da lazer g\u00f6z ameliyat\u0131, hayat\u0131m\u0131n en iyi kararlar\u0131ndan biriydi \u2013 30 Kas\u0131m 2011 \u00c7ar\u015famba tarihli rapor \u0130stanbul Ac\u0131badem Hastanesi&#8217;nde 18 Ekim 2011 tarihinde ge\u00e7irdi\u011fim lazer g\u00f6z ameliyat\u0131m \u2013 29 Kas\u0131m 2011 Sal\u0131 tarihli rapor. \u0130stanbul&#8217;daki LASIK tedavim \u2013 17 A\u011fustos 2011 \u00c7ar\u015famba tarihli rapor Ac\u0131badem Hastanesi&#8217;nde \u0130stanbul&#8217;daki k\u0131s\u0131rl\u0131k tedavimiz &#8211; 14 A\u011fustos 2011 Pazar tarihli rapor \u0130stanbul Ac\u0131badem Hastanesi&#8217;nde yapt\u0131rd\u0131\u011f\u0131m liposuction i\u015flemine dair rapor \u2013 7 A\u011fustos 2011, Pazar \u0130stanbul&#8217;daki di\u015f tedavim \u2013 6 A\u011fustos 2011 Cumartesi tarihli rapor \u0130stanbul&#8217;da g\u00f6z ameliyatlar\u0131 \u2013 ya\u015fam kalitesinde b\u00fcy\u00fck art\u0131\u015f \u2013 3 A\u011fustos 2011 \u00c7ar\u015famba tarihli rapor Max M\u00fcller&#8217;in 22 Mart&#8217;ta \u0130stanbul&#8217;da ger\u00e7ekle\u015ftirdi\u011fi LASIK ameliyat\u0131 hakk\u0131ndaki deneyim raporu \u2013 29 Haziran 2011 \u00c7ar\u015famba tarihli rapor. 21 Nisan 2011&#8217;deki g\u00f6z lazer ameliyat\u0131 yolculu\u011fum \u2013 13 Haziran 2011 Pazartesi tarihli rapor \u0130stanbul&#8217;daki di\u015f tedavim \u2013 4 Haziran 2011 Cumartesi tarihli rapor 2011 Nisan ay\u0131ndaki lazer g\u00f6z ameliyat\u0131m \u2013 2 Haziran 2011 Per\u015fembe tarihli rapor \u0130stanbul&#8217;daki LASEK deneyimim \u2013 26 May\u0131s 2011 Per\u015fembe tarihli rapor Yeni kazan\u0131lan ya\u015fam kalitesi \u2013 21 May\u0131s 2011 Cumartesi tarihli rapor 7 Nisan 2011 tarihli lazer g\u00f6z ameliyat\u0131 deneyim raporu \u2013 29 Nisan 2011 Cuma tarihli rapor Deneyim raporu: \u0130stanbul&#8217;da LASIK ameliyat\u0131, Mart 2011 \u2013 11 Nisan 2011 Pazartesi tarihli rapor 24 \u015eubat 2011&#8217;de \u0130stanbul&#8217;da ge\u00e7irdi\u011fim lazer g\u00f6z ameliyat\u0131 deneyimim \u2013 23 Mart 2011 \u00c7ar\u015famba tarihli rapor Marcel Kaufmann taraf\u0131ndan 14 Ocak 2011 tarihinde ger\u00e7ekle\u015ftirilen LASIK g\u00f6z ameliyat\u0131na ili\u015fkin deneyim raporu \u2013 16 \u015eubat 2011 \u00c7ar\u015famba tarihli rapor Deneyim raporu: \u0130stanbul&#8217;da LASIK ameliyat\u0131 \u2013 28 Ocak 2011 \u2013 28 Ocak 2011 Cuma tarihli rapor<\/p>\n","protected":false},"author":4,"featured_media":0,"parent":4419,"menu_order":0,"comment_status":"closed","ping_status":"closed","template":"","meta":{"_joinchat":[],"footnotes":""},"class_list":["post-4886","page","type-page","status-publish","hentry"],"acf":[],"_links":{"self":[{"href":"https:\/\/medicaltravel.ch\/tr\/wp-json\/wp\/v2\/pages\/4886","targetHints":{"allow":["GET"]}}],"collection":[{"href":"https:\/\/medicaltravel.ch\/tr\/wp-json\/wp\/v2\/pages"}],"about":[{"href":"https:\/\/medicaltravel.ch\/tr\/wp-json\/wp\/v2\/types\/page"}],"author":[{"embeddable":true,"href":"https:\/\/medicaltravel.ch\/tr\/wp-json\/wp\/v2\/users\/4"}],"replies":[{"embeddable":true,"href":"https:\/\/medicaltravel.ch\/tr\/wp-json\/wp\/v2\/comments?post=4886"}],"version-history":[{"count":0,"href":"https:\/\/medicaltravel.ch\/tr\/wp-json\/wp\/v2\/pages\/4886\/revisions"}],"up":[{"embeddable":true,"href":"https:\/\/medicaltravel.ch\/tr\/wp-json\/wp\/v2\/pages\/4419"}],"wp:attachment":[{"href":"https:\/\/medicaltravel.ch\/tr\/wp-json\/wp\/v2\/media?parent=4886"}],"curies":[{"name":"wp","href":"https:\/\/api.w.org\/{rel}","templated":true}]}}