{"id":5147,"date":"2025-09-17T10:05:42","date_gmt":"2025-09-17T09:05:42","guid":{"rendered":"https:\/\/medicaltravel.ch\/dializ-tatili\/istanbulda-dializ\/"},"modified":"2026-01-03T22:03:13","modified_gmt":"2026-01-03T21:03:13","slug":"istanbulda-dializ","status":"publish","type":"page","link":"https:\/\/medicaltravel.ch\/tr\/dializ-tatili\/istanbulda-dializ\/","title":{"rendered":"\u0130stanbul&#8217;da dializ"},"content":{"rendered":"\t\t<div data-elementor-type=\"wp-page\" data-elementor-id=\"5147\" class=\"elementor elementor-5147 elementor-197\" data-elementor-post-type=\"page\">\n\t\t\t\t<div class=\"elementor-element elementor-element-3e3fb7b9 e-flex e-con-boxed wpr-particle-no wpr-jarallax-no wpr-parallax-no wpr-sticky-section-no wpr-equal-height-no e-con e-parent\" data-id=\"3e3fb7b9\" data-element_type=\"container\" data-e-type=\"container\">\n\t\t\t\t\t<div class=\"e-con-inner\">\n\t\t<div class=\"elementor-element elementor-element-24f2fc6 e-con-full e-flex wpr-particle-no wpr-jarallax-no wpr-parallax-no wpr-sticky-section-no wpr-equal-height-no e-con e-child\" data-id=\"24f2fc6\" data-element_type=\"container\" data-e-type=\"container\">\n\t\t\t\t<div class=\"elementor-element elementor-element-5c7d804 elementor-widget elementor-widget-button\" data-id=\"5c7d804\" data-element_type=\"widget\" data-e-type=\"widget\" data-widget_type=\"button.default\">\n\t\t\t\t\t\t\t\t\t\t<a class=\"elementor-button elementor-button-link elementor-size-sm\" href=\"https:\/\/medicaltravel.ch\/dialyseurlaub\/dialyseferien\/\">\n\t\t\t\t\t\t<span class=\"elementor-button-content-wrapper\">\n\t\t\t\t\t\t\t\t\t<span class=\"elementor-button-text\">Dializ tatili<\/span>\n\t\t\t\t\t<\/span>\n\t\t\t\t\t<\/a>\n\t\t\t\t\t\t\t\t<\/div>\n\t\t\t\t<div class=\"elementor-element elementor-element-af211fa elementor-widget elementor-widget-button\" data-id=\"af211fa\" data-element_type=\"widget\" data-e-type=\"widget\" data-widget_type=\"button.default\">\n\t\t\t\t\t\t\t\t\t\t<a class=\"elementor-button elementor-button-link elementor-size-sm\" href=\"https:\/\/medicaltravel.ch\/tr\/dializ-tatili\/istanbulda-dializ\/\">\n\t\t\t\t\t\t<span class=\"elementor-button-content-wrapper\">\n\t\t\t\t\t\t\t\t\t<span class=\"elementor-button-text\">\u0130stanbul'da dializ<\/span>\n\t\t\t\t\t<\/span>\n\t\t\t\t\t<\/a>\n\t\t\t\t\t\t\t\t<\/div>\n\t\t\t\t<div class=\"elementor-element elementor-element-47c9116 elementor-widget elementor-widget-button\" data-id=\"47c9116\" data-element_type=\"widget\" data-e-type=\"widget\" data-widget_type=\"button.default\">\n\t\t\t\t\t\t\t\t\t\t<a class=\"elementor-button elementor-button-link elementor-size-sm\" href=\"https:\/\/medicaltravel.ch\/tr\/dializ-tatili\/denizde-dializ\/\">\n\t\t\t\t\t\t<span class=\"elementor-button-content-wrapper\">\n\t\t\t\t\t\t\t\t\t<span class=\"elementor-button-text\">Denizde dializ<\/span>\n\t\t\t\t\t<\/span>\n\t\t\t\t\t<\/a>\n\t\t\t\t\t\t\t\t<\/div>\n\t\t\t\t<\/div>\n\t\t\t\t<div class=\"elementor-element elementor-element-60043af5 elementor-widget elementor-widget-text-editor\" data-id=\"60043af5\" data-element_type=\"widget\" data-e-type=\"widget\" data-widget_type=\"text-editor.default\">\n\t\t\t\t\t\t\t\t\t\n<h2 class=\"wp-block-heading\">\u0130stanbul&#8217;da Dializ Tatili<\/h2>\n\n<h2 class=\"wp-block-heading\">\u0130stanbul&#8217;da Tatil Dializi<\/h2>\n\n<p><strong>G\u00fczel \u0130stanbul \u015fehrinin tad\u0131n\u0131 \u00e7\u0131kar\u0131rken tedavinize devam edebilirsiniz. \u0130kisini bir arada sunuyoruz! \ud83d\ude42 <\/strong><\/p>\n\n<p>\u0130stanbul&#8217;da bir\u00e7ok dializ klini\u011fi bulunmaktad\u0131r. Konaklaman\u0131za g\u00f6re en uygun klini\u011fi ayarl\u0131yoruz. <\/p>\n\n<p>Seyahatinizi ister kendiniz organize edebilir, isterseniz bizim arac\u0131l\u0131\u011f\u0131m\u0131zla rezervasyon yapabilirsiniz.<\/p>\n\n<p>\u00c7o\u011fu durumda, klinik ile oteliniz aras\u0131nda transfer sa\u011flanmas\u0131 m\u00fcmk\u00fcnd\u00fcr.<\/p>\n\n<p>Tedaviler genellikle Pazartesi&#8217;den Cumartesi&#8217;ye kadar yap\u0131labilir. Pazar g\u00fcnleri ise talep \u00fczerine m\u00fcmk\u00fcnd\u00fcr. <\/p>\n\n<p>\u0130\u015fte \u0130stanbul&#8217;daki diyaliz merkezlerinden birine ait birka\u00e7 foto\u011fraf:<\/p>\n\n<figure class=\"wp-block-image size-full\"><img fetchpriority=\"high\" decoding=\"async\" width=\"300\" height=\"300\" class=\"wp-image-589\" src=\"https:\/\/medicaltravel.ch\/wp-content\/uploads\/2025\/09\/Istanbul-da-diyaliz-tedavisi.jpg\" alt=\"\" srcset=\"https:\/\/medicaltravel.ch\/wp-content\/uploads\/2025\/09\/Istanbul-da-diyaliz-tedavisi.jpg 300w, https:\/\/medicaltravel.ch\/wp-content\/uploads\/2025\/09\/Istanbul-da-diyaliz-tedavisi-150x150.jpg 150w\" sizes=\"(max-width: 300px) 100vw, 300px\" \/><\/figure>\n\n<figure class=\"wp-block-image size-full\"><img decoding=\"async\" width=\"300\" height=\"600\" class=\"wp-image-592\" src=\"https:\/\/medicaltravel.ch\/wp-content\/uploads\/2025\/09\/Istanbul-da-modern-diyaliz-merkezi.jpg\" alt=\"\" srcset=\"https:\/\/medicaltravel.ch\/wp-content\/uploads\/2025\/09\/Istanbul-da-modern-diyaliz-merkezi.jpg 300w, https:\/\/medicaltravel.ch\/wp-content\/uploads\/2025\/09\/Istanbul-da-modern-diyaliz-merkezi-150x300.jpg 150w\" sizes=\"(max-width: 300px) 100vw, 300px\" \/><\/figure>\n\n<figure class=\"wp-block-image size-full\"><img decoding=\"async\" width=\"300\" height=\"150\" class=\"wp-image-593\" src=\"https:\/\/medicaltravel.ch\/wp-content\/uploads\/2025\/09\/Istanbulda-diyaliz-klinigi-300x150-1.jpg\" alt=\"\"><\/figure>\n\n<figure class=\"wp-block-image size-full\"><img loading=\"lazy\" decoding=\"async\" width=\"300\" height=\"300\" class=\"wp-image-590\" src=\"https:\/\/medicaltravel.ch\/wp-content\/uploads\/2025\/09\/Istanbul-da-diyaliz-tedavisi-2.jpg\" alt=\"\" srcset=\"https:\/\/medicaltravel.ch\/wp-content\/uploads\/2025\/09\/Istanbul-da-diyaliz-tedavisi-2.jpg 300w, https:\/\/medicaltravel.ch\/wp-content\/uploads\/2025\/09\/Istanbul-da-diyaliz-tedavisi-2-150x150.jpg 150w\" sizes=\"(max-width: 300px) 100vw, 300px\" \/><\/figure>\n\n<p><a href=\"https:\/\/medicaltravel.ch\/kontakt\/\">Herhangi bir sorunuz varsa, bug\u00fcn bizimle ileti\u015fime ge\u00e7ebilirsiniz. Yard\u0131mc\u0131 olmaktan memnuniyet duyar\u0131z.<\/a> Size yard\u0131mc\u0131 olmaktan mutluluk duyar\u0131z.<\/p>\n\t\t\t\t\t\t\t\t<\/div>\n\t\t\t\t\t<\/div>\n\t\t\t\t<\/div>\n\t\t\t\t<\/div>\n\t\t","protected":false},"excerpt":{"rendered":"<p>Dializ tatili \u0130stanbul&#8217;da dializ Denizde dializ \u0130stanbul&#8217;da Dializ Tatili \u0130stanbul&#8217;da Tatil Dializi G\u00fczel \u0130stanbul \u015fehrinin tad\u0131n\u0131 \u00e7\u0131kar\u0131rken tedavinize devam edebilirsiniz. \u0130kisini bir arada sunuyoruz! \ud83d\ude42 \u0130stanbul&#8217;da bir\u00e7ok dializ klini\u011fi bulunmaktad\u0131r. Konaklaman\u0131za g\u00f6re en uygun klini\u011fi ayarl\u0131yoruz. Seyahatinizi ister kendiniz organize edebilir, isterseniz bizim arac\u0131l\u0131\u011f\u0131m\u0131zla rezervasyon yapabilirsiniz. \u00c7o\u011fu durumda, klinik ile oteliniz aras\u0131nda transfer sa\u011flanmas\u0131 m\u00fcmk\u00fcnd\u00fcr. Tedaviler genellikle Pazartesi&#8217;den Cumartesi&#8217;ye kadar yap\u0131labilir. Pazar g\u00fcnleri ise talep \u00fczerine m\u00fcmk\u00fcnd\u00fcr. \u0130\u015fte \u0130stanbul&#8217;daki diyaliz merkezlerinden birine ait birka\u00e7 foto\u011fraf: Herhangi bir sorunuz varsa, bug\u00fcn bizimle ileti\u015fime ge\u00e7ebilirsiniz. Yard\u0131mc\u0131 olmaktan memnuniyet duyar\u0131z. Size yard\u0131mc\u0131 olmaktan mutluluk duyar\u0131z.<\/p>\n","protected":false},"author":4,"featured_media":0,"parent":5138,"menu_order":0,"comment_status":"closed","ping_status":"closed","template":"","meta":{"_joinchat":[],"footnotes":""},"class_list":["post-5147","page","type-page","status-publish","hentry"],"acf":[],"_links":{"self":[{"href":"https:\/\/medicaltravel.ch\/tr\/wp-json\/wp\/v2\/pages\/5147","targetHints":{"allow":["GET"]}}],"collection":[{"href":"https:\/\/medicaltravel.ch\/tr\/wp-json\/wp\/v2\/pages"}],"about":[{"href":"https:\/\/medicaltravel.ch\/tr\/wp-json\/wp\/v2\/types\/page"}],"author":[{"embeddable":true,"href":"https:\/\/medicaltravel.ch\/tr\/wp-json\/wp\/v2\/users\/4"}],"replies":[{"embeddable":true,"href":"https:\/\/medicaltravel.ch\/tr\/wp-json\/wp\/v2\/comments?post=5147"}],"version-history":[{"count":0,"href":"https:\/\/medicaltravel.ch\/tr\/wp-json\/wp\/v2\/pages\/5147\/revisions"}],"up":[{"embeddable":true,"href":"https:\/\/medicaltravel.ch\/tr\/wp-json\/wp\/v2\/pages\/5138"}],"wp:attachment":[{"href":"https:\/\/medicaltravel.ch\/tr\/wp-json\/wp\/v2\/media?parent=5147"}],"curies":[{"name":"wp","href":"https:\/\/api.w.org\/{rel}","templated":true}]}}