{"id":5181,"date":"2025-09-17T08:46:55","date_gmt":"2025-09-17T07:46:55","guid":{"rendered":"https:\/\/medicaltravel.ch\/sac-ekimi\/hastaneler\/antalyadaki-sac-klinigi-sac-ekimi-fue-dhi-yoentemleri\/"},"modified":"2026-01-03T22:46:58","modified_gmt":"2026-01-03T21:46:58","slug":"antalyadaki-sac-klinigi-sac-ekimi-fue-dhi-yoentemleri","status":"publish","type":"page","link":"https:\/\/medicaltravel.ch\/tr\/sac-ekimi\/hastaneler\/antalyadaki-sac-klinigi-sac-ekimi-fue-dhi-yoentemleri\/","title":{"rendered":"Antalya&#8217;daki SA\u00c7 KL\u0130N\u0130\u011e\u0130 &#8211; SA\u00c7 EK\u0130M\u0130 (FUE, DHI Y\u00f6ntemleri)"},"content":{"rendered":"\t\t<div data-elementor-type=\"wp-page\" data-elementor-id=\"5181\" class=\"elementor elementor-5181 elementor-121\" data-elementor-post-type=\"page\">\n\t\t\t\t<div class=\"elementor-element elementor-element-73a72d9c e-flex e-con-boxed wpr-particle-no wpr-jarallax-no wpr-parallax-no wpr-sticky-section-no wpr-equal-height-no e-con e-parent\" data-id=\"73a72d9c\" data-element_type=\"container\" data-e-type=\"container\">\n\t\t\t\t\t<div class=\"e-con-inner\">\n\t\t<div class=\"elementor-element elementor-element-eeaad93 e-con-full e-flex wpr-particle-no wpr-jarallax-no wpr-parallax-no wpr-sticky-section-no wpr-equal-height-no e-con e-child\" data-id=\"eeaad93\" data-element_type=\"container\" data-e-type=\"container\">\n\t\t\t\t<div class=\"elementor-element elementor-element-41be06d elementor-widget elementor-widget-button\" data-id=\"41be06d\" data-element_type=\"widget\" data-e-type=\"widget\" data-widget_type=\"button.default\">\n\t\t\t\t\t\t\t\t\t\t<a class=\"elementor-button elementor-button-link elementor-size-sm\" href=\"https:\/\/medicaltravel.ch\/tr\/sac-ekimi\/hastaneler\/best-hair-clinic-sac-ekimi-istanbul-tuerkiye\/\">\n\t\t\t\t\t\t<span class=\"elementor-button-content-wrapper\">\n\t\t\t\t\t\t\t\t\t<span class=\"elementor-button-text\">Istanbul<\/span>\n\t\t\t\t\t<\/span>\n\t\t\t\t\t<\/a>\n\t\t\t\t\t\t\t\t<\/div>\n\t\t\t\t<div class=\"elementor-element elementor-element-7d096ba elementor-widget elementor-widget-button\" data-id=\"7d096ba\" data-element_type=\"widget\" data-e-type=\"widget\" data-widget_type=\"button.default\">\n\t\t\t\t\t\t\t\t\t\t<a class=\"elementor-button elementor-button-link elementor-size-sm\" href=\"https:\/\/medicaltravel.ch\/tr\/sac-ekimi\/hastaneler\/antalyadaki-sac-klinigi-sac-ekimi-fue-dhi-yoentemleri\/\">\n\t\t\t\t\t\t<span class=\"elementor-button-content-wrapper\">\n\t\t\t\t\t\t\t\t\t<span class=\"elementor-button-text\">Antalya<\/span>\n\t\t\t\t\t<\/span>\n\t\t\t\t\t<\/a>\n\t\t\t\t\t\t\t\t<\/div>\n\t\t\t\t<div class=\"elementor-element elementor-element-92bac15 elementor-widget elementor-widget-button\" data-id=\"92bac15\" data-element_type=\"widget\" data-e-type=\"widget\" data-widget_type=\"button.default\">\n\t\t\t\t\t\t\t\t\t\t<a class=\"elementor-button elementor-button-link elementor-size-sm\" href=\"https:\/\/medicaltravel.ch\/haartransplantation\/die-spitaler\/haarklinik-izmir\/\">\n\t\t\t\t\t\t<span class=\"elementor-button-content-wrapper\">\n\t\t\t\t\t\t\t\t\t<span class=\"elementor-button-text\">Izmir<\/span>\n\t\t\t\t\t<\/span>\n\t\t\t\t\t<\/a>\n\t\t\t\t\t\t\t\t<\/div>\n\t\t\t\t<\/div>\n\t\t\t\t<div class=\"elementor-element elementor-element-4c63d9bd elementor-widget elementor-widget-text-editor\" data-id=\"4c63d9bd\" data-element_type=\"widget\" data-e-type=\"widget\" data-widget_type=\"text-editor.default\">\n\t\t\t\t\t\t\t\t\t\n<h3 class=\"wp-block-heading\">Antalya&#8217;daki SA\u00c7 KL\u0130N\u0130\u011e\u0130<\/h3>\n\n<h3 class=\"wp-block-heading\">Antalya&#8217;da SA\u00c7 EK\u0130M\u0130<\/h3>\n\n<p>Sa\u00e7 Klini\u011fi SE, Dermatolog Dr. Seda Erdo\u011fan taraf\u0131ndan y\u00f6netilmektedir.<\/p>\n\n<figure class=\"wp-block-image size-full\"><img fetchpriority=\"high\" decoding=\"async\" width=\"683\" height=\"1024\" class=\"wp-image-454\" src=\"https:\/\/medicaltravel.ch\/wp-content\/uploads\/2025\/09\/Seda_Erdogan_7_klein-683x1024-1.jpg\" alt=\"\" srcset=\"https:\/\/medicaltravel.ch\/wp-content\/uploads\/2025\/09\/Seda_Erdogan_7_klein-683x1024-1.jpg 683w, https:\/\/medicaltravel.ch\/wp-content\/uploads\/2025\/09\/Seda_Erdogan_7_klein-683x1024-1-200x300.jpg 200w\" sizes=\"(max-width: 683px) 100vw, 683px\" \/><\/figure>\n\n<p id=\"caption-attachment-9855\">Klinik Y\u00f6neticisi Dr. Seda Erdo\u011fan<\/p>\n\n<p>Antalya&#8217;daki en son teknoloji ve cihazlara sahip olan klinik, Antalya&#8217;n\u0131n en sayg\u0131n \u00f6zel kliniklerinden biridir. Avrupa Birli\u011fi hijyen standartlar\u0131n\u0131n \u00e7ok \u00fczerinde bir temizlik ve hijyen anlay\u0131\u015f\u0131na sahiptir.  <\/p>\n\n<p>Sa\u00e7 Ekimi Ekibi, m\u00fckemmel sonu\u00e7lar i\u00e7in \u00f6zellikle <a href=\"https:\/\/medicaltravel.ch\/haartransplantation\/leistungsspektrum\/dhi_istanbul\/\" data-type=\"page\" data-id=\"129\">DHI <\/a>y\u00f6ntemini sunmaktad\u0131r.<\/p>\n\n<p>Antalya&#8217;daki tatilinizi, en kaliteli sa\u00e7 ekimi ile birle\u015ftirin!<\/p>\n\n<figure class=\"wp-block-image size-large\"><img decoding=\"async\" width=\"1024\" height=\"683\" class=\"wp-image-455\" src=\"https:\/\/medicaltravel.ch\/wp-content\/uploads\/2025\/09\/SE_Klinik_8-1024x683.jpg\" alt=\"\" srcset=\"https:\/\/medicaltravel.ch\/wp-content\/uploads\/2025\/09\/SE_Klinik_8-1024x683.jpg 1024w, https:\/\/medicaltravel.ch\/wp-content\/uploads\/2025\/09\/SE_Klinik_8-300x200.jpg 300w, https:\/\/medicaltravel.ch\/wp-content\/uploads\/2025\/09\/SE_Klinik_8-768x512.jpg 768w, https:\/\/medicaltravel.ch\/wp-content\/uploads\/2025\/09\/SE_Klinik_8.jpg 1200w\" sizes=\"(max-width: 1024px) 100vw, 1024px\" \/><\/figure>\n\n<p id=\"caption-attachment-9838\">SE Sa\u00e7 Klini\u011fi Antalya<\/p>\n\n<p><strong>Antalya&#8217;da sa\u00e7 kesimi i\u00e7in neden SE Sa\u00e7 Klini\u011fini tercih etmelisiniz?<\/strong><\/p>\n\n<ul class=\"wp-block-list\">\n<li>Doktor tedaviyi planlar ve denetler.<\/li>\n\n<li>Klinik, sa\u011fl\u0131k otoriteleri taraf\u0131ndan onaylanm\u0131\u015ft\u0131r.<\/li>\n\n<li>Dermatolog ayr\u0131ca \u00e7e\u015fitli cilt tedavileri de sunmaktad\u0131r.<\/li>\n\n<li>Almanca ve \u0130ngilizce dahil olmak \u00fczere bir\u00e7ok dilde destek mevcuttur.<\/li>\n\n<li>Tedavinin maliyeti \u0130svi\u00e7re&#8217;de \u00f6demeniz gerekenden \u00e7ok daha d\u00fc\u015f\u00fck.<\/li>\n\n<li>Kalitesi, \u0130svi\u00e7re&#8217;de genellikle bulabilece\u011finizden \u00e7ok daha iyi.<\/li>\n<\/ul>\n\n<figure class=\"wp-block-image size-full\"><img decoding=\"async\" width=\"768\" height=\"512\" class=\"wp-image-456\" src=\"https:\/\/medicaltravel.ch\/wp-content\/uploads\/2025\/09\/Seda_Erdogan_haartransplantation_9-768x512-1.jpg\" alt=\"\" srcset=\"https:\/\/medicaltravel.ch\/wp-content\/uploads\/2025\/09\/Seda_Erdogan_haartransplantation_9-768x512-1.jpg 768w, https:\/\/medicaltravel.ch\/wp-content\/uploads\/2025\/09\/Seda_Erdogan_haartransplantation_9-768x512-1-300x200.jpg 300w\" sizes=\"(max-width: 768px) 100vw, 768px\" \/><\/figure>\n\n<p>Antalya&#8217;da Sa\u00e7 Ekimi<\/p>\n\n<p>Klini\u011fin geni\u015f hizmet yelpazesi, hastalara \u00e7e\u015fitli tedavi se\u00e7enekleri sunmaktad\u0131r, bunlar aras\u0131nda farkl\u0131 cilt tedavileri de yer almaktad\u0131r. Sunulan operasyonlardaki b\u00fcy\u00fck deneyimiyle klinik, y\u00fcksek standartlarda hizmetler ve en y\u00fcksek kaliteyi sizlere sunmaktad\u0131r. <\/p>\n\n<p>A\u015fa\u011f\u0131daki tedaviler de sunulmaktad\u0131r:<br>\u2013 Cilt Gen\u00e7le\u015ftirme<br>\u2013 3D Cilt Analizi<br>\u2013 Botox, Dolgu<br>\u2013 Lazerle G\u00f6z Kont\u00fcr\u00fc<br>\u2013 \u0130ple Y\u00fcz Germe (Fadenlift)<br>\u2013 Akne Tedavisi<br>\u2013 Dudak D\u00fczeltme vb.<\/p>\n\n<p><strong>Antalya&#8217;da yap\u0131lan sa\u00e7 ekimi \u00f6ncesi ve sonras\u0131 foto\u011fraflar\u0131.<\/strong><\/p>\n\n<figure class=\"wp-block-image size-full\"><img loading=\"lazy\" decoding=\"async\" width=\"768\" height=\"768\" class=\"wp-image-457\" src=\"https:\/\/medicaltravel.ch\/wp-content\/uploads\/2025\/09\/IMG_0781-768x768-1.jpg\" alt=\"\" srcset=\"https:\/\/medicaltravel.ch\/wp-content\/uploads\/2025\/09\/IMG_0781-768x768-1.jpg 768w, https:\/\/medicaltravel.ch\/wp-content\/uploads\/2025\/09\/IMG_0781-768x768-1-300x300.jpg 300w, https:\/\/medicaltravel.ch\/wp-content\/uploads\/2025\/09\/IMG_0781-768x768-1-150x150.jpg 150w\" sizes=\"(max-width: 768px) 100vw, 768px\" \/><\/figure>\n\n<p id=\"caption-attachment-9859\">Antalya&#8217;da sa\u00e7 ekimi \u00f6ncesi ve sonras\u0131<\/p>\n\n<figure class=\"wp-block-image size-full\"><img loading=\"lazy\" decoding=\"async\" width=\"768\" height=\"584\" class=\"wp-image-458\" src=\"https:\/\/medicaltravel.ch\/wp-content\/uploads\/2025\/09\/IMG_0782-768x584-1.jpg\" alt=\"\" srcset=\"https:\/\/medicaltravel.ch\/wp-content\/uploads\/2025\/09\/IMG_0782-768x584-1.jpg 768w, https:\/\/medicaltravel.ch\/wp-content\/uploads\/2025\/09\/IMG_0782-768x584-1-300x228.jpg 300w\" sizes=\"(max-width: 768px) 100vw, 768px\" \/><\/figure>\n\n<p id=\"caption-attachment-9860\">Antalya&#8217;da Sakal Ekimi \u00d6ncesi ve Sonras\u0131<\/p>\n\n<figure class=\"wp-block-image size-full\"><img loading=\"lazy\" decoding=\"async\" width=\"768\" height=\"768\" class=\"wp-image-459\" src=\"https:\/\/medicaltravel.ch\/wp-content\/uploads\/2025\/09\/IMG_0788-768x768-1.jpg\" alt=\"\" srcset=\"https:\/\/medicaltravel.ch\/wp-content\/uploads\/2025\/09\/IMG_0788-768x768-1.jpg 768w, https:\/\/medicaltravel.ch\/wp-content\/uploads\/2025\/09\/IMG_0788-768x768-1-300x300.jpg 300w, https:\/\/medicaltravel.ch\/wp-content\/uploads\/2025\/09\/IMG_0788-768x768-1-150x150.jpg 150w\" sizes=\"(max-width: 768px) 100vw, 768px\" \/><\/figure>\n\n<p id=\"caption-attachment-9861\">Antalya&#8217;da Sa\u00e7 Ekimi \u00d6ncesi ve Sonras\u0131<\/p>\n\n<figure class=\"wp-block-image size-full\"><img loading=\"lazy\" decoding=\"async\" width=\"768\" height=\"768\" class=\"wp-image-461\" src=\"https:\/\/medicaltravel.ch\/wp-content\/uploads\/2025\/09\/IMG_0790-768x768-2.jpg\" alt=\"\" srcset=\"https:\/\/medicaltravel.ch\/wp-content\/uploads\/2025\/09\/IMG_0790-768x768-2.jpg 768w, https:\/\/medicaltravel.ch\/wp-content\/uploads\/2025\/09\/IMG_0790-768x768-2-300x300.jpg 300w, https:\/\/medicaltravel.ch\/wp-content\/uploads\/2025\/09\/IMG_0790-768x768-2-150x150.jpg 150w\" sizes=\"(max-width: 768px) 100vw, 768px\" \/><\/figure>\n\n<p id=\"caption-attachment-9862\">Antalya Sa\u00e7 Klini\u011fi \u00d6ncesi ve Sonras\u0131<\/p>\n\n<figure class=\"wp-block-image size-full\"><img loading=\"lazy\" decoding=\"async\" width=\"768\" height=\"768\" class=\"wp-image-462\" src=\"https:\/\/medicaltravel.ch\/wp-content\/uploads\/2025\/09\/IMG_0791-768x768-1.jpg\" alt=\"\" srcset=\"https:\/\/medicaltravel.ch\/wp-content\/uploads\/2025\/09\/IMG_0791-768x768-1.jpg 768w, https:\/\/medicaltravel.ch\/wp-content\/uploads\/2025\/09\/IMG_0791-768x768-1-300x300.jpg 300w, https:\/\/medicaltravel.ch\/wp-content\/uploads\/2025\/09\/IMG_0791-768x768-1-150x150.jpg 150w\" sizes=\"(max-width: 768px) 100vw, 768px\" \/><\/figure>\n\n<p id=\"caption-attachment-9863\">DHI Antalya \u00d6ncesi ve Sonras\u0131<\/p>\n\n<p>S\u0131rada ne var?<br>\u00dccretsiz de\u011ferlendirme i\u00e7in foto\u011fraflar\u0131n\u0131z\u0131 bize <a href=\"mailto:info@medicaltravel.net\">e-posta<\/a> yoluyla, <a href=\"https:\/\/medicaltravel.ch\/kontakt\/\" data-type=\"page\" data-id=\"225\">buradan <\/a>veya <a href=\"https:\/\/wa.me\/41787373541\" target=\"_blank\" rel=\"noreferrer noopener nofollow\">WhatsApp <\/a>\u00fczerinden g\u00f6nderin.<\/p>\n\t\t\t\t\t\t\t\t<\/div>\n\t\t\t\t\t<\/div>\n\t\t\t\t<\/div>\n\t\t\t\t<\/div>\n\t\t","protected":false},"excerpt":{"rendered":"<p>Istanbul Antalya Izmir Antalya&#8217;daki SA\u00c7 KL\u0130N\u0130\u011e\u0130 Antalya&#8217;da SA\u00c7 EK\u0130M\u0130 Sa\u00e7 Klini\u011fi SE, Dermatolog Dr. Seda Erdo\u011fan taraf\u0131ndan y\u00f6netilmektedir. Klinik Y\u00f6neticisi Dr. Seda Erdo\u011fan Antalya&#8217;daki en son teknoloji ve cihazlara sahip olan klinik, Antalya&#8217;n\u0131n en sayg\u0131n \u00f6zel kliniklerinden biridir. Avrupa Birli\u011fi hijyen standartlar\u0131n\u0131n \u00e7ok \u00fczerinde bir temizlik ve hijyen anlay\u0131\u015f\u0131na sahiptir. Sa\u00e7 Ekimi Ekibi, m\u00fckemmel sonu\u00e7lar i\u00e7in \u00f6zellikle DHI y\u00f6ntemini sunmaktad\u0131r. Antalya&#8217;daki tatilinizi, en kaliteli sa\u00e7 ekimi ile birle\u015ftirin! SE Sa\u00e7 Klini\u011fi Antalya Antalya&#8217;da sa\u00e7 kesimi i\u00e7in neden SE Sa\u00e7 Klini\u011fini tercih etmelisiniz? Doktor tedaviyi planlar ve denetler. Klinik, sa\u011fl\u0131k otoriteleri taraf\u0131ndan onaylanm\u0131\u015ft\u0131r. Dermatolog ayr\u0131ca \u00e7e\u015fitli cilt tedavileri de sunmaktad\u0131r. Almanca ve \u0130ngilizce dahil olmak \u00fczere bir\u00e7ok dilde destek mevcuttur. Tedavinin maliyeti \u0130svi\u00e7re&#8217;de \u00f6demeniz gerekenden \u00e7ok daha d\u00fc\u015f\u00fck. Kalitesi, \u0130svi\u00e7re&#8217;de genellikle bulabilece\u011finizden \u00e7ok daha iyi. Antalya&#8217;da Sa\u00e7 Ekimi Klini\u011fin geni\u015f hizmet yelpazesi, hastalara \u00e7e\u015fitli tedavi se\u00e7enekleri sunmaktad\u0131r, bunlar aras\u0131nda farkl\u0131 cilt tedavileri de yer almaktad\u0131r. Sunulan operasyonlardaki b\u00fcy\u00fck deneyimiyle klinik, y\u00fcksek standartlarda hizmetler ve en y\u00fcksek kaliteyi sizlere sunmaktad\u0131r. A\u015fa\u011f\u0131daki tedaviler de sunulmaktad\u0131r:\u2013 Cilt Gen\u00e7le\u015ftirme\u2013 3D Cilt Analizi\u2013 Botox, Dolgu\u2013 Lazerle G\u00f6z Kont\u00fcr\u00fc\u2013 \u0130ple Y\u00fcz Germe (Fadenlift)\u2013 Akne Tedavisi\u2013 Dudak D\u00fczeltme vb. Antalya&#8217;da yap\u0131lan sa\u00e7 ekimi \u00f6ncesi ve sonras\u0131 foto\u011fraflar\u0131. Antalya&#8217;da sa\u00e7 ekimi \u00f6ncesi ve sonras\u0131 Antalya&#8217;da Sakal Ekimi \u00d6ncesi ve Sonras\u0131 Antalya&#8217;da Sa\u00e7 Ekimi \u00d6ncesi ve Sonras\u0131 Antalya Sa\u00e7 Klini\u011fi \u00d6ncesi ve Sonras\u0131 DHI Antalya \u00d6ncesi ve Sonras\u0131 S\u0131rada ne var?\u00dccretsiz de\u011ferlendirme i\u00e7in foto\u011fraflar\u0131n\u0131z\u0131 bize e-posta yoluyla, buradan veya WhatsApp \u00fczerinden g\u00f6nderin.<\/p>\n","protected":false},"author":4,"featured_media":0,"parent":5164,"menu_order":0,"comment_status":"closed","ping_status":"closed","template":"","meta":{"_joinchat":[],"footnotes":""},"class_list":["post-5181","page","type-page","status-publish","hentry"],"acf":[],"_links":{"self":[{"href":"https:\/\/medicaltravel.ch\/tr\/wp-json\/wp\/v2\/pages\/5181","targetHints":{"allow":["GET"]}}],"collection":[{"href":"https:\/\/medicaltravel.ch\/tr\/wp-json\/wp\/v2\/pages"}],"about":[{"href":"https:\/\/medicaltravel.ch\/tr\/wp-json\/wp\/v2\/types\/page"}],"author":[{"embeddable":true,"href":"https:\/\/medicaltravel.ch\/tr\/wp-json\/wp\/v2\/users\/4"}],"replies":[{"embeddable":true,"href":"https:\/\/medicaltravel.ch\/tr\/wp-json\/wp\/v2\/comments?post=5181"}],"version-history":[{"count":0,"href":"https:\/\/medicaltravel.ch\/tr\/wp-json\/wp\/v2\/pages\/5181\/revisions"}],"up":[{"embeddable":true,"href":"https:\/\/medicaltravel.ch\/tr\/wp-json\/wp\/v2\/pages\/5164"}],"wp:attachment":[{"href":"https:\/\/medicaltravel.ch\/tr\/wp-json\/wp\/v2\/media?parent=5181"}],"curies":[{"name":"wp","href":"https:\/\/api.w.org\/{rel}","templated":true}]}}