{"id":5421,"date":"2025-09-17T08:40:32","date_gmt":"2025-09-17T07:40:32","guid":{"rendered":"https:\/\/medicaltravel.ch\/kozmetik-cerrahi\/oence-sonra-fotograflari-guezellik-ameliyati-istanbul-tuerkiye\/"},"modified":"2026-01-04T17:49:50","modified_gmt":"2026-01-04T16:49:50","slug":"oence-sonra-fotograflari-guezellik-ameliyati-istanbul-tuerkiye","status":"publish","type":"page","link":"https:\/\/medicaltravel.ch\/tr\/kozmetik-cerrahi\/oence-sonra-fotograflari-guezellik-ameliyati-istanbul-tuerkiye\/","title":{"rendered":"\u00d6nce- Sonra foto\u011fraflar\u0131, G\u00fczellik ameliyat\u0131 \u0130stanbul T\u00fcrkiye"},"content":{"rendered":"\t\t<div data-elementor-type=\"wp-page\" data-elementor-id=\"5421\" class=\"elementor elementor-5421 elementor-110\" data-elementor-post-type=\"page\">\n\t\t\t\t<div class=\"elementor-element elementor-element-65ed8190 e-flex e-con-boxed wpr-particle-no wpr-jarallax-no wpr-parallax-no wpr-sticky-section-no wpr-equal-height-no e-con e-parent\" data-id=\"65ed8190\" data-element_type=\"container\" data-e-type=\"container\">\n\t\t\t\t\t<div class=\"e-con-inner\">\n\t\t<div class=\"elementor-element elementor-element-6e9631c e-con-full e-flex wpr-particle-no wpr-jarallax-no wpr-parallax-no wpr-sticky-section-no wpr-equal-height-no e-con e-child\" data-id=\"6e9631c\" data-element_type=\"container\" data-e-type=\"container\">\n\t\t\t\t<div class=\"elementor-element elementor-element-a08bba5 elementor-widget elementor-widget-button\" data-id=\"a08bba5\" data-element_type=\"widget\" data-e-type=\"widget\" data-widget_type=\"button.default\">\n\t\t\t\t\t\t\t\t\t\t<a class=\"elementor-button elementor-button-link elementor-size-sm\" href=\"https:\/\/medicaltravel.ch\/tr\/kozmetik-cerrahi\/estetik-seyahatleri-tuerkiye-istanbul-antalya-izmir\/\">\n\t\t\t\t\t\t<span class=\"elementor-button-content-wrapper\">\n\t\t\t\t\t\t\t\t\t<span class=\"elementor-button-text\">G\u00fczellik gezileri<\/span>\n\t\t\t\t\t<\/span>\n\t\t\t\t\t<\/a>\n\t\t\t\t\t\t\t\t<\/div>\n\t\t\t\t<div class=\"elementor-element elementor-element-05e3ab9 elementor-widget elementor-widget-button\" data-id=\"05e3ab9\" data-element_type=\"widget\" data-e-type=\"widget\" data-widget_type=\"button.default\">\n\t\t\t\t\t\t\t\t\t\t<a class=\"elementor-button elementor-button-link elementor-size-sm\" href=\"https:\/\/medicaltravel.ch\/tr\/kozmetik-cerrahi\/hastaneler\/istanbuldaki-guezellik-klinigi\/\">\n\t\t\t\t\t\t<span class=\"elementor-button-content-wrapper\">\n\t\t\t\t\t\t\t\t\t<span class=\"elementor-button-text\">hastaneler<\/span>\n\t\t\t\t\t<\/span>\n\t\t\t\t\t<\/a>\n\t\t\t\t\t\t\t\t<\/div>\n\t\t\t\t<div class=\"elementor-element elementor-element-fb2732b elementor-widget elementor-widget-button\" data-id=\"fb2732b\" data-element_type=\"widget\" data-e-type=\"widget\" data-widget_type=\"button.default\">\n\t\t\t\t\t\t\t\t\t\t<a class=\"elementor-button elementor-button-link elementor-size-sm\" href=\"https:\/\/medicaltravel.ch\/tr\/kozmetik-cerrahi\/tedavi-yelpazesi\/brustoperationen-bruststraffung-brustverkleinerung-brustlifting\/\">\n\t\t\t\t\t\t<span class=\"elementor-button-content-wrapper\">\n\t\t\t\t\t\t\t\t\t<span class=\"elementor-button-text\">Tedavi yelpazesi<\/span>\n\t\t\t\t\t<\/span>\n\t\t\t\t\t<\/a>\n\t\t\t\t\t\t\t\t<\/div>\n\t\t\t\t<div class=\"elementor-element elementor-element-612c2b3 elementor-widget elementor-widget-button\" data-id=\"612c2b3\" data-element_type=\"widget\" data-e-type=\"widget\" data-widget_type=\"button.default\">\n\t\t\t\t\t\t\t\t\t\t<a class=\"elementor-button elementor-button-link elementor-size-sm\" href=\"https:\/\/medicaltravel.ch\/tr\/kozmetik-cerrahi\/istanbulda-estetik-cerrahi-teklifi\/\">\n\t\t\t\t\t\t<span class=\"elementor-button-content-wrapper\">\n\t\t\t\t\t\t\t\t\t<span class=\"elementor-button-text\">Teklif<\/span>\n\t\t\t\t\t<\/span>\n\t\t\t\t\t<\/a>\n\t\t\t\t\t\t\t\t<\/div>\n\t\t\t\t<div class=\"elementor-element elementor-element-f640cad elementor-widget elementor-widget-button\" data-id=\"f640cad\" data-element_type=\"widget\" data-e-type=\"widget\" data-widget_type=\"button.default\">\n\t\t\t\t\t\t\t\t\t\t<a class=\"elementor-button elementor-button-link elementor-size-sm\" href=\"https:\/\/medicaltravel.ch\/tr\/kozmetik-cerrahi\/estetik-ameliyat-fiyatlari-maliyetler-istanbul-tuerkiye\/\">\n\t\t\t\t\t\t<span class=\"elementor-button-content-wrapper\">\n\t\t\t\t\t\t\t\t\t<span class=\"elementor-button-text\">Fiyatlar<\/span>\n\t\t\t\t\t<\/span>\n\t\t\t\t\t<\/a>\n\t\t\t\t\t\t\t\t<\/div>\n\t\t\t\t<div class=\"elementor-element elementor-element-1bc87b1 elementor-widget elementor-widget-button\" data-id=\"1bc87b1\" data-element_type=\"widget\" data-e-type=\"widget\" data-widget_type=\"button.default\">\n\t\t\t\t\t\t\t\t\t\t<a class=\"elementor-button elementor-button-link elementor-size-sm\" href=\"https:\/\/medicaltravel.ch\/tr\/kozmetik-cerrahi\/oence-sonra-fotograflari-guezellik-ameliyati-istanbul-tuerkiye\/\">\n\t\t\t\t\t\t<span class=\"elementor-button-content-wrapper\">\n\t\t\t\t\t\t\t\t\t<span class=\"elementor-button-text\">\u00d6nce, sonra<\/span>\n\t\t\t\t\t<\/span>\n\t\t\t\t\t<\/a>\n\t\t\t\t\t\t\t\t<\/div>\n\t\t\t\t<\/div>\n\t\t\t\t<div class=\"elementor-element elementor-element-59eb9286 elementor-widget elementor-widget-text-editor\" data-id=\"59eb9286\" data-element_type=\"widget\" data-e-type=\"widget\" data-widget_type=\"text-editor.default\">\n\t\t\t\t\t\t\t\t\t\n<p><strong>\u00d6NCE-SONRA \u00d6RNEK FOTO\u011eRAFLARI G\u00dcZELL\u0130K AMEL\u0130YATLARI &#8211; \u0130STANBUL-T\u00dcRK\u0130YE<\/strong><\/p>\n\n<p>Burada, <a href=\"https:\/\/medicaltravel.ch\/wp-content\/uploads\/2025\/09\/Lebenslauf_Prof_Dr_Oguz-Kayiran.pdf\" data-type=\"link\" data-id=\"https:\/\/medicaltravel.ch\/wp-content\/uploads\/2025\/09\/Lebenslauf_Prof_Dr_Oguz-Kayiran.pdf\">Prof. Dr. Kay\u0131ran&#8217;a<\/a> ait bir\u00e7ok \u00d6nce-Sonra foto\u011fraf\u0131n\u0131 bulabilirsiniz.<\/p>\n\n<p>Burun \u2013 Y\u00fcz \u2013 G\u00f6\u011f\u00fcs \u2013 G\u00f6z Kapa\u011f\u0131 \u2013 Kulak \u2013 Kol<\/p>\n\n<p>\u00d6nce-Sonra Burun Esteti\u011fi<\/p>\n\n<p><strong>\u00d6nce-Sonra Burun Esteti\u011fi D\u00fczeltmesi \u0130stanbul<\/strong><\/p>\n\n<p>\u00d6nce-Sonra Kad\u0131n Burun Esteti\u011fi \u0130stanbul<\/p>\n\n<figure class=\"wp-block-image size-full\"><img fetchpriority=\"high\" decoding=\"async\" width=\"537\" height=\"538\" class=\"wp-image-409\" src=\"https:\/\/medicaltravel.ch\/wp-content\/uploads\/2025\/09\/Vorher_Nachher_Nase_Kayiran_1.jpg\" alt=\"\" srcset=\"https:\/\/medicaltravel.ch\/wp-content\/uploads\/2025\/09\/Vorher_Nachher_Nase_Kayiran_1.jpg 537w, https:\/\/medicaltravel.ch\/wp-content\/uploads\/2025\/09\/Vorher_Nachher_Nase_Kayiran_1-300x300.jpg 300w, https:\/\/medicaltravel.ch\/wp-content\/uploads\/2025\/09\/Vorher_Nachher_Nase_Kayiran_1-150x150.jpg 150w\" sizes=\"(max-width: 537px) 100vw, 537px\" \/><\/figure>\n\n<p>\u00d6nce-Sonra Rinoplasti \u0130stanbul<\/p>\n\n<figure class=\"wp-block-image size-full\"><img decoding=\"async\" width=\"460\" height=\"460\" class=\"wp-image-410\" src=\"https:\/\/medicaltravel.ch\/wp-content\/uploads\/2025\/09\/Vorher_Nachher_Nase_Kayiran_2.jpg\" alt=\"\" srcset=\"https:\/\/medicaltravel.ch\/wp-content\/uploads\/2025\/09\/Vorher_Nachher_Nase_Kayiran_2.jpg 460w, https:\/\/medicaltravel.ch\/wp-content\/uploads\/2025\/09\/Vorher_Nachher_Nase_Kayiran_2-300x300.jpg 300w, https:\/\/medicaltravel.ch\/wp-content\/uploads\/2025\/09\/Vorher_Nachher_Nase_Kayiran_2-150x150.jpg 150w\" sizes=\"(max-width: 460px) 100vw, 460px\" \/><\/figure>\n\n<p>\u00d6nce-Sonra Burun Ameliyat\u0131 \u0130stanbul<\/p>\n\n<figure class=\"wp-block-image size-full\"><img decoding=\"async\" width=\"486\" height=\"485\" class=\"wp-image-411\" src=\"https:\/\/medicaltravel.ch\/wp-content\/uploads\/2025\/09\/Vorher_Nachher_Nase_Kayiran_4.jpg\" alt=\"\" srcset=\"https:\/\/medicaltravel.ch\/wp-content\/uploads\/2025\/09\/Vorher_Nachher_Nase_Kayiran_4.jpg 486w, https:\/\/medicaltravel.ch\/wp-content\/uploads\/2025\/09\/Vorher_Nachher_Nase_Kayiran_4-300x300.jpg 300w, https:\/\/medicaltravel.ch\/wp-content\/uploads\/2025\/09\/Vorher_Nachher_Nase_Kayiran_4-150x150.jpg 150w\" sizes=\"(max-width: 486px) 100vw, 486px\" \/><\/figure>\n\n<p>\u00d6nce-Sonra Burun Esteti\u011fi D\u00fczeltmesi \u0130stanbul<\/p>\n\n<figure class=\"wp-block-image size-full\"><img loading=\"lazy\" decoding=\"async\" width=\"550\" height=\"392\" class=\"wp-image-412\" src=\"https:\/\/medicaltravel.ch\/wp-content\/uploads\/2025\/09\/Vorher_Nachher_Nase_Kayiran_3.jpg\" alt=\"\" srcset=\"https:\/\/medicaltravel.ch\/wp-content\/uploads\/2025\/09\/Vorher_Nachher_Nase_Kayiran_3.jpg 550w, https:\/\/medicaltravel.ch\/wp-content\/uploads\/2025\/09\/Vorher_Nachher_Nase_Kayiran_3-300x214.jpg 300w\" sizes=\"(max-width: 550px) 100vw, 550px\" \/><\/figure>\n\n<p>\u00d6nce-Sonra Burun Cerrahisi \u0130stanbul<\/p>\n\n<p> <\/p>\n\n<figure class=\"wp-block-image size-full\"><img loading=\"lazy\" decoding=\"async\" width=\"561\" height=\"295\" class=\"wp-image-413\" src=\"https:\/\/medicaltravel.ch\/wp-content\/uploads\/2025\/09\/Vorher_Nachher_Nase_Kayiran_5.jpg\" alt=\"\" srcset=\"https:\/\/medicaltravel.ch\/wp-content\/uploads\/2025\/09\/Vorher_Nachher_Nase_Kayiran_5.jpg 561w, https:\/\/medicaltravel.ch\/wp-content\/uploads\/2025\/09\/Vorher_Nachher_Nase_Kayiran_5-300x158.jpg 300w\" sizes=\"(max-width: 561px) 100vw, 561px\" \/><\/figure>\n\n<p>\u00d6nce-Sonra Burun Esteti\u011fi \u0130stanbul<\/p>\n\n<figure class=\"wp-block-image size-full is-resized\"><img loading=\"lazy\" decoding=\"async\" width=\"581\" height=\"287\" class=\"wp-image-415\" style=\"width: 645px; height: auto;\" src=\"https:\/\/medicaltravel.ch\/wp-content\/uploads\/2025\/09\/Vorher_Nachher_Nase_Kayiran_10.jpg\" alt=\"\" srcset=\"https:\/\/medicaltravel.ch\/wp-content\/uploads\/2025\/09\/Vorher_Nachher_Nase_Kayiran_10.jpg 581w, https:\/\/medicaltravel.ch\/wp-content\/uploads\/2025\/09\/Vorher_Nachher_Nase_Kayiran_10-300x148.jpg 300w\" sizes=\"(max-width: 581px) 100vw, 581px\" \/><\/figure>\n\n<p>\u00d6nce-Sonra Burun Duvar\u0131 D\u00fczeltmesi \u0130stanbul<\/p>\n\n<p> <\/p>\n\n<figure class=\"wp-block-image size-full\"><img loading=\"lazy\" decoding=\"async\" width=\"768\" height=\"543\" class=\"wp-image-416\" src=\"https:\/\/medicaltravel.ch\/wp-content\/uploads\/2025\/09\/Vorher_Nachher_Nase_Kayiran_7-768x543-1.jpg\" alt=\"\" srcset=\"https:\/\/medicaltravel.ch\/wp-content\/uploads\/2025\/09\/Vorher_Nachher_Nase_Kayiran_7-768x543-1.jpg 768w, https:\/\/medicaltravel.ch\/wp-content\/uploads\/2025\/09\/Vorher_Nachher_Nase_Kayiran_7-768x543-1-300x212.jpg 300w\" sizes=\"(max-width: 768px) 100vw, 768px\" \/><\/figure>\n\n<p>\u00d6nce-Sonra Burun Ameliyat\u0131 \u0130stanbul<\/p>\n\n<p> <\/p>\n\n<figure class=\"wp-block-image size-full\"><img loading=\"lazy\" decoding=\"async\" width=\"768\" height=\"399\" class=\"wp-image-417\" src=\"https:\/\/medicaltravel.ch\/wp-content\/uploads\/2025\/09\/Vorher_Nachher_Nase_Kayiran_6-768x399-2.jpg\" alt=\"\" srcset=\"https:\/\/medicaltravel.ch\/wp-content\/uploads\/2025\/09\/Vorher_Nachher_Nase_Kayiran_6-768x399-2.jpg 768w, https:\/\/medicaltravel.ch\/wp-content\/uploads\/2025\/09\/Vorher_Nachher_Nase_Kayiran_6-768x399-2-300x156.jpg 300w\" sizes=\"(max-width: 768px) 100vw, 768px\" \/><\/figure>\n\n<p>\u00d6nce-Sonra Burun Esteti\u011fi \u0130stanbul<\/p>\n\n<figure class=\"wp-block-image size-full\"><img loading=\"lazy\" decoding=\"async\" width=\"768\" height=\"543\" class=\"wp-image-418\" src=\"https:\/\/medicaltravel.ch\/wp-content\/uploads\/2025\/09\/Vorher_Nachher_Nase_Kayiran_8-768x543-1.jpg\" alt=\"\" srcset=\"https:\/\/medicaltravel.ch\/wp-content\/uploads\/2025\/09\/Vorher_Nachher_Nase_Kayiran_8-768x543-1.jpg 768w, https:\/\/medicaltravel.ch\/wp-content\/uploads\/2025\/09\/Vorher_Nachher_Nase_Kayiran_8-768x543-1-300x212.jpg 300w\" sizes=\"(max-width: 768px) 100vw, 768px\" \/><\/figure>\n\n<p>\u00d6nce-Sonra Erkek Burun Esteti\u011fi \u0130stanbul<\/p>\n\n<figure class=\"wp-block-image size-full\"><img loading=\"lazy\" decoding=\"async\" width=\"768\" height=\"543\" class=\"wp-image-419\" src=\"https:\/\/medicaltravel.ch\/wp-content\/uploads\/2025\/09\/Vorher_Nachher_Nase_Kayiran_9-768x543-1.jpg\" alt=\"\" srcset=\"https:\/\/medicaltravel.ch\/wp-content\/uploads\/2025\/09\/Vorher_Nachher_Nase_Kayiran_9-768x543-1.jpg 768w, https:\/\/medicaltravel.ch\/wp-content\/uploads\/2025\/09\/Vorher_Nachher_Nase_Kayiran_9-768x543-1-300x212.jpg 300w\" sizes=\"(max-width: 768px) 100vw, 768px\" \/><\/figure>\n\n<p><strong>\u00d6nce-Sonra Y\u00fcz ve Boyun Germe<\/strong><\/p>\n\n<p>\u00d6nce-Sonra Y\u00fcz ve Boyun Germe \u0130stanbul<\/p>\n\n<figure class=\"wp-block-image size-full\"><img loading=\"lazy\" decoding=\"async\" width=\"768\" height=\"432\" class=\"wp-image-420\" src=\"https:\/\/medicaltravel.ch\/wp-content\/uploads\/2025\/09\/Vorher_Nachher_Gesichtsstraffung_Istanbul_5-768x432-1.jpg\" alt=\"\" srcset=\"https:\/\/medicaltravel.ch\/wp-content\/uploads\/2025\/09\/Vorher_Nachher_Gesichtsstraffung_Istanbul_5-768x432-1.jpg 768w, https:\/\/medicaltravel.ch\/wp-content\/uploads\/2025\/09\/Vorher_Nachher_Gesichtsstraffung_Istanbul_5-768x432-1-300x169.jpg 300w\" sizes=\"(max-width: 768px) 100vw, 768px\" \/><\/figure>\n\n<p> <\/p>\n\n<p>\u00d6nce-Sonra Y\u00fcz Esteti\u011fi \u0130stanbul<\/p>\n\n<figure class=\"wp-block-image size-full\"><img loading=\"lazy\" decoding=\"async\" width=\"768\" height=\"432\" class=\"wp-image-421\" src=\"https:\/\/medicaltravel.ch\/wp-content\/uploads\/2025\/09\/Vorher_Nachher_Gesichtsstraffung_Istanbul_4-768x432-1.jpg\" alt=\"\" srcset=\"https:\/\/medicaltravel.ch\/wp-content\/uploads\/2025\/09\/Vorher_Nachher_Gesichtsstraffung_Istanbul_4-768x432-1.jpg 768w, https:\/\/medicaltravel.ch\/wp-content\/uploads\/2025\/09\/Vorher_Nachher_Gesichtsstraffung_Istanbul_4-768x432-1-300x169.jpg 300w\" sizes=\"(max-width: 768px) 100vw, 768px\" \/><\/figure>\n\n<p>\u00d6nce-Sonra Y\u00fcz Esteti\u011fi \u0130stanbul<\/p>\n\n<figure class=\"wp-block-image size-full\"><img loading=\"lazy\" decoding=\"async\" width=\"768\" height=\"432\" class=\"wp-image-422\" src=\"https:\/\/medicaltravel.ch\/wp-content\/uploads\/2025\/09\/Vorher_Nachher_Gesichtsstraffung_Istanbul_3-768x432-1.jpg\" alt=\"\" srcset=\"https:\/\/medicaltravel.ch\/wp-content\/uploads\/2025\/09\/Vorher_Nachher_Gesichtsstraffung_Istanbul_3-768x432-1.jpg 768w, https:\/\/medicaltravel.ch\/wp-content\/uploads\/2025\/09\/Vorher_Nachher_Gesichtsstraffung_Istanbul_3-768x432-1-300x169.jpg 300w\" sizes=\"(max-width: 768px) 100vw, 768px\" \/><\/figure>\n\n<p>\u00d6nce-Sonra Y\u00fcz ve Boyun Liftingi<\/p>\n\n<figure class=\"wp-block-image size-full\"><img loading=\"lazy\" decoding=\"async\" width=\"768\" height=\"432\" class=\"wp-image-423\" src=\"https:\/\/medicaltravel.ch\/wp-content\/uploads\/2025\/09\/Vorher_Nachher_Gesichtsstraffung_Istanbul_2-768x432-1.jpg\" alt=\"\" srcset=\"https:\/\/medicaltravel.ch\/wp-content\/uploads\/2025\/09\/Vorher_Nachher_Gesichtsstraffung_Istanbul_2-768x432-1.jpg 768w, https:\/\/medicaltravel.ch\/wp-content\/uploads\/2025\/09\/Vorher_Nachher_Gesichtsstraffung_Istanbul_2-768x432-1-300x169.jpg 300w\" sizes=\"(max-width: 768px) 100vw, 768px\" \/><\/figure>\n\n<p>\u0130stanbul \u00d6nce-Sonra Y\u00fcz Germe \u0130stanbul<\/p>\n\n<figure class=\"wp-block-image size-full\"><img loading=\"lazy\" decoding=\"async\" width=\"768\" height=\"432\" class=\"wp-image-424\" src=\"https:\/\/medicaltravel.ch\/wp-content\/uploads\/2025\/09\/Vorher_Nachher_Gesichtsstraffung_Istanbul_1-768x432-1.jpg\" alt=\"\" srcset=\"https:\/\/medicaltravel.ch\/wp-content\/uploads\/2025\/09\/Vorher_Nachher_Gesichtsstraffung_Istanbul_1-768x432-1.jpg 768w, https:\/\/medicaltravel.ch\/wp-content\/uploads\/2025\/09\/Vorher_Nachher_Gesichtsstraffung_Istanbul_1-768x432-1-300x169.jpg 300w\" sizes=\"(max-width: 768px) 100vw, 768px\" \/><\/figure>\n\n<p> <\/p>\n\n<p id=\"caption-attachment-12893\">\u00d6nce Sonra<br>Y\u00fcz ve Boyun Germe<\/p>\n\n<p>Meme ameliyat\u0131 \u00f6ncesi ve sonras\u0131 (meme dikle\u015ftirme, meme b\u00fcy\u00fctme, meme k\u00fc\u00e7\u00fcltme)<\/p>\n\n<figure class=\"wp-block-image size-full\"><img loading=\"lazy\" decoding=\"async\" width=\"768\" height=\"432\" class=\"wp-image-425\" src=\"https:\/\/medicaltravel.ch\/wp-content\/uploads\/2025\/09\/Vorher_Nachher_Brustverkleinerung_Istanbul_5-768x432-1.jpg\" alt=\"\" srcset=\"https:\/\/medicaltravel.ch\/wp-content\/uploads\/2025\/09\/Vorher_Nachher_Brustverkleinerung_Istanbul_5-768x432-1.jpg 768w, https:\/\/medicaltravel.ch\/wp-content\/uploads\/2025\/09\/Vorher_Nachher_Brustverkleinerung_Istanbul_5-768x432-1-300x169.jpg 300w\" sizes=\"(max-width: 768px) 100vw, 768px\" \/><\/figure>\n\n<p>\u0130stanbul&#8217;da meme k\u00fc\u00e7\u00fcltme ameliyat\u0131 \u00f6ncesi ve sonras\u0131<\/p>\n\n<figure class=\"wp-block-image size-full\"><img loading=\"lazy\" decoding=\"async\" width=\"768\" height=\"937\" class=\"wp-image-426\" src=\"https:\/\/medicaltravel.ch\/wp-content\/uploads\/2025\/09\/Vorher_Nachher_Brustverkleinerung_Istanbul_4-768x937-1.jpg\" alt=\"\" srcset=\"https:\/\/medicaltravel.ch\/wp-content\/uploads\/2025\/09\/Vorher_Nachher_Brustverkleinerung_Istanbul_4-768x937-1.jpg 768w, https:\/\/medicaltravel.ch\/wp-content\/uploads\/2025\/09\/Vorher_Nachher_Brustverkleinerung_Istanbul_4-768x937-1-246x300.jpg 246w\" sizes=\"(max-width: 768px) 100vw, 768px\" \/><\/figure>\n\n<p>\u0130stanbul&#8217;da meme k\u00fc\u00e7\u00fcltme ameliyat\u0131 \u00f6ncesi ve sonras\u0131<\/p>\n\n<figure class=\"wp-block-image size-full\"><img loading=\"lazy\" decoding=\"async\" width=\"768\" height=\"937\" class=\"wp-image-427\" src=\"https:\/\/medicaltravel.ch\/wp-content\/uploads\/2025\/09\/Vorher_Nachher_Brustverkleinerung_Istanbul_3-768x937-1.jpg\" alt=\"\" srcset=\"https:\/\/medicaltravel.ch\/wp-content\/uploads\/2025\/09\/Vorher_Nachher_Brustverkleinerung_Istanbul_3-768x937-1.jpg 768w, https:\/\/medicaltravel.ch\/wp-content\/uploads\/2025\/09\/Vorher_Nachher_Brustverkleinerung_Istanbul_3-768x937-1-246x300.jpg 246w\" sizes=\"(max-width: 768px) 100vw, 768px\" \/><\/figure>\n\n<p>\u0130stanbul&#8217;da Meme Kald\u0131rma Ameliyat\u0131 \u00d6ncesi ve Sonras\u0131<\/p>\n\n<figure class=\"wp-block-image size-full\"><img loading=\"lazy\" decoding=\"async\" width=\"768\" height=\"937\" class=\"wp-image-428\" src=\"https:\/\/medicaltravel.ch\/wp-content\/uploads\/2025\/09\/Vorher_Nachher_Brustverkleinerung_Istanbul_2-768x937-1.jpg\" alt=\"\" srcset=\"https:\/\/medicaltravel.ch\/wp-content\/uploads\/2025\/09\/Vorher_Nachher_Brustverkleinerung_Istanbul_2-768x937-1.jpg 768w, https:\/\/medicaltravel.ch\/wp-content\/uploads\/2025\/09\/Vorher_Nachher_Brustverkleinerung_Istanbul_2-768x937-1-246x300.jpg 246w\" sizes=\"(max-width: 768px) 100vw, 768px\" \/><\/figure>\n\n<p>\u0130stanbul&#8217;da meme k\u00fc\u00e7\u00fcltme ve dikle\u015ftirme ameliyat\u0131 \u00f6ncesi ve sonras\u0131 &#8211; 2 haftal\u0131k sonu\u00e7lar<\/p>\n\n<figure class=\"wp-block-image size-full\"><img loading=\"lazy\" decoding=\"async\" width=\"768\" height=\"937\" class=\"wp-image-429\" src=\"https:\/\/medicaltravel.ch\/wp-content\/uploads\/2025\/09\/Vorher_Nachher_Brustverkleinerung_Istanbul_1-768x937-1.jpg\" alt=\"\" srcset=\"https:\/\/medicaltravel.ch\/wp-content\/uploads\/2025\/09\/Vorher_Nachher_Brustverkleinerung_Istanbul_1-768x937-1.jpg 768w, https:\/\/medicaltravel.ch\/wp-content\/uploads\/2025\/09\/Vorher_Nachher_Brustverkleinerung_Istanbul_1-768x937-1-246x300.jpg 246w\" sizes=\"(max-width: 768px) 100vw, 768px\" \/><\/figure>\n\n<p>\u0130stanbul&#8217;da Meme Dikle\u015ftirme ve K\u00fc\u00e7\u00fcltme Ameliyat\u0131 \u00d6ncesi ve Sonras\u0131<\/p>\n\n<figure class=\"wp-block-image size-full\"><img loading=\"lazy\" decoding=\"async\" width=\"768\" height=\"432\" class=\"wp-image-430\" src=\"https:\/\/medicaltravel.ch\/wp-content\/uploads\/2025\/09\/Vorher_Nachher_Brustvergrosserung_Istanbul_3-768x432-1.jpg\" alt=\"\" srcset=\"https:\/\/medicaltravel.ch\/wp-content\/uploads\/2025\/09\/Vorher_Nachher_Brustvergrosserung_Istanbul_3-768x432-1.jpg 768w, https:\/\/medicaltravel.ch\/wp-content\/uploads\/2025\/09\/Vorher_Nachher_Brustvergrosserung_Istanbul_3-768x432-1-300x169.jpg 300w\" sizes=\"(max-width: 768px) 100vw, 768px\" \/><\/figure>\n\n<p>\u0130stanbul&#8217;da meme b\u00fcy\u00fctme ameliyat\u0131 \u00f6ncesi ve sonras\u0131<\/p>\n\n<figure class=\"wp-block-image size-full\"><img loading=\"lazy\" decoding=\"async\" width=\"768\" height=\"432\" class=\"wp-image-431\" src=\"https:\/\/medicaltravel.ch\/wp-content\/uploads\/2025\/09\/Vorher_Nachher_Brustvergrosserung_Istanbul_2-768x432-1.jpg\" alt=\"\" srcset=\"https:\/\/medicaltravel.ch\/wp-content\/uploads\/2025\/09\/Vorher_Nachher_Brustvergrosserung_Istanbul_2-768x432-1.jpg 768w, https:\/\/medicaltravel.ch\/wp-content\/uploads\/2025\/09\/Vorher_Nachher_Brustvergrosserung_Istanbul_2-768x432-1-300x169.jpg 300w\" sizes=\"(max-width: 768px) 100vw, 768px\" \/><\/figure>\n\n<p>\u0130stanbul&#8217;da meme implant\u0131 \u00f6ncesi ve sonras\u0131<\/p>\n\n<figure class=\"wp-block-image size-full\"><img loading=\"lazy\" decoding=\"async\" width=\"768\" height=\"432\" class=\"wp-image-432\" src=\"https:\/\/medicaltravel.ch\/wp-content\/uploads\/2025\/09\/Vorher_Nachher_Brustvergrosserung_Istanbul_1-768x432-1.jpg\" alt=\"\" srcset=\"https:\/\/medicaltravel.ch\/wp-content\/uploads\/2025\/09\/Vorher_Nachher_Brustvergrosserung_Istanbul_1-768x432-1.jpg 768w, https:\/\/medicaltravel.ch\/wp-content\/uploads\/2025\/09\/Vorher_Nachher_Brustvergrosserung_Istanbul_1-768x432-1-300x169.jpg 300w\" sizes=\"(max-width: 768px) 100vw, 768px\" \/><\/figure>\n\n<p>\u0130stanbul&#8217;da meme b\u00fcy\u00fctme ameliyat\u0131 \u00f6ncesi ve sonras\u0131<\/p>\n\n<figure class=\"wp-block-image size-full\"><img loading=\"lazy\" decoding=\"async\" width=\"768\" height=\"622\" class=\"wp-image-433\" src=\"https:\/\/medicaltravel.ch\/wp-content\/uploads\/2025\/09\/Vorher_Nachher_Brustsstraffung_Vergrosserung-768x622-1.jpg\" alt=\"\" srcset=\"https:\/\/medicaltravel.ch\/wp-content\/uploads\/2025\/09\/Vorher_Nachher_Brustsstraffung_Vergrosserung-768x622-1.jpg 768w, https:\/\/medicaltravel.ch\/wp-content\/uploads\/2025\/09\/Vorher_Nachher_Brustsstraffung_Vergrosserung-768x622-1-300x243.jpg 300w\" sizes=\"(max-width: 768px) 100vw, 768px\" \/><\/figure>\n\n<p>\u0130stanbul&#8217;da Meme Dikle\u015ftirme ve B\u00fcy\u00fctme \u00d6ncesi ve Sonras\u0131<\/p>\n\n<figure class=\"wp-block-image size-full\"><img loading=\"lazy\" decoding=\"async\" width=\"768\" height=\"432\" class=\"wp-image-434\" src=\"https:\/\/medicaltravel.ch\/wp-content\/uploads\/2025\/09\/Vorher_Nachher_Bruststraffung_Istanbul_3-768x432-1.jpg\" alt=\"\" srcset=\"https:\/\/medicaltravel.ch\/wp-content\/uploads\/2025\/09\/Vorher_Nachher_Bruststraffung_Istanbul_3-768x432-1.jpg 768w, https:\/\/medicaltravel.ch\/wp-content\/uploads\/2025\/09\/Vorher_Nachher_Bruststraffung_Istanbul_3-768x432-1-300x169.jpg 300w\" sizes=\"(max-width: 768px) 100vw, 768px\" \/><\/figure>\n\n<p>\u0130stanbul&#8217;da Meme Esteti\u011fi \u00d6ncesi ve Sonras\u0131<\/p>\n\n<figure class=\"wp-block-gallery has-nested-images columns-default is-cropped\">\n<figure class=\"wp-block-image size-large\"><img loading=\"lazy\" decoding=\"async\" width=\"768\" height=\"384\" class=\"wp-image-437\" src=\"https:\/\/medicaltravel.ch\/wp-content\/uploads\/2025\/09\/Vorher_Nachher_Bruststraffung_Istanbul_2-768x384-1.jpg\" alt=\"\" srcset=\"https:\/\/medicaltravel.ch\/wp-content\/uploads\/2025\/09\/Vorher_Nachher_Bruststraffung_Istanbul_2-768x384-1.jpg 768w, https:\/\/medicaltravel.ch\/wp-content\/uploads\/2025\/09\/Vorher_Nachher_Bruststraffung_Istanbul_2-768x384-1-300x150.jpg 300w\" sizes=\"(max-width: 768px) 100vw, 768px\" \/><\/figure>\n<\/figure>\n\n<p>\u0130stanbul&#8217;da meme kald\u0131rma ameliyat\u0131 \u00f6ncesi ve sonras\u0131<\/p>\n\n<figure class=\"wp-block-image size-full\"><img loading=\"lazy\" decoding=\"async\" width=\"768\" height=\"937\" class=\"wp-image-438\" src=\"https:\/\/medicaltravel.ch\/wp-content\/uploads\/2025\/09\/Vorher_Nachher_Brustverkleinerung_Istanbul_3-768x937-1-2.jpg\" alt=\"\" srcset=\"https:\/\/medicaltravel.ch\/wp-content\/uploads\/2025\/09\/Vorher_Nachher_Brustverkleinerung_Istanbul_3-768x937-1-2.jpg 768w, https:\/\/medicaltravel.ch\/wp-content\/uploads\/2025\/09\/Vorher_Nachher_Brustverkleinerung_Istanbul_3-768x937-1-2-246x300.jpg 246w\" sizes=\"(max-width: 768px) 100vw, 768px\" \/><\/figure>\n\n<p>\u0130stanbul&#8217;da meme ameliyat\u0131 \u00f6ncesi ve sonras\u0131<\/p>\n\n<p>G\u00f6z kapa\u011f\u0131 kald\u0131rma (g\u00f6z kapa\u011f\u0131 d\u00fczeltme) i\u015fleminden \u00f6nce ve sonra<\/p>\n\n<p>\u0130\u015fte \u0130stanbul&#8217;da yap\u0131lan g\u00f6z kapa\u011f\u0131 kald\u0131rma i\u015flemlerinin \u00f6ncesi ve sonras\u0131 \u00f6rnek foto\u011fraflar\u0131.<\/p>\n\n<figure class=\"wp-block-image size-full\"><img loading=\"lazy\" decoding=\"async\" width=\"768\" height=\"432\" class=\"wp-image-439\" src=\"https:\/\/medicaltravel.ch\/wp-content\/uploads\/2025\/09\/Augenlid_Vorher_Nachher_Kayiran_3-768x432-1.jpg\" alt=\"\" srcset=\"https:\/\/medicaltravel.ch\/wp-content\/uploads\/2025\/09\/Augenlid_Vorher_Nachher_Kayiran_3-768x432-1.jpg 768w, https:\/\/medicaltravel.ch\/wp-content\/uploads\/2025\/09\/Augenlid_Vorher_Nachher_Kayiran_3-768x432-1-300x169.jpg 300w\" sizes=\"(max-width: 768px) 100vw, 768px\" \/><\/figure>\n\n<p>\u0130stanbul&#8217;da g\u00f6z kapa\u011f\u0131 ameliyat\u0131 \u00f6ncesi ve sonras\u0131<\/p>\n\n<figure class=\"wp-block-image size-full\"><img loading=\"lazy\" decoding=\"async\" width=\"768\" height=\"432\" class=\"wp-image-440\" src=\"https:\/\/medicaltravel.ch\/wp-content\/uploads\/2025\/09\/Augenlid_Vorher_Nachher_Kayiran_2-768x432-1.jpg\" alt=\"\" srcset=\"https:\/\/medicaltravel.ch\/wp-content\/uploads\/2025\/09\/Augenlid_Vorher_Nachher_Kayiran_2-768x432-1.jpg 768w, https:\/\/medicaltravel.ch\/wp-content\/uploads\/2025\/09\/Augenlid_Vorher_Nachher_Kayiran_2-768x432-1-300x169.jpg 300w\" sizes=\"(max-width: 768px) 100vw, 768px\" \/><\/figure>\n\n<p>\u0130stanbul&#8217;da g\u00f6z kapa\u011f\u0131 kald\u0131rma \u00f6ncesi ve sonras\u0131<\/p>\n\n<figure class=\"wp-block-image size-full\"><img loading=\"lazy\" decoding=\"async\" width=\"768\" height=\"432\" class=\"wp-image-441\" src=\"https:\/\/medicaltravel.ch\/wp-content\/uploads\/2025\/09\/Augenlid_Vorher_Nachher_Kayiran_1-768x432-1.jpg\" alt=\"\" srcset=\"https:\/\/medicaltravel.ch\/wp-content\/uploads\/2025\/09\/Augenlid_Vorher_Nachher_Kayiran_1-768x432-1.jpg 768w, https:\/\/medicaltravel.ch\/wp-content\/uploads\/2025\/09\/Augenlid_Vorher_Nachher_Kayiran_1-768x432-1-300x169.jpg 300w\" sizes=\"(max-width: 768px) 100vw, 768px\" \/><\/figure>\n\n<p>\u0130stanbul&#8217;da g\u00f6z kapa\u011f\u0131 d\u00fczeltme ameliyat\u0131 \u00f6ncesi ve sonras\u0131<\/p>\n\n<p>Kulak d\u00fczeltme i\u015fleminden \u00f6nce ve sonra<\/p>\n\n<figure class=\"wp-block-image size-full\"><img loading=\"lazy\" decoding=\"async\" width=\"768\" height=\"432\" class=\"wp-image-442\" src=\"https:\/\/medicaltravel.ch\/wp-content\/uploads\/2025\/09\/Vorher_Nachher_Ohrenkorrektur_Istanbul_2-768x432-1.jpg\" alt=\"\" srcset=\"https:\/\/medicaltravel.ch\/wp-content\/uploads\/2025\/09\/Vorher_Nachher_Ohrenkorrektur_Istanbul_2-768x432-1.jpg 768w, https:\/\/medicaltravel.ch\/wp-content\/uploads\/2025\/09\/Vorher_Nachher_Ohrenkorrektur_Istanbul_2-768x432-1-300x169.jpg 300w\" sizes=\"(max-width: 768px) 100vw, 768px\" \/><\/figure>\n\n<p>\u0130stanbul&#8217;da kulak d\u00fczeltme ameliyat\u0131 \u00f6ncesi ve sonras\u0131<\/p>\n\n<figure class=\"wp-block-image size-full\"><img loading=\"lazy\" decoding=\"async\" width=\"768\" height=\"432\" class=\"wp-image-443\" src=\"https:\/\/medicaltravel.ch\/wp-content\/uploads\/2025\/09\/Vorher_Nachher_Ohrenkorrektur_Istanbul_1-768x432-1.jpg\" alt=\"\" srcset=\"https:\/\/medicaltravel.ch\/wp-content\/uploads\/2025\/09\/Vorher_Nachher_Ohrenkorrektur_Istanbul_1-768x432-1.jpg 768w, https:\/\/medicaltravel.ch\/wp-content\/uploads\/2025\/09\/Vorher_Nachher_Ohrenkorrektur_Istanbul_1-768x432-1-300x169.jpg 300w\" sizes=\"(max-width: 768px) 100vw, 768px\" \/><\/figure>\n\n<p>\u0130stanbul&#8217;da Kulak D\u00fczeltme Ameliyat\u0131 \u00d6ncesi ve Sonras\u0131<\/p>\n\n<p>Kol S\u0131k\u0131la\u015ft\u0131rma<\/p>\n\n<figure class=\"wp-block-image size-large\"><img loading=\"lazy\" decoding=\"async\" width=\"1024\" height=\"576\" class=\"wp-image-444\" src=\"https:\/\/medicaltravel.ch\/wp-content\/uploads\/2025\/09\/Vorher_Nachher_Armstraffung_Kayiran-1024x576.jpg\" alt=\"\" srcset=\"https:\/\/medicaltravel.ch\/wp-content\/uploads\/2025\/09\/Vorher_Nachher_Armstraffung_Kayiran-1024x576.jpg 1024w, https:\/\/medicaltravel.ch\/wp-content\/uploads\/2025\/09\/Vorher_Nachher_Armstraffung_Kayiran-300x169.jpg 300w, https:\/\/medicaltravel.ch\/wp-content\/uploads\/2025\/09\/Vorher_Nachher_Armstraffung_Kayiran-768x432.jpg 768w, https:\/\/medicaltravel.ch\/wp-content\/uploads\/2025\/09\/Vorher_Nachher_Armstraffung_Kayiran.jpg 1280w\" sizes=\"(max-width: 1024px) 100vw, 1024px\" \/><\/figure>\n\n<p id=\"caption-attachment-12572\">\u0130stanbul&#8217;da kol germe ameliyat\u0131 \u00f6ncesi ve sonras\u0131<\/p>\n\t\t\t\t\t\t\t\t<\/div>\n\t\t\t\t\t<\/div>\n\t\t\t\t<\/div>\n\t\t\t\t<\/div>\n\t\t","protected":false},"excerpt":{"rendered":"<p>G\u00fczellik gezileri hastaneler Tedavi yelpazesi Teklif Fiyatlar \u00d6nce, sonra \u00d6NCE-SONRA \u00d6RNEK FOTO\u011eRAFLARI G\u00dcZELL\u0130K AMEL\u0130YATLARI &#8211; \u0130STANBUL-T\u00dcRK\u0130YE Burada, Prof. Dr. Kay\u0131ran&#8217;a ait bir\u00e7ok \u00d6nce-Sonra foto\u011fraf\u0131n\u0131 bulabilirsiniz. Burun \u2013 Y\u00fcz \u2013 G\u00f6\u011f\u00fcs \u2013 G\u00f6z Kapa\u011f\u0131 \u2013 Kulak \u2013 Kol \u00d6nce-Sonra Burun Esteti\u011fi \u00d6nce-Sonra Burun Esteti\u011fi D\u00fczeltmesi \u0130stanbul \u00d6nce-Sonra Kad\u0131n Burun Esteti\u011fi \u0130stanbul \u00d6nce-Sonra Rinoplasti \u0130stanbul \u00d6nce-Sonra Burun Ameliyat\u0131 \u0130stanbul \u00d6nce-Sonra Burun Esteti\u011fi D\u00fczeltmesi \u0130stanbul \u00d6nce-Sonra Burun Cerrahisi \u0130stanbul \u00d6nce-Sonra Burun Esteti\u011fi \u0130stanbul \u00d6nce-Sonra Burun Duvar\u0131 D\u00fczeltmesi \u0130stanbul \u00d6nce-Sonra Burun Ameliyat\u0131 \u0130stanbul \u00d6nce-Sonra Burun Esteti\u011fi \u0130stanbul \u00d6nce-Sonra Erkek Burun Esteti\u011fi \u0130stanbul \u00d6nce-Sonra Y\u00fcz ve Boyun Germe \u00d6nce-Sonra Y\u00fcz ve Boyun Germe \u0130stanbul \u00d6nce-Sonra Y\u00fcz Esteti\u011fi \u0130stanbul \u00d6nce-Sonra Y\u00fcz Esteti\u011fi \u0130stanbul \u00d6nce-Sonra Y\u00fcz ve Boyun Liftingi \u0130stanbul \u00d6nce-Sonra Y\u00fcz Germe \u0130stanbul \u00d6nce SonraY\u00fcz ve Boyun Germe Meme ameliyat\u0131 \u00f6ncesi ve sonras\u0131 (meme dikle\u015ftirme, meme b\u00fcy\u00fctme, meme k\u00fc\u00e7\u00fcltme) \u0130stanbul&#8217;da meme k\u00fc\u00e7\u00fcltme ameliyat\u0131 \u00f6ncesi ve sonras\u0131 \u0130stanbul&#8217;da meme k\u00fc\u00e7\u00fcltme ameliyat\u0131 \u00f6ncesi ve sonras\u0131 \u0130stanbul&#8217;da Meme Kald\u0131rma Ameliyat\u0131 \u00d6ncesi ve Sonras\u0131 \u0130stanbul&#8217;da meme k\u00fc\u00e7\u00fcltme ve dikle\u015ftirme ameliyat\u0131 \u00f6ncesi ve sonras\u0131 &#8211; 2 haftal\u0131k sonu\u00e7lar \u0130stanbul&#8217;da Meme Dikle\u015ftirme ve K\u00fc\u00e7\u00fcltme Ameliyat\u0131 \u00d6ncesi ve Sonras\u0131 \u0130stanbul&#8217;da meme b\u00fcy\u00fctme ameliyat\u0131 \u00f6ncesi ve sonras\u0131 \u0130stanbul&#8217;da meme implant\u0131 \u00f6ncesi ve sonras\u0131 \u0130stanbul&#8217;da meme b\u00fcy\u00fctme ameliyat\u0131 \u00f6ncesi ve sonras\u0131 \u0130stanbul&#8217;da Meme Dikle\u015ftirme ve B\u00fcy\u00fctme \u00d6ncesi ve Sonras\u0131 \u0130stanbul&#8217;da Meme Esteti\u011fi \u00d6ncesi ve Sonras\u0131 \u0130stanbul&#8217;da meme kald\u0131rma ameliyat\u0131 \u00f6ncesi ve sonras\u0131 \u0130stanbul&#8217;da meme ameliyat\u0131 \u00f6ncesi ve sonras\u0131 G\u00f6z kapa\u011f\u0131 kald\u0131rma (g\u00f6z kapa\u011f\u0131 d\u00fczeltme) i\u015fleminden \u00f6nce ve sonra \u0130\u015fte \u0130stanbul&#8217;da yap\u0131lan g\u00f6z kapa\u011f\u0131 kald\u0131rma i\u015flemlerinin \u00f6ncesi ve sonras\u0131 \u00f6rnek foto\u011fraflar\u0131. \u0130stanbul&#8217;da g\u00f6z kapa\u011f\u0131 ameliyat\u0131 \u00f6ncesi ve sonras\u0131 \u0130stanbul&#8217;da g\u00f6z kapa\u011f\u0131 kald\u0131rma \u00f6ncesi ve sonras\u0131 \u0130stanbul&#8217;da g\u00f6z kapa\u011f\u0131 d\u00fczeltme ameliyat\u0131 \u00f6ncesi ve sonras\u0131 Kulak d\u00fczeltme i\u015fleminden \u00f6nce ve sonra \u0130stanbul&#8217;da kulak d\u00fczeltme ameliyat\u0131 \u00f6ncesi ve sonras\u0131 \u0130stanbul&#8217;da Kulak D\u00fczeltme Ameliyat\u0131 \u00d6ncesi ve Sonras\u0131 Kol S\u0131k\u0131la\u015ft\u0131rma \u0130stanbul&#8217;da kol germe ameliyat\u0131 \u00f6ncesi ve sonras\u0131<\/p>\n","protected":false},"author":4,"featured_media":0,"parent":5308,"menu_order":0,"comment_status":"closed","ping_status":"closed","template":"","meta":{"_joinchat":[],"footnotes":""},"class_list":["post-5421","page","type-page","status-publish","hentry"],"acf":[],"_links":{"self":[{"href":"https:\/\/medicaltravel.ch\/tr\/wp-json\/wp\/v2\/pages\/5421","targetHints":{"allow":["GET"]}}],"collection":[{"href":"https:\/\/medicaltravel.ch\/tr\/wp-json\/wp\/v2\/pages"}],"about":[{"href":"https:\/\/medicaltravel.ch\/tr\/wp-json\/wp\/v2\/types\/page"}],"author":[{"embeddable":true,"href":"https:\/\/medicaltravel.ch\/tr\/wp-json\/wp\/v2\/users\/4"}],"replies":[{"embeddable":true,"href":"https:\/\/medicaltravel.ch\/tr\/wp-json\/wp\/v2\/comments?post=5421"}],"version-history":[{"count":0,"href":"https:\/\/medicaltravel.ch\/tr\/wp-json\/wp\/v2\/pages\/5421\/revisions"}],"up":[{"embeddable":true,"href":"https:\/\/medicaltravel.ch\/tr\/wp-json\/wp\/v2\/pages\/5308"}],"wp:attachment":[{"href":"https:\/\/medicaltravel.ch\/tr\/wp-json\/wp\/v2\/media?parent=5421"}],"curies":[{"name":"wp","href":"https:\/\/api.w.org\/{rel}","templated":true}]}}