{"id":5433,"date":"2025-09-17T07:30:22","date_gmt":"2025-09-17T06:30:22","guid":{"rendered":"https:\/\/medicaltravel.ch\/neden-tuerkiye\/lazerle-giris-gercekler\/"},"modified":"2026-01-04T17:57:16","modified_gmt":"2026-01-04T16:57:16","slug":"lazerle-giris-gercekler","status":"publish","type":"page","link":"https:\/\/medicaltravel.ch\/tr\/neden-tuerkiye\/lazerle-giris-gercekler\/","title":{"rendered":"LAZERLE G\u0130R\u0130\u015e: GER\u00c7EKLER"},"content":{"rendered":"\t\t<div data-elementor-type=\"wp-page\" data-elementor-id=\"5433\" class=\"elementor elementor-5433 elementor-16\" data-elementor-post-type=\"page\">\n\t\t\t\t<div class=\"elementor-element elementor-element-e2ba90 e-flex e-con-boxed wpr-particle-no wpr-jarallax-no wpr-parallax-no wpr-sticky-section-no wpr-equal-height-no e-con e-parent\" data-id=\"e2ba90\" data-element_type=\"container\" data-e-type=\"container\">\n\t\t\t\t\t<div class=\"e-con-inner\">\n\t\t<div class=\"elementor-element elementor-element-53419df e-con-full e-flex wpr-particle-no wpr-jarallax-no wpr-parallax-no wpr-sticky-section-no wpr-equal-height-no e-con e-child\" data-id=\"53419df\" data-element_type=\"container\" data-e-type=\"container\">\n\t\t\t\t<div class=\"elementor-element elementor-element-3ef0598 elementor-widget elementor-widget-button\" data-id=\"3ef0598\" data-element_type=\"widget\" data-e-type=\"widget\" data-widget_type=\"button.default\">\n\t\t\t\t\t\t\t\t\t\t<a class=\"elementor-button elementor-button-link elementor-size-sm\" href=\"https:\/\/www.medicaltravel.ch\/warum-tuerkei\/medizintourismus\/\">\n\t\t\t\t\t\t<span class=\"elementor-button-content-wrapper\">\n\t\t\t\t\t\t\t\t\t<span class=\"elementor-button-text\">T\u0131bbi turizm<\/span>\n\t\t\t\t\t<\/span>\n\t\t\t\t\t<\/a>\n\t\t\t\t\t\t\t\t<\/div>\n\t\t\t\t<div class=\"elementor-element elementor-element-b61571b elementor-widget elementor-widget-button\" data-id=\"b61571b\" data-element_type=\"widget\" data-e-type=\"widget\" data-widget_type=\"button.default\">\n\t\t\t\t\t\t\t\t\t\t<a class=\"elementor-button elementor-button-link elementor-size-sm\" href=\"https:\/\/www.medicaltravel.ch\/warum-tuerkei\/lasern-tatsachen\/\">\n\t\t\t\t\t\t<span class=\"elementor-button-content-wrapper\">\n\t\t\t\t\t\t\t\t\t<span class=\"elementor-button-text\">LAZERLE G\u0130R\u0130\u015e: GER\u00c7EKLER<\/span>\n\t\t\t\t\t<\/span>\n\t\t\t\t\t<\/a>\n\t\t\t\t\t\t\t\t<\/div>\n\t\t\t\t<div class=\"elementor-element elementor-element-dc03e6a elementor-widget elementor-widget-button\" data-id=\"dc03e6a\" data-element_type=\"widget\" data-e-type=\"widget\" data-widget_type=\"button.default\">\n\t\t\t\t\t\t\t\t\t\t<a class=\"elementor-button elementor-button-link elementor-size-sm\" href=\"https:\/\/www.medicaltravel.ch\/warum-tuerkei\/staedte-der-tuerkei\/istanbul-als-stadt\/\">\n\t\t\t\t\t\t<span class=\"elementor-button-content-wrapper\">\n\t\t\t\t\t\t\t\t\t<span class=\"elementor-button-text\">T\u00fcrkiye'nin \u015eehirleri<\/span>\n\t\t\t\t\t<\/span>\n\t\t\t\t\t<\/a>\n\t\t\t\t\t\t\t\t<\/div>\n\t\t\t\t<div class=\"elementor-element elementor-element-a1ae1f9 elementor-widget elementor-widget-button\" data-id=\"a1ae1f9\" data-element_type=\"widget\" data-e-type=\"widget\" data-widget_type=\"button.default\">\n\t\t\t\t\t\t\t\t\t\t<a class=\"elementor-button elementor-button-link elementor-size-sm\" href=\"https:\/\/www.medicaltravel.ch\/warum-tuerkei\/reisedaten\/\">\n\t\t\t\t\t\t<span class=\"elementor-button-content-wrapper\">\n\t\t\t\t\t\t\t\t\t<span class=\"elementor-button-text\">Seyahat tarihi<\/span>\n\t\t\t\t\t<\/span>\n\t\t\t\t\t<\/a>\n\t\t\t\t\t\t\t\t<\/div>\n\t\t\t\t<\/div>\n\t\t\t\t<div class=\"elementor-element elementor-element-43581f94 elementor-widget elementor-widget-text-editor\" data-id=\"43581f94\" data-element_type=\"widget\" data-e-type=\"widget\" data-widget_type=\"text-editor.default\">\n\t\t\t\t\t\t\t\t\t\n<h2 class=\"wp-block-heading\">GER\u00c7EKLER<\/h2>\n\n<p>\u0130stanbul&#8217;a t\u0131bbi turizmle ilgili kli\u015feler ve ger\u00e7ekler. \u00c7\u0131lg\u0131nca m\u0131, ak\u0131ll\u0131ca m\u0131? <\/p>\n\n<p>\u0130stanbul&#8217;a y\u00f6nelik t\u0131bbi turizm hakk\u0131nda bir\u00e7ok kli\u015fe var. Ancak bizim i\u00e7in ger\u00e7eklik olduk\u00e7a farkl\u0131: <\/p>\n\n<p>Kli\u015fe: \u0130stanbul&#8217;da kaliteden asla emin olamazs\u0131n\u0131z! Peki ya hijyen standartlar\u0131? <br>Ger\u00e7ek \u015fu ki: G\u00f6z lazer klini\u011fimiz uluslararas\u0131 sertifikaya sahiptir ve bu da her alanda kaliteyi garanti eder.<\/p>\n\n<p>Kli\u015fe: \u0130svi\u00e7reli doktorlar\u0131n kesinlikle daha fazla deneyimi var!<br>Ger\u00e7ek \u015fu ki: Klini\u011fin doktorlar\u0131 son 10 y\u0131lda 20.000&#8217;den fazla ameliyat ger\u00e7ekle\u015ftirmi\u015f olup uluslararas\u0131 e\u011fitim alm\u0131\u015flard\u0131r. B\u00f6lgedeki ba\u015fka hi\u00e7bir lazer g\u00f6z klini\u011fi bu kadar y\u00fcksek say\u0131da ameliyat ve buna ba\u011fl\u0131 deneyime sahip de\u011fildir. <\/p>\n\n<figure class=\"wp-block-image size-full\"><img fetchpriority=\"high\" decoding=\"async\" width=\"300\" height=\"225\" class=\"wp-image-270\" src=\"https:\/\/medicaltravel.ch\/wp-content\/uploads\/2025\/09\/Klischees-und-Tatsachen-uber-Medizinalreisen-nach-Istanbul.-Informieren-Sie-sich-uber-die-Tatsachen.-300x225-1.jpg\" alt=\"\"><\/figure>\n\n<p>Stereotip: Yurtd\u0131\u015f\u0131nda her \u015fey seri \u00fcretimle ilgili!<br>Ger\u00e7ek \u015fu ki: Her hastaya yeterli zaman ay\u0131rmak i\u00e7in klinik g\u00fcnde sadece birka\u00e7 hasta kabul etmektedir.<\/p>\n\n<p>Klisele\u015fmi\u015f ifade: Cihazlar yeni de\u011fil, ikinci el piyasas\u0131ndan sat\u0131n al\u0131nd\u0131!<br>Ger\u00e7ek: Klinik, d\u00fcnyan\u0131n en h\u0131zl\u0131 g\u00f6z lazer cihazlar\u0131na, 400 Hz frekans\u0131ndaki Allegretto Wave Eye-Q&#8217;ya sahip. Cihaz piyasaya \u00e7\u0131kt\u0131\u011f\u0131nda, klinik bu cihaza sahip olan d\u00fcnyadaki ilk kliniklerden biriydi. <\/p>\n\n<p>Kal\u0131p yarg\u0131: Nas\u0131l ileti\u015fim kuraca\u011f\u0131z ki? T\u00fcrk\u00e7e bilmiyorum ki! <br>Ger\u00e7ek \u015fu ki: Klinikte her zaman ak\u0131c\u0131 Almanca konu\u015fan biri vard\u0131r.<\/p>\n\n<p>Efsane: Yurtd\u0131\u015f\u0131nda \u0130svi\u00e7re&#8217;ye g\u00f6re kesinlikle daha fazla komplikasyon vard\u0131r.<br>Ger\u00e7ek: Bunu kan\u0131tlayacak hi\u00e7bir bilimsel \u00e7al\u0131\u015fma yoktur. \u0130svi\u00e7re&#8217;deki ba\u015far\u0131 oran\u0131 %90&#8217;\u0131n \u00fczerindedir. Swisslasik.ch&#8217;de ise bu oran %95&#8217;in \u00fczerindedir.  <\/p>\n\n<p>Efsane: Yurtd\u0131\u015f\u0131nda ameliyat sonras\u0131 m\u00fcdahale say\u0131s\u0131 daha y\u00fcksek.<br>Ger\u00e7ek: Hastalar\u0131m\u0131z\u0131n sadece %2&#8217;si yeniden ameliyat gerektirdi. Avrupa&#8217;daki uzmanlar bu oran\u0131 %10 olarak ba\u015far\u0131 olarak de\u011ferlendiriyor. <\/p>\n\n<p>Efsane: Ameliyat \u00f6ncesi de\u011ferlendirme ve takip muayeneleri olmadan ameliyat teklif etmek yanl\u0131\u015ft\u0131r! Ne yaz\u0131k ki, t\u0131bbi turizmde durum s\u0131kl\u0131kla b\u00f6yledir.<br>Ger\u00e7ek: Biz her ikisini de sunuyoruz! Seyahatinizden \u00f6nce y\u00f6nlendiren doktorlar\u0131m\u0131z taraf\u0131ndan g\u00f6z muayenenizi yapt\u0131rabilirsiniz. Premium paketimiz sayesinde \u0130svi\u00e7re&#8217;de de takip muayeneleriniz olur.   <\/p>\n\n<p>Kal\u0131p yarg\u0131: \u0130kinci bir ameliyata ihtiyac\u0131m olursa, seyahat ve ameliyat masraflar\u0131n\u0131 tekrar \u00f6demek zorunday\u0131m. Para biriktirme \u015fans\u0131m yok! <br>Ger\u00e7ek: Klinik ikinci ameliyat\u0131 \u00fccretsiz olarak sunmaktad\u0131r. Premium teklifimiz sayesinde, ikinci ameliyat durumunda seyahat masraflar\u0131n\u0131z\u0131 kar\u015f\u0131l\u0131yoruz. <\/p>\n\n<p>Stereotip: Ne? T\u00fcrkiye&#8217;de lazer g\u00f6z ameliyat\u0131 m\u0131 oluyorsunuz? Deli misiniz?<br>Ger\u00e7ek: L\u00fctfen <a href=\"https:\/\/medicaltravel.ch\/tr\/hasta-raporlari\/erfahrungsberichte-empfehlungen-behandlungen-beurteilung-tuerkei-istanbul\/\" data-type=\"page\" data-id=\"203\">memnun hastalar\u0131n yorumlar\u0131n\u0131<\/a> okuyun. Birinin &#8220;deli&#8221; mi yoksa &#8220;ak\u0131ll\u0131&#8221; m\u0131 oldu\u011funa kendiniz karar verebilirsiniz.  <\/p>\n\t\t\t\t\t\t\t\t<\/div>\n\t\t\t\t\t<\/div>\n\t\t\t\t<\/div>\n\t\t\t\t<\/div>\n\t\t","protected":false},"excerpt":{"rendered":"<p>T\u0131bbi turizm LAZERLE G\u0130R\u0130\u015e: GER\u00c7EKLER T\u00fcrkiye&#8217;nin \u015eehirleri Seyahat tarihi GER\u00c7EKLER \u0130stanbul&#8217;a t\u0131bbi turizmle ilgili kli\u015feler ve ger\u00e7ekler. \u00c7\u0131lg\u0131nca m\u0131, ak\u0131ll\u0131ca m\u0131? \u0130stanbul&#8217;a y\u00f6nelik t\u0131bbi turizm hakk\u0131nda bir\u00e7ok kli\u015fe var. Ancak bizim i\u00e7in ger\u00e7eklik olduk\u00e7a farkl\u0131: Kli\u015fe: \u0130stanbul&#8217;da kaliteden asla emin olamazs\u0131n\u0131z! Peki ya hijyen standartlar\u0131? Ger\u00e7ek \u015fu ki: G\u00f6z lazer klini\u011fimiz uluslararas\u0131 sertifikaya sahiptir ve bu da her alanda kaliteyi garanti eder. Kli\u015fe: \u0130svi\u00e7reli doktorlar\u0131n kesinlikle daha fazla deneyimi var!Ger\u00e7ek \u015fu ki: Klini\u011fin doktorlar\u0131 son 10 y\u0131lda 20.000&#8217;den fazla ameliyat ger\u00e7ekle\u015ftirmi\u015f olup uluslararas\u0131 e\u011fitim alm\u0131\u015flard\u0131r. B\u00f6lgedeki ba\u015fka hi\u00e7bir lazer g\u00f6z klini\u011fi bu kadar y\u00fcksek say\u0131da ameliyat ve buna ba\u011fl\u0131 deneyime sahip de\u011fildir. Stereotip: Yurtd\u0131\u015f\u0131nda her \u015fey seri \u00fcretimle ilgili!Ger\u00e7ek \u015fu ki: Her hastaya yeterli zaman ay\u0131rmak i\u00e7in klinik g\u00fcnde sadece birka\u00e7 hasta kabul etmektedir. Klisele\u015fmi\u015f ifade: Cihazlar yeni de\u011fil, ikinci el piyasas\u0131ndan sat\u0131n al\u0131nd\u0131!Ger\u00e7ek: Klinik, d\u00fcnyan\u0131n en h\u0131zl\u0131 g\u00f6z lazer cihazlar\u0131na, 400 Hz frekans\u0131ndaki Allegretto Wave Eye-Q&#8217;ya sahip. Cihaz piyasaya \u00e7\u0131kt\u0131\u011f\u0131nda, klinik bu cihaza sahip olan d\u00fcnyadaki ilk kliniklerden biriydi. Kal\u0131p yarg\u0131: Nas\u0131l ileti\u015fim kuraca\u011f\u0131z ki? T\u00fcrk\u00e7e bilmiyorum ki! Ger\u00e7ek \u015fu ki: Klinikte her zaman ak\u0131c\u0131 Almanca konu\u015fan biri vard\u0131r. Efsane: Yurtd\u0131\u015f\u0131nda \u0130svi\u00e7re&#8217;ye g\u00f6re kesinlikle daha fazla komplikasyon vard\u0131r.Ger\u00e7ek: Bunu kan\u0131tlayacak hi\u00e7bir bilimsel \u00e7al\u0131\u015fma yoktur. \u0130svi\u00e7re&#8217;deki ba\u015far\u0131 oran\u0131 %90&#8217;\u0131n \u00fczerindedir. Swisslasik.ch&#8217;de ise bu oran %95&#8217;in \u00fczerindedir. Efsane: Yurtd\u0131\u015f\u0131nda ameliyat sonras\u0131 m\u00fcdahale say\u0131s\u0131 daha y\u00fcksek.Ger\u00e7ek: Hastalar\u0131m\u0131z\u0131n sadece %2&#8217;si yeniden ameliyat gerektirdi. Avrupa&#8217;daki uzmanlar bu oran\u0131 %10 olarak ba\u015far\u0131 olarak de\u011ferlendiriyor. Efsane: Ameliyat \u00f6ncesi de\u011ferlendirme ve takip muayeneleri olmadan ameliyat teklif etmek yanl\u0131\u015ft\u0131r! Ne yaz\u0131k ki, t\u0131bbi turizmde durum s\u0131kl\u0131kla b\u00f6yledir.Ger\u00e7ek: Biz her ikisini de sunuyoruz! Seyahatinizden \u00f6nce y\u00f6nlendiren doktorlar\u0131m\u0131z taraf\u0131ndan g\u00f6z muayenenizi yapt\u0131rabilirsiniz. Premium paketimiz sayesinde \u0130svi\u00e7re&#8217;de de takip muayeneleriniz olur. Kal\u0131p yarg\u0131: \u0130kinci bir ameliyata ihtiyac\u0131m olursa, seyahat ve ameliyat masraflar\u0131n\u0131 tekrar \u00f6demek zorunday\u0131m. Para biriktirme \u015fans\u0131m yok! Ger\u00e7ek: Klinik ikinci ameliyat\u0131 \u00fccretsiz olarak sunmaktad\u0131r. Premium teklifimiz sayesinde, ikinci ameliyat durumunda seyahat masraflar\u0131n\u0131z\u0131 kar\u015f\u0131l\u0131yoruz. Stereotip: Ne? T\u00fcrkiye&#8217;de lazer g\u00f6z ameliyat\u0131 m\u0131 oluyorsunuz? Deli misiniz?Ger\u00e7ek: L\u00fctfen memnun hastalar\u0131n yorumlar\u0131n\u0131 okuyun. Birinin &#8220;deli&#8221; mi yoksa &#8220;ak\u0131ll\u0131&#8221; m\u0131 oldu\u011funa kendiniz karar verebilirsiniz.<\/p>\n","protected":false},"author":4,"featured_media":0,"parent":5429,"menu_order":0,"comment_status":"closed","ping_status":"closed","template":"","meta":{"_joinchat":[],"footnotes":""},"class_list":["post-5433","page","type-page","status-publish","hentry"],"acf":[],"_links":{"self":[{"href":"https:\/\/medicaltravel.ch\/tr\/wp-json\/wp\/v2\/pages\/5433","targetHints":{"allow":["GET"]}}],"collection":[{"href":"https:\/\/medicaltravel.ch\/tr\/wp-json\/wp\/v2\/pages"}],"about":[{"href":"https:\/\/medicaltravel.ch\/tr\/wp-json\/wp\/v2\/types\/page"}],"author":[{"embeddable":true,"href":"https:\/\/medicaltravel.ch\/tr\/wp-json\/wp\/v2\/users\/4"}],"replies":[{"embeddable":true,"href":"https:\/\/medicaltravel.ch\/tr\/wp-json\/wp\/v2\/comments?post=5433"}],"version-history":[{"count":0,"href":"https:\/\/medicaltravel.ch\/tr\/wp-json\/wp\/v2\/pages\/5433\/revisions"}],"up":[{"embeddable":true,"href":"https:\/\/medicaltravel.ch\/tr\/wp-json\/wp\/v2\/pages\/5429"}],"wp:attachment":[{"href":"https:\/\/medicaltravel.ch\/tr\/wp-json\/wp\/v2\/media?parent=5433"}],"curies":[{"name":"wp","href":"https:\/\/api.w.org\/{rel}","templated":true}]}}