{"id":5558,"date":"2025-09-22T14:27:14","date_gmt":"2025-09-22T13:27:14","guid":{"rendered":"https:\/\/medicaltravel.ch\/23-nisan-2020-yorum-yok\/"},"modified":"2026-01-04T19:26:23","modified_gmt":"2026-01-04T18:26:23","slug":"23-nisan-2020-yorum-yok","status":"publish","type":"page","link":"https:\/\/medicaltravel.ch\/tr\/yil-2020\/ay-nisan-2020\/tarih-23-nisan-2020\/23-nisan-2020-yorum-yok\/","title":{"rendered":"23 Nisan 2020 | Yorum Yok"},"content":{"rendered":"\n<h2 class=\"wp-block-heading\">31 Ocak 2026&#8217;da Zug&#8217;da \u0130sti\u015fare G\u00fcn\u00fc<\/h2>\n\n<p>\u0130stanbul&#8217;da g\u00fczellik bak\u0131mlar\u0131 ve sa\u00e7 ekimi konusunda \u00fccretsiz, ki\u015fisel ve ba\u011flay\u0131c\u0131 olmayan tavsiyeler al\u0131n.<\/p>\n\n<p><strong>Say\u0131n ilgili taraflar<\/strong><\/p>\n\n<p>Zug \u015fehrinde, uzman doktorumuz Prof. Dr. Kayiran (T\u00fcrkiye&#8217;de bu unvan\u0131 ta\u015f\u0131maktad\u0131r) ile <a href=\"https:\/\/www.medicaltravel.ch\/schoenheitsoperation\/turkei-istanbul-schoenheitsreisen\/\">g\u00fczellik bak\u0131mlar\u0131<\/a> ve sa\u00e7 ekimi konusunda \u00fccretsiz dan\u0131\u015fmanl\u0131k hizmeti sunuyoruz.<\/p>\n\n<p>Lazer g\u00f6z tarama kontrolleri de \u00fccretsiz olarak sunulmaktad\u0131r.<\/p>\n\n<p>Dan\u0131\u015fmanl\u0131k g\u00f6r\u00fc\u015fmeleri \u00fccretsiz, ba\u011flay\u0131c\u0131 olmayan ve ki\u015fiye \u00f6zeldir. (Grup g\u00f6r\u00fc\u015fmeleri yap\u0131lmamaktad\u0131r.) <\/p>\n\n<p>HEMEN KAYDOLUN VE AVANTAJLARDAN YARARLANIN!<br\/>Randevu talebinizi <a href=\"https:\/\/www.medicaltravel.ch\/kontakt\/\">buradan<\/a>, <a href=\"mailto:info@medicaltravel.net\">info@medicaltravel.net <\/a>adresinden veya <a href=\"https:\/\/wa.me\/41787373541\" target=\"_blank\" rel=\"noreferrer noopener nofollow\">WhatsApp (+41 78 737 35 41)<\/a> \u00fczerinden bekliyoruz.<br\/>MedicalTravel Ekibiniz<\/p>\n\n<p><a href=\"https:\/\/www.medicaltravel.ch\/category\/uncategorized-de\/\">Kategorilendirilmemi\u015f<\/a><\/p>\n\n<figure class=\"wp-block-image size-full\"><img fetchpriority=\"high\" decoding=\"async\" width=\"639\" height=\"640\" src=\"https:\/\/medicaltravel.ch\/wp-content\/uploads\/2025\/09\/Fotolia_67623581_XXL_gesicht-Kopie-639x640-4.jpg\" alt=\"T&#xFC;rkiye'de g&#xFC;zellik bak&#x131;mlar&#x131;\" class=\"wp-image-248\" srcset=\"https:\/\/medicaltravel.ch\/wp-content\/uploads\/2025\/09\/Fotolia_67623581_XXL_gesicht-Kopie-639x640-4.jpg 639w, https:\/\/medicaltravel.ch\/wp-content\/uploads\/2025\/09\/Fotolia_67623581_XXL_gesicht-Kopie-639x640-4-300x300.jpg 300w, https:\/\/medicaltravel.ch\/wp-content\/uploads\/2025\/09\/Fotolia_67623581_XXL_gesicht-Kopie-639x640-4-150x150.jpg 150w\" sizes=\"(max-width: 639px) 100vw, 639px\" \/><\/figure>\n","protected":false},"excerpt":{"rendered":"<p>31 Ocak 2026&#8217;da Zug&#8217;da \u0130sti\u015fare G\u00fcn\u00fc \u0130stanbul&#8217;da g\u00fczellik bak\u0131mlar\u0131 ve sa\u00e7 ekimi konusunda \u00fccretsiz, ki\u015fisel ve ba\u011flay\u0131c\u0131 olmayan tavsiyeler al\u0131n. Say\u0131n ilgili taraflar Zug \u015fehrinde, uzman doktorumuz Prof. Dr. Kayiran (T\u00fcrkiye&#8217;de bu unvan\u0131 ta\u015f\u0131maktad\u0131r) ile g\u00fczellik bak\u0131mlar\u0131 ve sa\u00e7 ekimi konusunda \u00fccretsiz dan\u0131\u015fmanl\u0131k hizmeti sunuyoruz. Lazer g\u00f6z tarama kontrolleri de \u00fccretsiz olarak sunulmaktad\u0131r. Dan\u0131\u015fmanl\u0131k g\u00f6r\u00fc\u015fmeleri \u00fccretsiz, ba\u011flay\u0131c\u0131 olmayan ve ki\u015fiye \u00f6zeldir. (Grup g\u00f6r\u00fc\u015fmeleri yap\u0131lmamaktad\u0131r.) HEMEN KAYDOLUN VE AVANTAJLARDAN YARARLANIN!Randevu talebinizi buradan, info@medicaltravel.net adresinden veya WhatsApp (+41 78 737 35 41) \u00fczerinden bekliyoruz.MedicalTravel Ekibiniz Kategorilendirilmemi\u015f<\/p>\n","protected":false},"author":4,"featured_media":0,"parent":5568,"menu_order":0,"comment_status":"closed","ping_status":"closed","template":"","meta":{"_joinchat":[],"footnotes":""},"class_list":["post-5558","page","type-page","status-publish","hentry"],"acf":[],"_links":{"self":[{"href":"https:\/\/medicaltravel.ch\/tr\/wp-json\/wp\/v2\/pages\/5558","targetHints":{"allow":["GET"]}}],"collection":[{"href":"https:\/\/medicaltravel.ch\/tr\/wp-json\/wp\/v2\/pages"}],"about":[{"href":"https:\/\/medicaltravel.ch\/tr\/wp-json\/wp\/v2\/types\/page"}],"author":[{"embeddable":true,"href":"https:\/\/medicaltravel.ch\/tr\/wp-json\/wp\/v2\/users\/4"}],"replies":[{"embeddable":true,"href":"https:\/\/medicaltravel.ch\/tr\/wp-json\/wp\/v2\/comments?post=5558"}],"version-history":[{"count":0,"href":"https:\/\/medicaltravel.ch\/tr\/wp-json\/wp\/v2\/pages\/5558\/revisions"}],"up":[{"embeddable":true,"href":"https:\/\/medicaltravel.ch\/tr\/wp-json\/wp\/v2\/pages\/5568"}],"wp:attachment":[{"href":"https:\/\/medicaltravel.ch\/tr\/wp-json\/wp\/v2\/media?parent=5558"}],"curies":[{"name":"wp","href":"https:\/\/api.w.org\/{rel}","templated":true}]}}